{"id":37560,"date":"2025-04-04T14:06:23","date_gmt":"2025-04-04T13:06:23","guid":{"rendered":"https:\/\/visitaltotamegaebarroso.pt\/events\/ribeira-de-pena-semana-de-la-interculturalidad\/"},"modified":"2025-04-04T14:06:23","modified_gmt":"2025-04-04T13:06:23","slug":"ribeira-de-pena-semana-de-la-interculturalidad","status":"publish","type":"mec-events","link":"https:\/\/visitaltotamegaebarroso.pt\/es\/events\/ribeira-de-pena-semana-de-la-interculturalidad\/","title":{"rendered":"Ribeira de Pena | Semana de la Interculturalidad"},"content":{"rendered":"<p>Del 1 al 13 de abril tendr\u00e1 lugar una nueva edici\u00f3n de la Semana de la Interculturalidad, una iniciativa promovida por EAPN Portugal desde 2014, con el objetivo de sensibilizar sobre una sociedad m\u00e1s inclusiva, basada en la solidaridad, la igualdad, el respeto a la diversidad y la no discriminaci\u00f3n.<\/p>\n<p>El Municipio de Ribeira de Pena se une a esta iniciativa a trav\u00e9s de la Red Social y del Proyecto Radar Social, en colaboraci\u00f3n con EAPN &#8211; Centro de Distrito de Vila Real, promoviendo la Sesi\u00f3n de Formaci\u00f3n:<\/p>\n<p>\u00abDi\u00e1logo Intercultural &#8211; Puentes para la Acogida\u00bb<\/p>\n<p>08 Abril | 09h30 &#8211; 12h00<br \/>\nCasa da Cultura &#8211; Museo Escolar (Rua Manuel Jos\u00e9 de Carvalho, n.\u00ba 14, Ribeira de Pena)<br \/>\nOrganizador: Miriam Gonzaga<br \/>\nP\u00fablico objetivo: Socios de Redes Sociales, profesionales del \u00e1rea social y comunidad en general<\/p>\n<p>ENTRADA GRATUITA &#8211; Es necesario inscribirse antes del 7 de abril.<\/p>\n<p>Creemos que la diversidad fortalece la ciudadan\u00eda y contribuye a una sociedad m\u00e1s justa y equilibrada. \u00a1\u00danase a nosotros en esta reflexi\u00f3n!<\/p>\n<p>\u00a1Para m\u00e1s informaci\u00f3n e inscripciones, p\u00f3ngase en contacto con nosotros por correo electr\u00f3nico: <a href=\"mailto:radar.social@cm-rpena.pt\">radar.social@cm-rpena.pt<\/a> o por tel\u00e9fono: 259 490 500!<\/p>\n","protected":false},"excerpt":{"rendered":"<p>Del 1 al 13 de abril tendr\u00e1 lugar una nueva edici\u00f3n de la Semana de la Interculturalidad, una iniciativa promovida por EAPN Portugal desde 2014, con el objetivo de sensibilizar sobre una sociedad m\u00e1s inclusiva, basada en la solidaridad, la [&hellip;]<\/p>\n","protected":false},"author":5,"featured_media":37556,"comment_status":"closed","ping_status":"closed","template":"","tags":[],"mec_category":[716],"_links":{"self":[{"href":"https:\/\/visitaltotamegaebarroso.pt\/es\/wp-json\/wp\/v2\/mec-events\/37560"}],"collection":[{"href":"https:\/\/visitaltotamegaebarroso.pt\/es\/wp-json\/wp\/v2\/mec-events"}],"about":[{"href":"https:\/\/visitaltotamegaebarroso.pt\/es\/wp-json\/wp\/v2\/types\/mec-events"}],"author":[{"embeddable":true,"href":"https:\/\/visitaltotamegaebarroso.pt\/es\/wp-json\/wp\/v2\/users\/5"}],"replies":[{"embeddable":true,"href":"https:\/\/visitaltotamegaebarroso.pt\/es\/wp-json\/wp\/v2\/comments?post=37560"}],"wp:featuredmedia":[{"embeddable":true,"href":"https:\/\/visitaltotamegaebarroso.pt\/es\/wp-json\/wp\/v2\/media\/37556"}],"wp:attachment":[{"href":"https:\/\/visitaltotamegaebarroso.pt\/es\/wp-json\/wp\/v2\/media?parent=37560"}],"wp:term":[{"taxonomy":"post_tag","embeddable":true,"href":"https:\/\/visitaltotamegaebarroso.pt\/es\/wp-json\/wp\/v2\/tags?post=37560"},{"taxonomy":"mec_category","embeddable":true,"href":"https:\/\/visitaltotamegaebarroso.pt\/es\/wp-json\/wp\/v2\/mec_category?post=37560"}],"curies":[{"name":"wp","href":"https:\/\/api.w.org\/{rel}","templated":true}]}}