{"id":37290,"date":"2025-03-26T11:44:56","date_gmt":"2025-03-26T11:44:56","guid":{"rendered":"https:\/\/visitaltotamegaebarroso.pt\/?post_type=mec-events&#038;p=37290"},"modified":"2025-03-26T12:01:22","modified_gmt":"2025-03-26T12:01:22","slug":"chaves-camarada-cunhal","status":"publish","type":"mec-events","link":"https:\/\/visitaltotamegaebarroso.pt\/es\/events\/chaves-camarada-cunhal\/","title":{"rendered":"Chaves | Camarada Cunhal"},"content":{"rendered":"<p>Julio de 1956. \u00c1lvaro Cunhal llega al Fuerte de Peniche y es internado en el pabell\u00f3n m\u00e1s moderno y seguro, considerado a prueba de fugas. A pesar del f\u00e9rreo control ejercido sobre los presos, \u00c1lvaro y sus camaradas consiguen organizar una peque\u00f1a comuna y apoyar a los detenidos m\u00e1s vulnerables mientras buscan la forma de escapar. La seguridad de la prisi\u00f3n se reforz\u00f3 tras la espectacular fuga de Dias Louren\u00e7o dos a\u00f1os antes, cuando el dirigente comunista salt\u00f3 desde el Segredo al mar en pleno invierno, nadando hacia la libertad. \u00c1lvaro lleva consigo seis cuadernos, en los que anota algunos de los episodios m\u00e1s duros de su vida, como el violento interrogatorio al que fue sometido durante su primera detenci\u00f3n, sus demenciales d\u00edas de aislamiento o la muerte de su hermano mayor. La rutina carcelaria es dif\u00edcil y repetitiva. Un d\u00eda, uno de sus compa\u00f1eros se da cuenta de que hay una vulnerabilidad en la seguridad del fuerte, que pueden aprovechar para escapar. Dentro y fuera de la prisi\u00f3n, se pone en marcha un plan de fuga&#8230;<\/p>\n","protected":false},"excerpt":{"rendered":"<p>Julio de 1956. \u00c1lvaro Cunhal llega al Fuerte de Peniche y es internado en el pabell\u00f3n m\u00e1s moderno y seguro, considerado a prueba de fugas. A pesar del f\u00e9rreo control ejercido sobre los presos, \u00c1lvaro y sus camaradas consiguen organizar [&hellip;]<\/p>\n","protected":false},"author":5,"featured_media":37285,"comment_status":"closed","ping_status":"closed","template":"","tags":[],"mec_category":[1316],"_links":{"self":[{"href":"https:\/\/visitaltotamegaebarroso.pt\/es\/wp-json\/wp\/v2\/mec-events\/37290"}],"collection":[{"href":"https:\/\/visitaltotamegaebarroso.pt\/es\/wp-json\/wp\/v2\/mec-events"}],"about":[{"href":"https:\/\/visitaltotamegaebarroso.pt\/es\/wp-json\/wp\/v2\/types\/mec-events"}],"author":[{"embeddable":true,"href":"https:\/\/visitaltotamegaebarroso.pt\/es\/wp-json\/wp\/v2\/users\/5"}],"replies":[{"embeddable":true,"href":"https:\/\/visitaltotamegaebarroso.pt\/es\/wp-json\/wp\/v2\/comments?post=37290"}],"wp:featuredmedia":[{"embeddable":true,"href":"https:\/\/visitaltotamegaebarroso.pt\/es\/wp-json\/wp\/v2\/media\/37285"}],"wp:attachment":[{"href":"https:\/\/visitaltotamegaebarroso.pt\/es\/wp-json\/wp\/v2\/media?parent=37290"}],"wp:term":[{"taxonomy":"post_tag","embeddable":true,"href":"https:\/\/visitaltotamegaebarroso.pt\/es\/wp-json\/wp\/v2\/tags?post=37290"},{"taxonomy":"mec_category","embeddable":true,"href":"https:\/\/visitaltotamegaebarroso.pt\/es\/wp-json\/wp\/v2\/mec_category?post=37290"}],"curies":[{"name":"wp","href":"https:\/\/api.w.org\/{rel}","templated":true}]}}