{"id":36829,"date":"2025-03-17T09:59:06","date_gmt":"2025-03-17T09:59:06","guid":{"rendered":"https:\/\/visitaltotamegaebarroso.pt\/events\/vila-pouca-de-aguiar-gaelle-solal\/"},"modified":"2025-03-17T09:59:06","modified_gmt":"2025-03-17T09:59:06","slug":"vila-pouca-de-aguiar-gaelle-solal","status":"publish","type":"mec-events","link":"https:\/\/visitaltotamegaebarroso.pt\/es\/events\/vila-pouca-de-aguiar-gaelle-solal\/","title":{"rendered":"Vila Pouca de Aguiar | Ga\u00eblle Solal"},"content":{"rendered":"<p>\u00a1El mes de marzo no terminar\u00e1 sin otro gran concierto en Vila Pouca de Aguiar!<\/p>\n<p>El 29 de marzo, Ga\u00eblle Solal actuar\u00e1 para el p\u00fablico de Aguiar (auditorio de la Santa Casa da Miseric\u00f3rdia, 21:30). Nacida en el seno de una familia mel\u00f3mana, Ga\u00eblle Solal (Francia) se adentr\u00f3 en el mundo de la guitarra desde muy joven y ha actuado en prestigiosos escenarios de m\u00e1s de cuarenta pa\u00edses. M\u00e1s apegada a la libertad que al dogma, se mueve con soltura de Bach a los Beatles, de la m\u00fasica contempor\u00e1nea a la barroca.<\/p>\n<p>Magos da Guitarra es el mayor festival de guitarra de Portugal, tanto por el n\u00famero de conciertos como por el territorio que abarca: 17 conciertos en 12 municipios.<\/p>\n<p>Est\u00e1 producido por De Mi Para Si, promotora cultural creadora de este Festival, que se celebra en Tr\u00e1s-os-Montes y Douro.<\/p>\n","protected":false},"excerpt":{"rendered":"<p>\u00a1El mes de marzo no terminar\u00e1 sin otro gran concierto en Vila Pouca de Aguiar! El 29 de marzo, Ga\u00eblle Solal actuar\u00e1 para el p\u00fablico de Aguiar (auditorio de la Santa Casa da Miseric\u00f3rdia, 21:30). Nacida en el seno de [&hellip;]<\/p>\n","protected":false},"author":5,"featured_media":36825,"comment_status":"closed","ping_status":"closed","template":"","tags":[],"mec_category":[1445],"_links":{"self":[{"href":"https:\/\/visitaltotamegaebarroso.pt\/es\/wp-json\/wp\/v2\/mec-events\/36829"}],"collection":[{"href":"https:\/\/visitaltotamegaebarroso.pt\/es\/wp-json\/wp\/v2\/mec-events"}],"about":[{"href":"https:\/\/visitaltotamegaebarroso.pt\/es\/wp-json\/wp\/v2\/types\/mec-events"}],"author":[{"embeddable":true,"href":"https:\/\/visitaltotamegaebarroso.pt\/es\/wp-json\/wp\/v2\/users\/5"}],"replies":[{"embeddable":true,"href":"https:\/\/visitaltotamegaebarroso.pt\/es\/wp-json\/wp\/v2\/comments?post=36829"}],"wp:featuredmedia":[{"embeddable":true,"href":"https:\/\/visitaltotamegaebarroso.pt\/es\/wp-json\/wp\/v2\/media\/36825"}],"wp:attachment":[{"href":"https:\/\/visitaltotamegaebarroso.pt\/es\/wp-json\/wp\/v2\/media?parent=36829"}],"wp:term":[{"taxonomy":"post_tag","embeddable":true,"href":"https:\/\/visitaltotamegaebarroso.pt\/es\/wp-json\/wp\/v2\/tags?post=36829"},{"taxonomy":"mec_category","embeddable":true,"href":"https:\/\/visitaltotamegaebarroso.pt\/es\/wp-json\/wp\/v2\/mec_category?post=36829"}],"curies":[{"name":"wp","href":"https:\/\/api.w.org\/{rel}","templated":true}]}}