{"id":36281,"date":"2025-02-08T09:55:35","date_gmt":"2025-02-08T09:55:35","guid":{"rendered":"https:\/\/visitaltotamegaebarroso.pt\/events\/montalegre-9a-edicion-de-la-comunidad-de-lectores\/"},"modified":"2025-02-08T09:55:35","modified_gmt":"2025-02-08T09:55:35","slug":"montalegre-9a-edicion-de-la-comunidad-de-lectores","status":"publish","type":"mec-events","link":"https:\/\/visitaltotamegaebarroso.pt\/es\/events\/montalegre-9a-edicion-de-la-comunidad-de-lectores\/","title":{"rendered":"Montalegre | 9\u00aa edici\u00f3n de la Comunidad de Lectores"},"content":{"rendered":"<p>El d\u00eda 19, a las 17h30, tendr\u00e1 lugar la 56\u00aa sesi\u00f3n de la Comunidad de Lectores de la Red de Casas do Conhecimento. Esta vez, acogida por la Casa do Conhecimento Montalegre (Biblioteca Municipal de Montalegre), la sesi\u00f3n estar\u00e1 dedicada al libro \u00abHist\u00f3rias da Vermelhinha\u00bb, de Bento da Cruz. Ser\u00e1 organizada por F\u00e1tima Fernandes, Alcaldesa de Montalegre.<\/p>\n<p>Inscr\u00edbase y acceda en l\u00ednea a esta sesi\u00f3n: <a href=\"https:\/\/goo.su\/Eu2q\">https:\/\/goo.su\/Eu2q<\/a><\/p>\n","protected":false},"excerpt":{"rendered":"<p>El d\u00eda 19, a las 17h30, tendr\u00e1 lugar la 56\u00aa sesi\u00f3n de la Comunidad de Lectores de la Red de Casas do Conhecimento. Esta vez, acogida por la Casa do Conhecimento Montalegre (Biblioteca Municipal de Montalegre), la sesi\u00f3n estar\u00e1 dedicada [&hellip;]<\/p>\n","protected":false},"author":5,"featured_media":36277,"comment_status":"closed","ping_status":"closed","template":"","tags":[],"mec_category":[716],"_links":{"self":[{"href":"https:\/\/visitaltotamegaebarroso.pt\/es\/wp-json\/wp\/v2\/mec-events\/36281"}],"collection":[{"href":"https:\/\/visitaltotamegaebarroso.pt\/es\/wp-json\/wp\/v2\/mec-events"}],"about":[{"href":"https:\/\/visitaltotamegaebarroso.pt\/es\/wp-json\/wp\/v2\/types\/mec-events"}],"author":[{"embeddable":true,"href":"https:\/\/visitaltotamegaebarroso.pt\/es\/wp-json\/wp\/v2\/users\/5"}],"replies":[{"embeddable":true,"href":"https:\/\/visitaltotamegaebarroso.pt\/es\/wp-json\/wp\/v2\/comments?post=36281"}],"wp:featuredmedia":[{"embeddable":true,"href":"https:\/\/visitaltotamegaebarroso.pt\/es\/wp-json\/wp\/v2\/media\/36277"}],"wp:attachment":[{"href":"https:\/\/visitaltotamegaebarroso.pt\/es\/wp-json\/wp\/v2\/media?parent=36281"}],"wp:term":[{"taxonomy":"post_tag","embeddable":true,"href":"https:\/\/visitaltotamegaebarroso.pt\/es\/wp-json\/wp\/v2\/tags?post=36281"},{"taxonomy":"mec_category","embeddable":true,"href":"https:\/\/visitaltotamegaebarroso.pt\/es\/wp-json\/wp\/v2\/mec_category?post=36281"}],"curies":[{"name":"wp","href":"https:\/\/api.w.org\/{rel}","templated":true}]}}