{"id":35998,"date":"2025-01-24T14:33:46","date_gmt":"2025-01-24T14:33:46","guid":{"rendered":"https:\/\/visitaltotamegaebarroso.pt\/events\/chaves-5o-encuentro-de-cantantes-janeiras\/"},"modified":"2025-01-24T14:33:46","modified_gmt":"2025-01-24T14:33:46","slug":"chaves-5o-encuentro-de-cantantes-janeiras","status":"publish","type":"mec-events","link":"https:\/\/visitaltotamegaebarroso.pt\/es\/events\/chaves-5o-encuentro-de-cantantes-janeiras\/","title":{"rendered":"Chaves | 5\u00ba Encuentro de Cantantes Janeiras"},"content":{"rendered":"<p>El 5\u00ba Encuentro de Cantores de Janeiras contar\u00e1 con la participaci\u00f3n de 11 grupos de canto, en una de las m\u00e1s bellas tradiciones del inicio del a\u00f1o. El objetivo del evento es dar a conocer los grupos de canto de la regi\u00f3n a la poblaci\u00f3n de Flavi y al p\u00fablico en general, para que este rico patrimonio cultural no se pierda.<\/p>\n<p>Consulte la noticia completa en <a href=\"https:\/\/www.chaves.pt\/pages\/314?news_id=2862\">https:\/\/www.chaves.pt\/pages\/314?news_id=2862<\/a><\/p>\n","protected":false},"excerpt":{"rendered":"<p>El 5\u00ba Encuentro de Cantores de Janeiras contar\u00e1 con la participaci\u00f3n de 11 grupos de canto, en una de las m\u00e1s bellas tradiciones del inicio del a\u00f1o. El objetivo del evento es dar a conocer los grupos de canto de [&hellip;]<\/p>\n","protected":false},"author":5,"featured_media":35994,"comment_status":"closed","ping_status":"closed","template":"","tags":[],"mec_category":[1445],"_links":{"self":[{"href":"https:\/\/visitaltotamegaebarroso.pt\/es\/wp-json\/wp\/v2\/mec-events\/35998"}],"collection":[{"href":"https:\/\/visitaltotamegaebarroso.pt\/es\/wp-json\/wp\/v2\/mec-events"}],"about":[{"href":"https:\/\/visitaltotamegaebarroso.pt\/es\/wp-json\/wp\/v2\/types\/mec-events"}],"author":[{"embeddable":true,"href":"https:\/\/visitaltotamegaebarroso.pt\/es\/wp-json\/wp\/v2\/users\/5"}],"replies":[{"embeddable":true,"href":"https:\/\/visitaltotamegaebarroso.pt\/es\/wp-json\/wp\/v2\/comments?post=35998"}],"wp:featuredmedia":[{"embeddable":true,"href":"https:\/\/visitaltotamegaebarroso.pt\/es\/wp-json\/wp\/v2\/media\/35994"}],"wp:attachment":[{"href":"https:\/\/visitaltotamegaebarroso.pt\/es\/wp-json\/wp\/v2\/media?parent=35998"}],"wp:term":[{"taxonomy":"post_tag","embeddable":true,"href":"https:\/\/visitaltotamegaebarroso.pt\/es\/wp-json\/wp\/v2\/tags?post=35998"},{"taxonomy":"mec_category","embeddable":true,"href":"https:\/\/visitaltotamegaebarroso.pt\/es\/wp-json\/wp\/v2\/mec_category?post=35998"}],"curies":[{"name":"wp","href":"https:\/\/api.w.org\/{rel}","templated":true}]}}