{"id":34803,"date":"2024-11-27T11:07:47","date_gmt":"2024-11-27T11:07:47","guid":{"rendered":"https:\/\/visitaltotamegaebarroso.pt\/?post_type=mec-events&#038;p=34803"},"modified":"2024-11-27T11:13:46","modified_gmt":"2024-11-27T11:13:46","slug":"chaves-hijo-de-mama","status":"publish","type":"mec-events","link":"https:\/\/visitaltotamegaebarroso.pt\/es\/events\/chaves-hijo-de-mama\/","title":{"rendered":"Chaves | Hijo de Mam\u00e1"},"content":{"rendered":"<p>La Sala Amarela recibe a Filho da M\u00e3e, el nombre luchador del m\u00fasico Rui Carvalho.<br \/>\nSu m\u00fasica nos trae tanto la melancol\u00eda del folk como la electricidad del rock, la sutileza de la ac\u00fastica ante la complejidad de las composiciones, desde el rasgueo fren\u00e9tico de la guitarra hasta la manipulaci\u00f3n ejemplar de sus loops. Filho da m\u00e3e debuta en Chaves en una noche en la que el fr\u00edo se queda fuera para dar paso a nuevas y viejas canciones de una carrera que ya abarca cinco magn\u00edficos \u00e1lbumes. Entradas y m\u00e1s informaci\u00f3n en indieror.pt. Entrada: 5<br \/>\nActividad desarrollada en colaboraci\u00f3n con el Ayuntamiento de Chaves en el marco del Protocolo de Colaboraci\u00f3n para el Desarrollo Cultural para este a\u00f1o.<br \/>\nOrganiza: INDIEROR<br \/>\nApoyo: Ayuntamiento de Chaves<\/p>\n","protected":false},"excerpt":{"rendered":"<p>La Sala Amarela recibe a Filho da M\u00e3e, el nombre luchador del m\u00fasico Rui Carvalho. Su m\u00fasica nos trae tanto la melancol\u00eda del folk como la electricidad del rock, la sutileza de la ac\u00fastica ante la complejidad de las composiciones, [&hellip;]<\/p>\n","protected":false},"author":5,"featured_media":31303,"comment_status":"closed","ping_status":"closed","template":"","tags":[],"mec_category":[1445],"_links":{"self":[{"href":"https:\/\/visitaltotamegaebarroso.pt\/es\/wp-json\/wp\/v2\/mec-events\/34803"}],"collection":[{"href":"https:\/\/visitaltotamegaebarroso.pt\/es\/wp-json\/wp\/v2\/mec-events"}],"about":[{"href":"https:\/\/visitaltotamegaebarroso.pt\/es\/wp-json\/wp\/v2\/types\/mec-events"}],"author":[{"embeddable":true,"href":"https:\/\/visitaltotamegaebarroso.pt\/es\/wp-json\/wp\/v2\/users\/5"}],"replies":[{"embeddable":true,"href":"https:\/\/visitaltotamegaebarroso.pt\/es\/wp-json\/wp\/v2\/comments?post=34803"}],"wp:featuredmedia":[{"embeddable":true,"href":"https:\/\/visitaltotamegaebarroso.pt\/es\/wp-json\/wp\/v2\/media\/31303"}],"wp:attachment":[{"href":"https:\/\/visitaltotamegaebarroso.pt\/es\/wp-json\/wp\/v2\/media?parent=34803"}],"wp:term":[{"taxonomy":"post_tag","embeddable":true,"href":"https:\/\/visitaltotamegaebarroso.pt\/es\/wp-json\/wp\/v2\/tags?post=34803"},{"taxonomy":"mec_category","embeddable":true,"href":"https:\/\/visitaltotamegaebarroso.pt\/es\/wp-json\/wp\/v2\/mec_category?post=34803"}],"curies":[{"name":"wp","href":"https:\/\/api.w.org\/{rel}","templated":true}]}}