{"id":34322,"date":"2024-11-08T14:11:05","date_gmt":"2024-11-08T14:11:05","guid":{"rendered":"https:\/\/visitaltotamegaebarroso.pt\/?post_type=mec-events&#038;p=34322"},"modified":"2024-11-15T12:26:32","modified_gmt":"2024-11-15T12:26:32","slug":"paseo-otonal","status":"publish","type":"mec-events","link":"https:\/\/visitaltotamegaebarroso.pt\/es\/events\/paseo-otonal\/","title":{"rendered":"Ribeira de Pena | Paseo oto\u00f1al"},"content":{"rendered":"<p>PASEO DE OTO\u00d1O POR EL BOSQUE AUT\u00d3CTONO<\/p>\n<p>El Ayuntamiento de Ribeira de Pena promueve la Caminata de Oto\u00f1o por el Bosque Aut\u00f3ctono el 23 de noviembre.<\/p>\n<p>El punto de encuentro es a las 9 de la ma\u00f1ana en el Parque de Ocio de Madragoso, en Cerva.<\/p>\n<p>El recorrido es de unos 6 kil\u00f3metros por el bosque e incluye observaci\u00f3n micol\u00f3gica.<\/p>\n<p>El 23 de noviembre se celebra el D\u00eda del Bosque Aut\u00f3ctono, una fecha que pone de relieve la importancia de las especies arb\u00f3reas aut\u00f3ctonas para la biodiversidad y la sostenibilidad de los ecosistemas.<\/p>\n<p>Estos bosques, adaptados al suelo y al clima local, proporcionan h\u00e1bitat a la fauna y protegen el suelo de la erosi\u00f3n, al tiempo que contribuyen a regular la calidad del agua y del aire.<\/p>\n<p>Esta iniciativa pretende concienciar sobre la conservaci\u00f3n y recuperaci\u00f3n de los bosques aut\u00f3ctonos, esenciales para la resiliencia medioambiental, y alertar sobre los impactos de las especies invasoras.<\/p>\n<p>\u00danete a nosotros, inscr\u00edbete antes del 19 de noviembre en<\/p>\n<p><a href=\"https:\/\/forms.gle\/F7BnrjJ1BNLkXAAT8?fbclid=IwZXh0bgNhZW0CMTAAAR1YGu9N33OD8L0joXeJlS7fQMXv8k7cnPfvF2GOVUUq0Dau7MMncGX-L7E_aem_bZwcgJbk9JPVQ2g-0X5Acg\"><b>https:\/\/forms.gle\/F7BnrjJ1BNLkXAAT8<\/b><\/a><\/p>\n<p>gtf@cm-rpena.pt<\/p>\n<p>962251861<\/p>\n","protected":false},"excerpt":{"rendered":"<p>PASEO DE OTO\u00d1O POR EL BOSQUE AUT\u00d3CTONO El Ayuntamiento de Ribeira de Pena promueve la Caminata de Oto\u00f1o por el Bosque Aut\u00f3ctono el 23 de noviembre. El punto de encuentro es a las 9 de la ma\u00f1ana en el Parque [&hellip;]<\/p>\n","protected":false},"author":5,"featured_media":34318,"comment_status":"closed","ping_status":"closed","template":"","tags":[],"mec_category":[720],"_links":{"self":[{"href":"https:\/\/visitaltotamegaebarroso.pt\/es\/wp-json\/wp\/v2\/mec-events\/34322"}],"collection":[{"href":"https:\/\/visitaltotamegaebarroso.pt\/es\/wp-json\/wp\/v2\/mec-events"}],"about":[{"href":"https:\/\/visitaltotamegaebarroso.pt\/es\/wp-json\/wp\/v2\/types\/mec-events"}],"author":[{"embeddable":true,"href":"https:\/\/visitaltotamegaebarroso.pt\/es\/wp-json\/wp\/v2\/users\/5"}],"replies":[{"embeddable":true,"href":"https:\/\/visitaltotamegaebarroso.pt\/es\/wp-json\/wp\/v2\/comments?post=34322"}],"wp:featuredmedia":[{"embeddable":true,"href":"https:\/\/visitaltotamegaebarroso.pt\/es\/wp-json\/wp\/v2\/media\/34318"}],"wp:attachment":[{"href":"https:\/\/visitaltotamegaebarroso.pt\/es\/wp-json\/wp\/v2\/media?parent=34322"}],"wp:term":[{"taxonomy":"post_tag","embeddable":true,"href":"https:\/\/visitaltotamegaebarroso.pt\/es\/wp-json\/wp\/v2\/tags?post=34322"},{"taxonomy":"mec_category","embeddable":true,"href":"https:\/\/visitaltotamegaebarroso.pt\/es\/wp-json\/wp\/v2\/mec_category?post=34322"}],"curies":[{"name":"wp","href":"https:\/\/api.w.org\/{rel}","templated":true}]}}