{"id":33946,"date":"2024-10-28T09:50:43","date_gmt":"2024-10-28T09:50:43","guid":{"rendered":"https:\/\/visitaltotamegaebarroso.pt\/events\/chaves-presentacion-del-libro-nada-muda-tudo\/"},"modified":"2024-10-28T09:50:43","modified_gmt":"2024-10-28T09:50:43","slug":"chaves-presentacion-del-libro-nada-muda-tudo","status":"publish","type":"mec-events","link":"https:\/\/visitaltotamegaebarroso.pt\/es\/events\/chaves-presentacion-del-libro-nada-muda-tudo\/","title":{"rendered":"Chaves | Presentaci\u00f3n del libro &#8216;Nada Muda Tudo&#8217;"},"content":{"rendered":"<p>El \u00faltimo libro de J.B. C\u00e9sar, titulado \u00abNada Muda Tudo\u00bb, ser\u00e1 presentado en Chaves el d\u00eda 2 de noviembre, en el Museu da Regi\u00e3o Flaviense, a las 16h00.<br \/>\nSeg\u00fan el profesor y escritor Manuel Ant\u00f3nio Ara\u00fajo, que presentar\u00e1 la obra, \u00abla ant\u00edtesis del t\u00edtulo de esta novela puede considerarse un resumen del n\u00facleo dieg\u00e9tico de la obra. La creencia y la incredulidad, lo espiritual y lo temporal, lo esot\u00e9rico y lo lapidario\u00bb.<br \/>\nEl narrador invita al lector a disfrutar del camino esot\u00e9rico de las ampollas que iluminan las almas de los necios y de los bienaventurados, regal\u00e1ndoles la nada escatol\u00f3gica que contienen. Oposici\u00f3n entre fe y racionalidad, entre seriedad y pantomima, entre codicia y pobreza, hasta la promiscuidad de la religi\u00f3n con el dinero\u00bb.<br \/>\nJ. B. C\u00e9sar naci\u00f3 en 1955 en Chaves. Fue fundador y director de la radio Antena Radiante, del Jornal de Chaves y del Seman\u00e1rio Transmontano. Como periodista profesional, fue colaborador del \u00abJornal de Not\u00edcias\u00bb, del \u00abCom\u00e9rcio do Porto\u00bb y del diario \u00abLa Regi\u00f3n\u00bb, de Ourense (Galicia). En 2013 public\u00f3 su primera novela, \u00abClaro que n\u00e3o, antes pelo contr\u00e1rio\u00bb. En 2018 gan\u00f3 el Premio Literario Bento da Cruz por \u00abCuesta la verdad renunciar a los chuletones\u00bb.<\/p>\n","protected":false},"excerpt":{"rendered":"<p>El \u00faltimo libro de J.B. C\u00e9sar, titulado \u00abNada Muda Tudo\u00bb, ser\u00e1 presentado en Chaves el d\u00eda 2 de noviembre, en el Museu da Regi\u00e3o Flaviense, a las 16h00. Seg\u00fan el profesor y escritor Manuel Ant\u00f3nio Ara\u00fajo, que presentar\u00e1 la obra, [&hellip;]<\/p>\n","protected":false},"author":5,"featured_media":33942,"comment_status":"closed","ping_status":"closed","template":"","tags":[],"mec_category":[716],"_links":{"self":[{"href":"https:\/\/visitaltotamegaebarroso.pt\/es\/wp-json\/wp\/v2\/mec-events\/33946"}],"collection":[{"href":"https:\/\/visitaltotamegaebarroso.pt\/es\/wp-json\/wp\/v2\/mec-events"}],"about":[{"href":"https:\/\/visitaltotamegaebarroso.pt\/es\/wp-json\/wp\/v2\/types\/mec-events"}],"author":[{"embeddable":true,"href":"https:\/\/visitaltotamegaebarroso.pt\/es\/wp-json\/wp\/v2\/users\/5"}],"replies":[{"embeddable":true,"href":"https:\/\/visitaltotamegaebarroso.pt\/es\/wp-json\/wp\/v2\/comments?post=33946"}],"wp:featuredmedia":[{"embeddable":true,"href":"https:\/\/visitaltotamegaebarroso.pt\/es\/wp-json\/wp\/v2\/media\/33942"}],"wp:attachment":[{"href":"https:\/\/visitaltotamegaebarroso.pt\/es\/wp-json\/wp\/v2\/media?parent=33946"}],"wp:term":[{"taxonomy":"post_tag","embeddable":true,"href":"https:\/\/visitaltotamegaebarroso.pt\/es\/wp-json\/wp\/v2\/tags?post=33946"},{"taxonomy":"mec_category","embeddable":true,"href":"https:\/\/visitaltotamegaebarroso.pt\/es\/wp-json\/wp\/v2\/mec_category?post=33946"}],"curies":[{"name":"wp","href":"https:\/\/api.w.org\/{rel}","templated":true}]}}