{"id":33786,"date":"2024-10-23T09:51:14","date_gmt":"2024-10-23T08:51:14","guid":{"rendered":"https:\/\/visitaltotamegaebarroso.pt\/?post_type=mec-events&#038;p=33786"},"modified":"2024-10-23T10:10:50","modified_gmt":"2024-10-23T09:10:50","slug":"salon-gastronomico-cabrito-castanas-y-setas","status":"publish","type":"mec-events","link":"https:\/\/visitaltotamegaebarroso.pt\/es\/events\/salon-gastronomico-cabrito-castanas-y-setas\/","title":{"rendered":"Sal\u00f3n Gastron\u00f3mico &#8211; Cabrito, Casta\u00f1as y Setas"},"content":{"rendered":"<p>El men\u00fa de oto\u00f1o es apetitoso: miscarada, cabrito con casta\u00f1as, veloute de perdiz, arroz de setas y m\u00e1s platos sabrosos; en cuanto a los dulces, el pudin de casta\u00f1as y la miel de brezo son algunas de las delicias que se ofrecen en la Muestra Gastron\u00f3mica Vila Pouca de Aguiar, que tendr\u00e1 lugar los d\u00edas 1, 2 y 3 de noviembre.<br \/>\nLas comidas se servir\u00e1n en los restaurantes participantes. La Muestra Gastron\u00f3mica destaca el cabrito, las casta\u00f1as y las setas, pero tambi\u00e9n hay productos locales en el men\u00fa, como la ternera maronesa y las patatas de monta\u00f1a.<br \/>\nJunto a la muestra gastron\u00f3mica, el primer fin de semana de noviembre tendr\u00e1 lugar en el Mercado Municipal la Feria de Productos de Oto\u00f1o, donde se podr\u00e1n adquirir los mejores productos de esta \u00e9poca del a\u00f1o;<br \/>\nEl evento gastron\u00f3mico est\u00e1 organizado por el ayuntamiento y EHATB. \u00a1El viaje a los mejores sabores de Vila Pouca de Aguiar es corto y seguro hasta la buena mesa de Tr\u00e1s-os-Montes!<\/p>\n<p>&nbsp;<\/p>\n<p><a href=\"https:\/\/cm-vpaguiar.pt\/wp-content\/uploads\/2020\/11\/DESD-EMENTAS.jpg\"><strong>Consulte aqu\u00ed los men\u00fas<\/strong><\/a><\/p>\n","protected":false},"excerpt":{"rendered":"<p>El men\u00fa de oto\u00f1o es apetitoso: miscarada, cabrito con casta\u00f1as, veloute de perdiz, arroz de setas y m\u00e1s platos sabrosos; en cuanto a los dulces, el pudin de casta\u00f1as y la miel de brezo son algunas de las delicias que [&hellip;]<\/p>\n","protected":false},"author":5,"featured_media":33837,"comment_status":"closed","ping_status":"closed","template":"","tags":[],"mec_category":[724],"_links":{"self":[{"href":"https:\/\/visitaltotamegaebarroso.pt\/es\/wp-json\/wp\/v2\/mec-events\/33786"}],"collection":[{"href":"https:\/\/visitaltotamegaebarroso.pt\/es\/wp-json\/wp\/v2\/mec-events"}],"about":[{"href":"https:\/\/visitaltotamegaebarroso.pt\/es\/wp-json\/wp\/v2\/types\/mec-events"}],"author":[{"embeddable":true,"href":"https:\/\/visitaltotamegaebarroso.pt\/es\/wp-json\/wp\/v2\/users\/5"}],"replies":[{"embeddable":true,"href":"https:\/\/visitaltotamegaebarroso.pt\/es\/wp-json\/wp\/v2\/comments?post=33786"}],"wp:featuredmedia":[{"embeddable":true,"href":"https:\/\/visitaltotamegaebarroso.pt\/es\/wp-json\/wp\/v2\/media\/33837"}],"wp:attachment":[{"href":"https:\/\/visitaltotamegaebarroso.pt\/es\/wp-json\/wp\/v2\/media?parent=33786"}],"wp:term":[{"taxonomy":"post_tag","embeddable":true,"href":"https:\/\/visitaltotamegaebarroso.pt\/es\/wp-json\/wp\/v2\/tags?post=33786"},{"taxonomy":"mec_category","embeddable":true,"href":"https:\/\/visitaltotamegaebarroso.pt\/es\/wp-json\/wp\/v2\/mec_category?post=33786"}],"curies":[{"name":"wp","href":"https:\/\/api.w.org\/{rel}","templated":true}]}}