{"id":33536,"date":"2024-10-11T11:41:15","date_gmt":"2024-10-11T10:41:15","guid":{"rendered":"https:\/\/visitaltotamegaebarroso.pt\/?post_type=mec-events&#038;p=33536"},"modified":"2024-10-11T11:47:36","modified_gmt":"2024-10-11T10:47:36","slug":"joshua-benoliel","status":"publish","type":"mec-events","link":"https:\/\/visitaltotamegaebarroso.pt\/es\/events\/joshua-benoliel\/","title":{"rendered":"Joshua Benoliel"},"content":{"rendered":"<p>El d\u00eda 20 se inaugura la exposici\u00f3n documental de fotograf\u00edas de Joshua Benoliel, fotoperiodista considerado por muchos el padre del fotoperiodismo en Portugal. Se trata de una exposici\u00f3n itinerante promovida por la Divisi\u00f3n de Museos y Ciudadan\u00eda de la Asamblea de la Rep\u00fablica. Los visitantes podr\u00e1n contemplar los registros fotogr\u00e1ficos realizados por el autor entre 1906 y 1924, que retratan un periodo especialmente importante de la vida pol\u00edtica portuguesa.<\/p>\n<p>Joshua Benoliel naci\u00f3 en 1873 en Lisboa, en el seno de una familia jud\u00eda. Fue reportero gr\u00e1fico durante los reinados de Carlos y Manuel II, sigui\u00f3 los acontecimientos que condujeron a la revoluci\u00f3n de 1910, las revueltas mon\u00e1rquicas de la Primera Rep\u00fablica y acompa\u00f1\u00f3 al ej\u00e9rcito portugu\u00e9s que combati\u00f3 en Flandes durante la Primera Guerra Mundial.<\/p>\n","protected":false},"excerpt":{"rendered":"<p>El d\u00eda 20 se inaugura la exposici\u00f3n documental de fotograf\u00edas de Joshua Benoliel, fotoperiodista considerado por muchos el padre del fotoperiodismo en Portugal. Se trata de una exposici\u00f3n itinerante promovida por la Divisi\u00f3n de Museos y Ciudadan\u00eda de la Asamblea [&hellip;]<\/p>\n","protected":false},"author":5,"featured_media":33532,"comment_status":"closed","ping_status":"closed","template":"","tags":[],"mec_category":[716],"_links":{"self":[{"href":"https:\/\/visitaltotamegaebarroso.pt\/es\/wp-json\/wp\/v2\/mec-events\/33536"}],"collection":[{"href":"https:\/\/visitaltotamegaebarroso.pt\/es\/wp-json\/wp\/v2\/mec-events"}],"about":[{"href":"https:\/\/visitaltotamegaebarroso.pt\/es\/wp-json\/wp\/v2\/types\/mec-events"}],"author":[{"embeddable":true,"href":"https:\/\/visitaltotamegaebarroso.pt\/es\/wp-json\/wp\/v2\/users\/5"}],"replies":[{"embeddable":true,"href":"https:\/\/visitaltotamegaebarroso.pt\/es\/wp-json\/wp\/v2\/comments?post=33536"}],"wp:featuredmedia":[{"embeddable":true,"href":"https:\/\/visitaltotamegaebarroso.pt\/es\/wp-json\/wp\/v2\/media\/33532"}],"wp:attachment":[{"href":"https:\/\/visitaltotamegaebarroso.pt\/es\/wp-json\/wp\/v2\/media?parent=33536"}],"wp:term":[{"taxonomy":"post_tag","embeddable":true,"href":"https:\/\/visitaltotamegaebarroso.pt\/es\/wp-json\/wp\/v2\/tags?post=33536"},{"taxonomy":"mec_category","embeddable":true,"href":"https:\/\/visitaltotamegaebarroso.pt\/es\/wp-json\/wp\/v2\/mec_category?post=33536"}],"curies":[{"name":"wp","href":"https:\/\/api.w.org\/{rel}","templated":true}]}}