{"id":32495,"date":"2024-09-12T19:16:10","date_gmt":"2024-09-12T18:16:10","guid":{"rendered":"https:\/\/visitaltotamegaebarroso.pt\/events\/chaves-fiestas-en-honor-de-nuestra-senora-de-gracia\/"},"modified":"2024-09-12T19:16:10","modified_gmt":"2024-09-12T18:16:10","slug":"chaves-fiestas-en-honor-de-nuestra-senora-de-gracia","status":"publish","type":"mec-events","link":"https:\/\/visitaltotamegaebarroso.pt\/es\/events\/chaves-fiestas-en-honor-de-nuestra-senora-de-gracia\/","title":{"rendered":"Chaves | Fiestas en honor de Nuestra Se\u00f1ora de Gracia"},"content":{"rendered":"<p>El Jard\u00edn P\u00fablico de Chaves acoger\u00e1 el domingo 15 de septiembre, a las 16:00 horas, las fiestas en honor de Nuestra Se\u00f1ora de Gracia, que tradicionalmente se celebran el tercer domingo de septiembre, con una Eucarist\u00eda al aire libre presidida por el Excmo. Sr. D. Ant\u00f3nio Augusto de Azevedo, obispo de la di\u00f3cesis de Vila Real.<br \/>\nEsta celebraci\u00f3n, que atrae cada a\u00f1o a miles de fieles por devoci\u00f3n a la patrona de la ciudad, llena de fieles las calles de Flavi, e incluye tambi\u00e9n la habitual procesi\u00f3n a las 17:00 horas. La procesi\u00f3n religiosa, que regresa a la Iglesia de Santa Maria Maior, en la Pra\u00e7a de Cam\u00f5es, incluye a los Santos Patronos de las parroquias locales, acompa\u00f1ados por la Banda Municipal \u00abOs Pardais\u00bb y la Banda de M\u00fasica Vila Verde da Raia.<br \/>\nTodos los a\u00f1os, las fiestas en honor de Nuestra Se\u00f1ora de Gracia y la tradicional procesi\u00f3n por el centro hist\u00f3rico de Chaves re\u00fanen a miles de devotos de diversos puntos de la regi\u00f3n y del pa\u00eds, lo que la convierte en la mayor procesi\u00f3n del municipio.<br \/>\nCon la participaci\u00f3n de cerca de medio centenar de carrozas de las diversas parroquias del municipio, el evento es organizado en colaboraci\u00f3n por el Ayuntamiento, la Parroquia de Santa Mar\u00eda Maior y la Parroquia de la Madalena, con el importante apoyo de los consejos parroquiales y parroquias del municipio.<\/p>\n","protected":false},"excerpt":{"rendered":"<p>El Jard\u00edn P\u00fablico de Chaves acoger\u00e1 el domingo 15 de septiembre, a las 16:00 horas, las fiestas en honor de Nuestra Se\u00f1ora de Gracia, que tradicionalmente se celebran el tercer domingo de septiembre, con una Eucarist\u00eda al aire libre presidida [&hellip;]<\/p>\n","protected":false},"author":5,"featured_media":32491,"comment_status":"closed","ping_status":"closed","template":"","tags":[],"mec_category":[716],"_links":{"self":[{"href":"https:\/\/visitaltotamegaebarroso.pt\/es\/wp-json\/wp\/v2\/mec-events\/32495"}],"collection":[{"href":"https:\/\/visitaltotamegaebarroso.pt\/es\/wp-json\/wp\/v2\/mec-events"}],"about":[{"href":"https:\/\/visitaltotamegaebarroso.pt\/es\/wp-json\/wp\/v2\/types\/mec-events"}],"author":[{"embeddable":true,"href":"https:\/\/visitaltotamegaebarroso.pt\/es\/wp-json\/wp\/v2\/users\/5"}],"replies":[{"embeddable":true,"href":"https:\/\/visitaltotamegaebarroso.pt\/es\/wp-json\/wp\/v2\/comments?post=32495"}],"wp:featuredmedia":[{"embeddable":true,"href":"https:\/\/visitaltotamegaebarroso.pt\/es\/wp-json\/wp\/v2\/media\/32491"}],"wp:attachment":[{"href":"https:\/\/visitaltotamegaebarroso.pt\/es\/wp-json\/wp\/v2\/media?parent=32495"}],"wp:term":[{"taxonomy":"post_tag","embeddable":true,"href":"https:\/\/visitaltotamegaebarroso.pt\/es\/wp-json\/wp\/v2\/tags?post=32495"},{"taxonomy":"mec_category","embeddable":true,"href":"https:\/\/visitaltotamegaebarroso.pt\/es\/wp-json\/wp\/v2\/mec_category?post=32495"}],"curies":[{"name":"wp","href":"https:\/\/api.w.org\/{rel}","templated":true}]}}