{"id":29190,"date":"2024-06-28T13:17:13","date_gmt":"2024-06-28T12:17:13","guid":{"rendered":"https:\/\/visitaltotamegaebarroso.pt\/events\/montalegre-38o-congreso-de-medicina-popular\/"},"modified":"2024-08-22T11:54:58","modified_gmt":"2024-08-22T10:54:58","slug":"montalegre-38o-congreso-de-medicina-popular","status":"publish","type":"mec-events","link":"https:\/\/visitaltotamegaebarroso.pt\/es\/events\/montalegre-38o-congreso-de-medicina-popular\/","title":{"rendered":"Montalegre | 38\u00ba Congreso de Medicina Popular"},"content":{"rendered":"<p>Con el aura del Padre Fontes, vuelve a Vilar de Perdizes una edici\u00f3n m\u00e1s del Congreso de Medicina Popular, evento ancla del municipio de Montalegre. El evento est\u00e1 organizado por la Asociaci\u00f3n de Defensa del Patrimonio de Vilar de Perdizes, en colaboraci\u00f3n con el Ayuntamiento de Montalegre, el Ecomuseo Barroso y la Uni\u00f3n Parroquial de Vilar de Perdizes y Meixide. Tendr\u00e1 lugar del 30 de agosto al 1 de septiembre<\/p>\n<p>M\u00e1s informaci\u00f3n: <br \/><a data-mce-href=\"https:\/\/www.cm-montalegre.pt\/pages\/823?news_id=5804\" href=\"https:\/\/www.cm-montalegre.pt\/pages\/823?news_id=5804\">https:\/\/www.cm-montalegre.pt\/pages\/823?news_id=5804<\/a><br \/><a data-mce-href=\"http:\/\/congresoomedicinapopular.pt\" href=\"http:\/\/congresoomedicinapopular.pt\">congresoomedicinapopular.pt<\/a><br \/><a data-mce-href=\"https:\/\/congressomedicinapopular.pt\/workshops\" href=\"https:\/\/congressomedicinapopular.pt\/workshops\">https:\/\/congressomedicinapopular.pt\/workshops<\/a><\/p>\n","protected":false},"excerpt":{"rendered":"<p>Con el aura del Padre Fontes, vuelve a Vilar de Perdizes una edici\u00f3n m\u00e1s del Congreso de Medicina Popular, evento ancla del municipio de Montalegre. El evento est\u00e1 organizado por la Asociaci\u00f3n de Defensa del Patrimonio de Vilar de Perdizes, [&hellip;]<\/p>\n","protected":false},"author":5,"featured_media":29186,"comment_status":"closed","ping_status":"closed","template":"","tags":[],"mec_category":[716],"_links":{"self":[{"href":"https:\/\/visitaltotamegaebarroso.pt\/es\/wp-json\/wp\/v2\/mec-events\/29190"}],"collection":[{"href":"https:\/\/visitaltotamegaebarroso.pt\/es\/wp-json\/wp\/v2\/mec-events"}],"about":[{"href":"https:\/\/visitaltotamegaebarroso.pt\/es\/wp-json\/wp\/v2\/types\/mec-events"}],"author":[{"embeddable":true,"href":"https:\/\/visitaltotamegaebarroso.pt\/es\/wp-json\/wp\/v2\/users\/5"}],"replies":[{"embeddable":true,"href":"https:\/\/visitaltotamegaebarroso.pt\/es\/wp-json\/wp\/v2\/comments?post=29190"}],"wp:featuredmedia":[{"embeddable":true,"href":"https:\/\/visitaltotamegaebarroso.pt\/es\/wp-json\/wp\/v2\/media\/29186"}],"wp:attachment":[{"href":"https:\/\/visitaltotamegaebarroso.pt\/es\/wp-json\/wp\/v2\/media?parent=29190"}],"wp:term":[{"taxonomy":"post_tag","embeddable":true,"href":"https:\/\/visitaltotamegaebarroso.pt\/es\/wp-json\/wp\/v2\/tags?post=29190"},{"taxonomy":"mec_category","embeddable":true,"href":"https:\/\/visitaltotamegaebarroso.pt\/es\/wp-json\/wp\/v2\/mec_category?post=29190"}],"curies":[{"name":"wp","href":"https:\/\/api.w.org\/{rel}","templated":true}]}}