{"id":29156,"date":"2024-06-28T11:25:48","date_gmt":"2024-06-28T10:25:48","guid":{"rendered":"https:\/\/visitaltotamegaebarroso.pt\/events\/montalegre-concurso-de-ganado\/"},"modified":"2024-06-28T11:25:48","modified_gmt":"2024-06-28T10:25:48","slug":"montalegre-concurso-de-ganado","status":"publish","type":"mec-events","link":"https:\/\/visitaltotamegaebarroso.pt\/es\/events\/montalegre-concurso-de-ganado\/","title":{"rendered":"Montalegre | Concurso de ganado"},"content":{"rendered":"<p>El primer concurso de ganado Barros\u00e3 del a\u00f1o en el municipio de Montalegre se celebrar\u00e1 este s\u00e1bado en la parroquia de Venda Nova. El certamen est\u00e1 organizado por las juntas parroquiales de Venda Nova y Pondras, con la colaboraci\u00f3n del Ayuntamiento de Montalegre, bajo la orientaci\u00f3n y regulaci\u00f3n de la Direcci\u00f3n General de Alimentaci\u00f3n y Veterinaria (DGAV) y con el apoyo de la Asociaci\u00f3n de Criadores de la Raza Barros\u00e3 (AMIBA).<br \/>\nEste concurso de la raza Barros\u00e3, fundado por Carlos Machado (que fue homenajeado), tiene como objetivo orientar a los criadores hacia el tipo y las caracter\u00edsticas \u00e9tnicas m\u00e1s deseables, estimular la producci\u00f3n de ganado vacuno en la regi\u00f3n, valorar el esfuerzo de los criadores en el mantenimiento de esta raza aut\u00f3ctona y promover la raza como un componente importante en la preservaci\u00f3n del mundo rural.<br \/>\nM\u00e1s informaci\u00f3n &#8211; \u27a1\ufe0f <a href=\"http:\/\/www.cm-montalegre.pt\/pages\/823?news_id=5802\">www.cm-montalegre.pt\/pages\/823?news_id=5802<\/a><\/p>\n","protected":false},"excerpt":{"rendered":"<p>El primer concurso de ganado Barros\u00e3 del a\u00f1o en el municipio de Montalegre se celebrar\u00e1 este s\u00e1bado en la parroquia de Venda Nova. El certamen est\u00e1 organizado por las juntas parroquiales de Venda Nova y Pondras, con la colaboraci\u00f3n del [&hellip;]<\/p>\n","protected":false},"author":5,"featured_media":29145,"comment_status":"closed","ping_status":"closed","template":"","tags":[],"mec_category":[727],"_links":{"self":[{"href":"https:\/\/visitaltotamegaebarroso.pt\/es\/wp-json\/wp\/v2\/mec-events\/29156"}],"collection":[{"href":"https:\/\/visitaltotamegaebarroso.pt\/es\/wp-json\/wp\/v2\/mec-events"}],"about":[{"href":"https:\/\/visitaltotamegaebarroso.pt\/es\/wp-json\/wp\/v2\/types\/mec-events"}],"author":[{"embeddable":true,"href":"https:\/\/visitaltotamegaebarroso.pt\/es\/wp-json\/wp\/v2\/users\/5"}],"replies":[{"embeddable":true,"href":"https:\/\/visitaltotamegaebarroso.pt\/es\/wp-json\/wp\/v2\/comments?post=29156"}],"wp:featuredmedia":[{"embeddable":true,"href":"https:\/\/visitaltotamegaebarroso.pt\/es\/wp-json\/wp\/v2\/media\/29145"}],"wp:attachment":[{"href":"https:\/\/visitaltotamegaebarroso.pt\/es\/wp-json\/wp\/v2\/media?parent=29156"}],"wp:term":[{"taxonomy":"post_tag","embeddable":true,"href":"https:\/\/visitaltotamegaebarroso.pt\/es\/wp-json\/wp\/v2\/tags?post=29156"},{"taxonomy":"mec_category","embeddable":true,"href":"https:\/\/visitaltotamegaebarroso.pt\/es\/wp-json\/wp\/v2\/mec_category?post=29156"}],"curies":[{"name":"wp","href":"https:\/\/api.w.org\/{rel}","templated":true}]}}