{"id":29059,"date":"2024-06-26T15:01:39","date_gmt":"2024-06-26T14:01:39","guid":{"rendered":"https:\/\/visitaltotamegaebarroso.pt\/events\/chaves-ciclo-nuestros-artistas-2024\/"},"modified":"2024-06-26T15:01:39","modified_gmt":"2024-06-26T14:01:39","slug":"chaves-ciclo-nuestros-artistas-2024","status":"publish","type":"mec-events","link":"https:\/\/visitaltotamegaebarroso.pt\/es\/events\/chaves-ciclo-nuestros-artistas-2024\/","title":{"rendered":"Chaves | Ciclo \u00abNuestros Artistas\u00bb 2024"},"content":{"rendered":"<p>\u00abOjos en el lienzo\u00bb, de Alu\u00edzio Loureiro.<br \/>\nInauguraci\u00f3n el 3 de julio.<\/p>\n<p>Alu\u00edzio Loureiro es un artista brasile\u00f1o nacionalizado portugu\u00e9s. Ingres\u00f3 en la Sociedade Brasileira de Belas Artes en 1973, donde estudi\u00f3 dibujo art\u00edstico. En 1989, ya en Portugal, inici\u00f3 una nueva etapa, habiendo realizado varias exposiciones, lo que le dio un nuevo impulso en la b\u00fasqueda de nuevos caminos, siempre con el objetivo de mejorar sus conocimientos. M\u00e9dico de profesi\u00f3n y de vocaci\u00f3n, se dedica a la pintura desde hace varias d\u00e9cadas y, desde que se jubil\u00f3, ha transformado su estudio en un santuario, entreg\u00e1ndose por completo a la pintura.<\/p>\n<p>Entrada gratuita.<\/p>\n<p>Organiza: Ayuntamiento de Chaves<\/p>\n","protected":false},"excerpt":{"rendered":"<p>\u00abOjos en el lienzo\u00bb, de Alu\u00edzio Loureiro. Inauguraci\u00f3n el 3 de julio. Alu\u00edzio Loureiro es un artista brasile\u00f1o nacionalizado portugu\u00e9s. Ingres\u00f3 en la Sociedade Brasileira de Belas Artes en 1973, donde estudi\u00f3 dibujo art\u00edstico. En 1989, ya en Portugal, inici\u00f3 [&hellip;]<\/p>\n","protected":false},"author":5,"featured_media":29055,"comment_status":"closed","ping_status":"closed","template":"","tags":[],"mec_category":[716],"_links":{"self":[{"href":"https:\/\/visitaltotamegaebarroso.pt\/es\/wp-json\/wp\/v2\/mec-events\/29059"}],"collection":[{"href":"https:\/\/visitaltotamegaebarroso.pt\/es\/wp-json\/wp\/v2\/mec-events"}],"about":[{"href":"https:\/\/visitaltotamegaebarroso.pt\/es\/wp-json\/wp\/v2\/types\/mec-events"}],"author":[{"embeddable":true,"href":"https:\/\/visitaltotamegaebarroso.pt\/es\/wp-json\/wp\/v2\/users\/5"}],"replies":[{"embeddable":true,"href":"https:\/\/visitaltotamegaebarroso.pt\/es\/wp-json\/wp\/v2\/comments?post=29059"}],"wp:featuredmedia":[{"embeddable":true,"href":"https:\/\/visitaltotamegaebarroso.pt\/es\/wp-json\/wp\/v2\/media\/29055"}],"wp:attachment":[{"href":"https:\/\/visitaltotamegaebarroso.pt\/es\/wp-json\/wp\/v2\/media?parent=29059"}],"wp:term":[{"taxonomy":"post_tag","embeddable":true,"href":"https:\/\/visitaltotamegaebarroso.pt\/es\/wp-json\/wp\/v2\/tags?post=29059"},{"taxonomy":"mec_category","embeddable":true,"href":"https:\/\/visitaltotamegaebarroso.pt\/es\/wp-json\/wp\/v2\/mec_category?post=29059"}],"curies":[{"name":"wp","href":"https:\/\/api.w.org\/{rel}","templated":true}]}}