{"id":26415,"date":"2024-04-07T14:42:14","date_gmt":"2024-04-07T13:42:14","guid":{"rendered":"https:\/\/visitaltotamegaebarroso.pt\/events\/montalegre-comunidad-de-lectores-el-bar-de-la-libertad\/"},"modified":"2024-04-07T14:42:14","modified_gmt":"2024-04-07T13:42:14","slug":"montalegre-comunidad-de-lectores-el-bar-de-la-libertad","status":"publish","type":"mec-events","link":"https:\/\/visitaltotamegaebarroso.pt\/es\/events\/montalegre-comunidad-de-lectores-el-bar-de-la-libertad\/","title":{"rendered":"Montalegre | Comunidad de Lectores &#8211; \u00abEl bar de la libertad\u00bb"},"content":{"rendered":"<p>El d\u00eda 17, en el auditorio de la Biblioteca Municipal de Montalegre, tendr\u00e1 lugar una nueva sesi\u00f3n cultural dentro del proyecto \u00abComunidad de Lectores\u00bb.<\/p>\n<p>El libro \u00abO Botequim da Liberdade\u00bb, de Fernando Dacosta, es el protagonista que envolver\u00e1 a la Casa del Conocimiento de Montalegre.<\/p>\n","protected":false},"excerpt":{"rendered":"<p>El d\u00eda 17, en el auditorio de la Biblioteca Municipal de Montalegre, tendr\u00e1 lugar una nueva sesi\u00f3n cultural dentro del proyecto \u00abComunidad de Lectores\u00bb. El libro \u00abO Botequim da Liberdade\u00bb, de Fernando Dacosta, es el protagonista que envolver\u00e1 a la [&hellip;]<\/p>\n","protected":false},"author":5,"featured_media":26411,"comment_status":"closed","ping_status":"closed","template":"","tags":[],"mec_category":[716],"_links":{"self":[{"href":"https:\/\/visitaltotamegaebarroso.pt\/es\/wp-json\/wp\/v2\/mec-events\/26415"}],"collection":[{"href":"https:\/\/visitaltotamegaebarroso.pt\/es\/wp-json\/wp\/v2\/mec-events"}],"about":[{"href":"https:\/\/visitaltotamegaebarroso.pt\/es\/wp-json\/wp\/v2\/types\/mec-events"}],"author":[{"embeddable":true,"href":"https:\/\/visitaltotamegaebarroso.pt\/es\/wp-json\/wp\/v2\/users\/5"}],"replies":[{"embeddable":true,"href":"https:\/\/visitaltotamegaebarroso.pt\/es\/wp-json\/wp\/v2\/comments?post=26415"}],"wp:featuredmedia":[{"embeddable":true,"href":"https:\/\/visitaltotamegaebarroso.pt\/es\/wp-json\/wp\/v2\/media\/26411"}],"wp:attachment":[{"href":"https:\/\/visitaltotamegaebarroso.pt\/es\/wp-json\/wp\/v2\/media?parent=26415"}],"wp:term":[{"taxonomy":"post_tag","embeddable":true,"href":"https:\/\/visitaltotamegaebarroso.pt\/es\/wp-json\/wp\/v2\/tags?post=26415"},{"taxonomy":"mec_category","embeddable":true,"href":"https:\/\/visitaltotamegaebarroso.pt\/es\/wp-json\/wp\/v2\/mec_category?post=26415"}],"curies":[{"name":"wp","href":"https:\/\/api.w.org\/{rel}","templated":true}]}}