{"id":26030,"date":"2024-03-14T14:53:08","date_gmt":"2024-03-14T14:53:08","guid":{"rendered":"https:\/\/visitaltotamegaebarroso.pt\/events\/montalegre-l-campeonato-del-mundo-de-rallycross\/"},"modified":"2024-03-14T14:53:08","modified_gmt":"2024-03-14T14:53:08","slug":"montalegre-l-campeonato-del-mundo-de-rallycross","status":"publish","type":"mec-events","link":"https:\/\/visitaltotamegaebarroso.pt\/es\/events\/montalegre-l-campeonato-del-mundo-de-rallycross\/","title":{"rendered":"Montalegre l Campeonato del Mundo de Rallycross"},"content":{"rendered":"<p>El Circuito Internacional de Montalegre volver\u00e1 a formar parte del World RX &#8211; Campeonato del Mundo FIA de Rallycross, en una prueba a doble vuelta programada para los d\u00edas 7 y 8 de septiembre. La prueba portuguesa, que tambi\u00e9n sigue formando parte del Campeonato Europeo de Rallycross, acoger\u00e1 una de las cinco pruebas del calendario mundial, divulgado por la FIA, que tambi\u00e9n incluye carreras en Suecia, Hungr\u00eda, B\u00e9lgica y Australia. La nueva era del World RX enfrentar\u00e1 a coches el\u00e9ctricos y de combusti\u00f3n en un espect\u00e1culo sin precedentes.<\/p>\n","protected":false},"excerpt":{"rendered":"<p>El Circuito Internacional de Montalegre volver\u00e1 a formar parte del World RX &#8211; Campeonato del Mundo FIA de Rallycross, en una prueba a doble vuelta programada para los d\u00edas 7 y 8 de septiembre. La prueba portuguesa, que tambi\u00e9n sigue [&hellip;]<\/p>\n","protected":false},"author":5,"featured_media":26026,"comment_status":"closed","ping_status":"closed","template":"","tags":[],"mec_category":[720],"_links":{"self":[{"href":"https:\/\/visitaltotamegaebarroso.pt\/es\/wp-json\/wp\/v2\/mec-events\/26030"}],"collection":[{"href":"https:\/\/visitaltotamegaebarroso.pt\/es\/wp-json\/wp\/v2\/mec-events"}],"about":[{"href":"https:\/\/visitaltotamegaebarroso.pt\/es\/wp-json\/wp\/v2\/types\/mec-events"}],"author":[{"embeddable":true,"href":"https:\/\/visitaltotamegaebarroso.pt\/es\/wp-json\/wp\/v2\/users\/5"}],"replies":[{"embeddable":true,"href":"https:\/\/visitaltotamegaebarroso.pt\/es\/wp-json\/wp\/v2\/comments?post=26030"}],"wp:featuredmedia":[{"embeddable":true,"href":"https:\/\/visitaltotamegaebarroso.pt\/es\/wp-json\/wp\/v2\/media\/26026"}],"wp:attachment":[{"href":"https:\/\/visitaltotamegaebarroso.pt\/es\/wp-json\/wp\/v2\/media?parent=26030"}],"wp:term":[{"taxonomy":"post_tag","embeddable":true,"href":"https:\/\/visitaltotamegaebarroso.pt\/es\/wp-json\/wp\/v2\/tags?post=26030"},{"taxonomy":"mec_category","embeddable":true,"href":"https:\/\/visitaltotamegaebarroso.pt\/es\/wp-json\/wp\/v2\/mec_category?post=26030"}],"curies":[{"name":"wp","href":"https:\/\/api.w.org\/{rel}","templated":true}]}}