{"id":25546,"date":"2024-03-04T11:43:00","date_gmt":"2024-03-04T11:43:00","guid":{"rendered":"https:\/\/visitaltotamegaebarroso.pt\/events\/chaves-2a-semifinal-concurso-pre-fest\/"},"modified":"2024-03-04T11:43:00","modified_gmt":"2024-03-04T11:43:00","slug":"chaves-2a-semifinal-concurso-pre-fest","status":"publish","type":"mec-events","link":"https:\/\/visitaltotamegaebarroso.pt\/es\/events\/chaves-2a-semifinal-concurso-pre-fest\/","title":{"rendered":"Chaves | 2\u00aa Semifinal &#8211; Concurso Pre Fest"},"content":{"rendered":"<p>La 2\u00aa Semifinal &#8211; Concurso Pre Fest (concierto de bandas de garaje) elegir\u00e1, el 16 de marzo, en el Teatro Experimental Flaviense, en Chaves, dos bandas m\u00e1s para la final del \ud835\udde3\ud835\udde5\ud835\uddd8 \ud835\uddd9\ud835\uddd8\ud835\udde6\ud835\udde7 \ud835\uddd6\ud835\udde2\ud835\udde1\ud835\udde7\ud835\uddd8\ud835\udde6\ud835\udde7, de la que saldr\u00e1n dos bandas clasificadas para el Vinho Folar &amp; Rock \u0301n \u0301roll de R\u00edo 2024. La final del concurso est\u00e1 prevista para el 27 de abril en Santa Valha, en el municipio de Valpa\u00e7os.<\/p>\n","protected":false},"excerpt":{"rendered":"<p>La 2\u00aa Semifinal &#8211; Concurso Pre Fest (concierto de bandas de garaje) elegir\u00e1, el 16 de marzo, en el Teatro Experimental Flaviense, en Chaves, dos bandas m\u00e1s para la final del \ud835\udde3\ud835\udde5\ud835\uddd8 \ud835\uddd9\ud835\uddd8\ud835\udde6\ud835\udde7 \ud835\uddd6\ud835\udde2\ud835\udde1\ud835\udde7\ud835\uddd8\ud835\udde6\ud835\udde7, de la que saldr\u00e1n dos bandas clasificadas para el Vinho Folar &#038; Rock \u0301n \u0301roll de R\u00edo 2024. La final del concurso est\u00e1 prevista para el 27 de abril en Santa Valha, en el municipio de Valpa\u00e7os.<\/p>\n","protected":false},"author":4,"featured_media":25542,"comment_status":"closed","ping_status":"closed","template":"","tags":[],"mec_category":[716],"_links":{"self":[{"href":"https:\/\/visitaltotamegaebarroso.pt\/es\/wp-json\/wp\/v2\/mec-events\/25546"}],"collection":[{"href":"https:\/\/visitaltotamegaebarroso.pt\/es\/wp-json\/wp\/v2\/mec-events"}],"about":[{"href":"https:\/\/visitaltotamegaebarroso.pt\/es\/wp-json\/wp\/v2\/types\/mec-events"}],"author":[{"embeddable":true,"href":"https:\/\/visitaltotamegaebarroso.pt\/es\/wp-json\/wp\/v2\/users\/4"}],"replies":[{"embeddable":true,"href":"https:\/\/visitaltotamegaebarroso.pt\/es\/wp-json\/wp\/v2\/comments?post=25546"}],"wp:featuredmedia":[{"embeddable":true,"href":"https:\/\/visitaltotamegaebarroso.pt\/es\/wp-json\/wp\/v2\/media\/25542"}],"wp:attachment":[{"href":"https:\/\/visitaltotamegaebarroso.pt\/es\/wp-json\/wp\/v2\/media?parent=25546"}],"wp:term":[{"taxonomy":"post_tag","embeddable":true,"href":"https:\/\/visitaltotamegaebarroso.pt\/es\/wp-json\/wp\/v2\/tags?post=25546"},{"taxonomy":"mec_category","embeddable":true,"href":"https:\/\/visitaltotamegaebarroso.pt\/es\/wp-json\/wp\/v2\/mec_category?post=25546"}],"curies":[{"name":"wp","href":"https:\/\/api.w.org\/{rel}","templated":true}]}}