{"id":24967,"date":"2024-01-07T15:51:52","date_gmt":"2024-01-07T15:51:52","guid":{"rendered":"https:\/\/visitaltotamegaebarroso.pt\/events\/noche-y-niebla\/"},"modified":"2024-01-07T15:51:52","modified_gmt":"2024-01-07T15:51:52","slug":"noche-y-niebla","status":"publish","type":"mec-events","link":"https:\/\/visitaltotamegaebarroso.pt\/es\/events\/noche-y-niebla\/","title":{"rendered":"Noche y niebla"},"content":{"rendered":"<p>\u00abNoche y niebla\u00bb es una pel\u00edcula documental francesa dirigida por Alain Resnais y encargada por el Comit\u00e9 de Historia de la Segunda Guerra Mundial para conmemorar el d\u00e9cimo aniversario de la liberaci\u00f3n de los campos de concentraci\u00f3n de la Segunda Guerra Mundial. La primera pel\u00edcula con im\u00e1genes reales del Holocausto que abri\u00f3 la puerta a la realidad entre rejas. Un documental con debate incluido, en colaboraci\u00f3n con Amnistia de Chaves.<\/p>\n<p>Duraci\u00f3n: 35min documental + debate.<\/p>\n<p>G\u00e9nero: Documental \/ Holocausto;<\/p>\n<p>Clasificaci\u00f3n por edades: M\/16. Entrada: No socios: 3,50 euros; socios: gratuita (con la cuota al d\u00eda).<\/p>\n<p>Org: Cineclube de Chaves \/ Teatro Experimental Flaviense y Amnistia de Chaves<\/p>\n<p>Apoyo: Federa\u00e7\u00e3o de Cineclubes de Portugal y Ayuntamiento de Chaves<\/p>\n","protected":false},"excerpt":{"rendered":"<p>\u00abNoche y niebla\u00bb es una pel\u00edcula documental francesa dirigida por Alain Resnais y encargada por el Comit\u00e9 de Historia de la Segunda Guerra Mundial para conmemorar el d\u00e9cimo aniversario de la liberaci\u00f3n de los campos de concentraci\u00f3n de la Segunda [&hellip;]<\/p>\n","protected":false},"author":5,"featured_media":24963,"comment_status":"closed","ping_status":"closed","template":"","tags":[],"mec_category":[716],"_links":{"self":[{"href":"https:\/\/visitaltotamegaebarroso.pt\/es\/wp-json\/wp\/v2\/mec-events\/24967"}],"collection":[{"href":"https:\/\/visitaltotamegaebarroso.pt\/es\/wp-json\/wp\/v2\/mec-events"}],"about":[{"href":"https:\/\/visitaltotamegaebarroso.pt\/es\/wp-json\/wp\/v2\/types\/mec-events"}],"author":[{"embeddable":true,"href":"https:\/\/visitaltotamegaebarroso.pt\/es\/wp-json\/wp\/v2\/users\/5"}],"replies":[{"embeddable":true,"href":"https:\/\/visitaltotamegaebarroso.pt\/es\/wp-json\/wp\/v2\/comments?post=24967"}],"wp:featuredmedia":[{"embeddable":true,"href":"https:\/\/visitaltotamegaebarroso.pt\/es\/wp-json\/wp\/v2\/media\/24963"}],"wp:attachment":[{"href":"https:\/\/visitaltotamegaebarroso.pt\/es\/wp-json\/wp\/v2\/media?parent=24967"}],"wp:term":[{"taxonomy":"post_tag","embeddable":true,"href":"https:\/\/visitaltotamegaebarroso.pt\/es\/wp-json\/wp\/v2\/tags?post=24967"},{"taxonomy":"mec_category","embeddable":true,"href":"https:\/\/visitaltotamegaebarroso.pt\/es\/wp-json\/wp\/v2\/mec_category?post=24967"}],"curies":[{"name":"wp","href":"https:\/\/api.w.org\/{rel}","templated":true}]}}