{"id":24470,"date":"2023-12-13T16:11:12","date_gmt":"2023-12-13T16:11:12","guid":{"rendered":"https:\/\/visitaltotamegaebarroso.pt\/events\/nadir-afonso-una-decada-de-ausencia\/"},"modified":"2023-12-13T16:11:12","modified_gmt":"2023-12-13T16:11:12","slug":"nadir-afonso-una-decada-de-ausencia","status":"publish","type":"mec-events","link":"https:\/\/visitaltotamegaebarroso.pt\/es\/events\/nadir-afonso-una-decada-de-ausencia\/","title":{"rendered":"\u00abNadir Afonso &#8211; una d\u00e9cada de ausencia\u00bb"},"content":{"rendered":"<p>\u00abNadir Afonso &#8211; una d\u00e9cada de ausencia\u00bb marca el tono de un coloquio con motivo del 10\u00ba aniversario de su muerte<\/p>\n<p>El s\u00e1bado 16 de diciembre, el Museo de Arte Contempor\u00e1neo Nadir Afonso (MACNA) y la Fundaci\u00f3n Nadir Afonso conmemorar\u00e1n el 10\u00ba aniversario de la muerte del maestro de Flavi con un coloquio sobre su legado art\u00edstico que, a pesar de su ausencia f\u00edsica, sigue muy presente.<\/p>\n<p>Nadir Afonso marc\u00f3 el arte portugu\u00e9s del siglo XX y fue uno de los introductores de la abstracci\u00f3n geom\u00e9trica en Portugal. Autor de una obra \u00fanica, en la que pintura y arquitectura se cruzan e influyen mutuamente, falleci\u00f3 el 11 de diciembre de 2013 a los 93 a\u00f1os.<\/p>\n<p>\u00abNadir Afonso &#8211; una d\u00e9cada de ausencia\u00bb es el tema de este encuentro, que pretende perpetuar la obra del artista de Flavi, cuyo municipio le rindi\u00f3 homenaje dando su nombre a un museo de arte contempor\u00e1neo, obra dise\u00f1ada por el arquitecto Siza Vieira, un equipamiento cultural de referencia en el norte del pa\u00eds.<\/p>\n<p>El encuentro contar\u00e1 con ponentes de renombre: Ant\u00f3nio Quadros Ferreira, profesor de la Facultad de Bellas Artes de la Universidad de Oporto, An\u00edbal Ferreira, profesor de la Facultad de Ingenier\u00eda de la Universidad de Oporto, la profesora F\u00e1tima Lambert, de la Escuela de Educaci\u00f3n\/Polit\u00e9cnica de Oporto y la Presidenta de la Fundaci\u00f3n Nadir Afonso, Laura Afonso.<\/p>\n<p>Prevista a partir de las 16h en el auditorio del MACNA, la charla ser\u00e1 moderada por Mariana Ribeiro, periodista de la agencia Lusa. El encuentro est\u00e1 abierto a la comunidad, con entrada gratuita, limitada a la capacidad del auditorio.<\/p>\n<p>El MACNA es hoy un museo de arte de referencia en el interior del pa\u00eds, con un acuerdo de colaboraci\u00f3n con la Direcci\u00f3n General de Patrimonio Cultural y el Museo Nacional de Arte Contempor\u00e1neo, que, adem\u00e1s de dar a conocer al artista que le da nombre, ha permitido exponer en Chaves un amplio abanico de obras de referencia de artistas nacionales e internacionales.<\/p>\n","protected":false},"excerpt":{"rendered":"<p>\u00abNadir Afonso &#8211; una d\u00e9cada de ausencia\u00bb marca el tono de un coloquio con motivo del 10\u00ba aniversario de su muerte El s\u00e1bado 16 de diciembre, el Museo de Arte Contempor\u00e1neo Nadir Afonso (MACNA) y la Fundaci\u00f3n Nadir Afonso conmemorar\u00e1n [&hellip;]<\/p>\n","protected":false},"author":5,"featured_media":24466,"comment_status":"closed","ping_status":"closed","template":"","tags":[],"mec_category":[716],"_links":{"self":[{"href":"https:\/\/visitaltotamegaebarroso.pt\/es\/wp-json\/wp\/v2\/mec-events\/24470"}],"collection":[{"href":"https:\/\/visitaltotamegaebarroso.pt\/es\/wp-json\/wp\/v2\/mec-events"}],"about":[{"href":"https:\/\/visitaltotamegaebarroso.pt\/es\/wp-json\/wp\/v2\/types\/mec-events"}],"author":[{"embeddable":true,"href":"https:\/\/visitaltotamegaebarroso.pt\/es\/wp-json\/wp\/v2\/users\/5"}],"replies":[{"embeddable":true,"href":"https:\/\/visitaltotamegaebarroso.pt\/es\/wp-json\/wp\/v2\/comments?post=24470"}],"wp:featuredmedia":[{"embeddable":true,"href":"https:\/\/visitaltotamegaebarroso.pt\/es\/wp-json\/wp\/v2\/media\/24466"}],"wp:attachment":[{"href":"https:\/\/visitaltotamegaebarroso.pt\/es\/wp-json\/wp\/v2\/media?parent=24470"}],"wp:term":[{"taxonomy":"post_tag","embeddable":true,"href":"https:\/\/visitaltotamegaebarroso.pt\/es\/wp-json\/wp\/v2\/tags?post=24470"},{"taxonomy":"mec_category","embeddable":true,"href":"https:\/\/visitaltotamegaebarroso.pt\/es\/wp-json\/wp\/v2\/mec_category?post=24470"}],"curies":[{"name":"wp","href":"https:\/\/api.w.org\/{rel}","templated":true}]}}