{"id":23907,"date":"2023-11-08T12:08:52","date_gmt":"2023-11-08T12:08:52","guid":{"rendered":"https:\/\/visitaltotamegaebarroso.pt\/events\/presentacion-del-libro-viajando-con-luis-de-camoes\/"},"modified":"2023-11-08T12:08:52","modified_gmt":"2023-11-08T12:08:52","slug":"presentacion-del-libro-viajando-con-luis-de-camoes","status":"publish","type":"mec-events","link":"https:\/\/visitaltotamegaebarroso.pt\/es\/events\/presentacion-del-libro-viajando-con-luis-de-camoes\/","title":{"rendered":"Presentaci\u00f3n del libro \u00abViajando con&#8230; Lu\u00eds de Cam\u00f5es\u00bb"},"content":{"rendered":"<p>Estudios y tesis recientes apuntan al nacimiento del mayor poeta portugu\u00e9s, Lu\u00eds de Cam\u00f5es, en la aldea de Vilar de Nantes, en el municipio de Chaves, donde naci\u00f3 su padre, Sim\u00e3o Vaz de Cam\u00f5es, y vivieron sus abuelos paternos, seg\u00fan consta en los archivos de la Archidi\u00f3cesis de Braga.<\/p>\n<p>Los abuelos del poeta, Ant\u00e3o Vaz y Guiomar Vaz, nacieron en Coimbra y se habr\u00edan trasladado a esta parroquia cuando eran j\u00f3venes, donde vivieron en una casa de granito (con sus ocho hijos varones), a\u00fan hoy conocida como la \u00abcasa de los abuelos de Cam\u00f5es\u00bb, seg\u00fan han demostrado investigaciones geneal\u00f3gicas, epigr\u00e1ficas y her\u00e1ldicas.<\/p>\n<p>Unos meses antes de la celebraci\u00f3n del 500 aniversario del nacimiento del autor de \u00abOs Lus\u00edadas\u00bb, se present\u00f3 el libro \u00abViajando con&#8230; Lu\u00eds de Cam\u00f5es\u00bb, dentro de la colecci\u00f3n \u00abViajando con&#8230; Los Caminos de la Literatura\u00bb, editada por la Direcci\u00f3n Regional Norte de Cultura, que pretende dar a conocer a los escritores que nacieron en el norte de Portugal, que vivieron y trabajaron aqu\u00ed, que pasaron por aqu\u00ed o que abordaron este territorio en su obra.<\/p>\n<p>El libro sobre el c\u00e9lebre poeta se presentar\u00e1 en Chaves el pr\u00f3ximo viernes, 10 de noviembre, a las 17.00 horas, en el Museu da Regi\u00e3o Flaviense.<\/p>\n<p>De la autor\u00eda del Profesor Doctor Seabra Pereira y publicado por OPERA OMNIA, este volumen nos lleva de viaje con Lu\u00eds de Cam\u00f5es a trav\u00e9s de diversas geograf\u00edas y establece puentes hacia sus posibles or\u00edgenes en Flavi.<\/p>\n<p>La presentaci\u00f3n de la obra contar\u00e1 con m\u00fasica con temas de la poes\u00eda camerunesa, a cargo del Coro del Curso Profesional de Instrumentistas de la Academia de Artes de Chaves y del Coro Infantil del Grupo Escolar Dr. J\u00falio Martins.<\/p>\n","protected":false},"excerpt":{"rendered":"<p>Estudios y tesis recientes apuntan al nacimiento del mayor poeta portugu\u00e9s, Lu\u00eds de Cam\u00f5es, en la aldea de Vilar de Nantes, en el municipio de Chaves, donde naci\u00f3 su padre, Sim\u00e3o Vaz de Cam\u00f5es, y vivieron sus abuelos paternos, seg\u00fan [&hellip;]<\/p>\n","protected":false},"author":5,"featured_media":23903,"comment_status":"closed","ping_status":"closed","template":"","tags":[],"mec_category":[716],"_links":{"self":[{"href":"https:\/\/visitaltotamegaebarroso.pt\/es\/wp-json\/wp\/v2\/mec-events\/23907"}],"collection":[{"href":"https:\/\/visitaltotamegaebarroso.pt\/es\/wp-json\/wp\/v2\/mec-events"}],"about":[{"href":"https:\/\/visitaltotamegaebarroso.pt\/es\/wp-json\/wp\/v2\/types\/mec-events"}],"author":[{"embeddable":true,"href":"https:\/\/visitaltotamegaebarroso.pt\/es\/wp-json\/wp\/v2\/users\/5"}],"replies":[{"embeddable":true,"href":"https:\/\/visitaltotamegaebarroso.pt\/es\/wp-json\/wp\/v2\/comments?post=23907"}],"wp:featuredmedia":[{"embeddable":true,"href":"https:\/\/visitaltotamegaebarroso.pt\/es\/wp-json\/wp\/v2\/media\/23903"}],"wp:attachment":[{"href":"https:\/\/visitaltotamegaebarroso.pt\/es\/wp-json\/wp\/v2\/media?parent=23907"}],"wp:term":[{"taxonomy":"post_tag","embeddable":true,"href":"https:\/\/visitaltotamegaebarroso.pt\/es\/wp-json\/wp\/v2\/tags?post=23907"},{"taxonomy":"mec_category","embeddable":true,"href":"https:\/\/visitaltotamegaebarroso.pt\/es\/wp-json\/wp\/v2\/mec_category?post=23907"}],"curies":[{"name":"wp","href":"https:\/\/api.w.org\/{rel}","templated":true}]}}