{"id":22802,"date":"2023-09-25T17:57:23","date_gmt":"2023-09-25T16:57:23","guid":{"rendered":"https:\/\/visitaltotamegaebarroso.pt\/events\/arboles-de-vigilancia-meteorologica\/"},"modified":"2023-09-25T17:57:23","modified_gmt":"2023-09-25T16:57:23","slug":"arboles-de-vigilancia-meteorologica","status":"publish","type":"mec-events","link":"https:\/\/visitaltotamegaebarroso.pt\/es\/events\/arboles-de-vigilancia-meteorologica\/","title":{"rendered":"\u00c1rboles de vigilancia meteorol\u00f3gica"},"content":{"rendered":"<p>F\u00e1tima Carvalho comenz\u00f3 a fotografiar en la d\u00e9cada de 1990 y expone desde 2014. A trav\u00e9s de su mirada fotogr\u00e1fica, nos presenta su reflexi\u00f3n personal sobre el reconocimiento del car\u00e1cter simb\u00f3lico que emana de las marcas del paso del tiempo en los \u00e1rboles m\u00e1s famosos de Portugal&#8230;<\/p>\n","protected":false},"excerpt":{"rendered":"<p>F\u00e1tima Carvalho comenz\u00f3 a fotografiar en la d\u00e9cada de 1990 y expone desde 2014. A trav\u00e9s de su mirada fotogr\u00e1fica, nos presenta su reflexi\u00f3n personal sobre el reconocimiento del car\u00e1cter simb\u00f3lico que emana de las marcas del paso del tiempo [&hellip;]<\/p>\n","protected":false},"author":5,"featured_media":22764,"comment_status":"closed","ping_status":"closed","template":"","tags":[],"mec_category":[716],"_links":{"self":[{"href":"https:\/\/visitaltotamegaebarroso.pt\/es\/wp-json\/wp\/v2\/mec-events\/22802"}],"collection":[{"href":"https:\/\/visitaltotamegaebarroso.pt\/es\/wp-json\/wp\/v2\/mec-events"}],"about":[{"href":"https:\/\/visitaltotamegaebarroso.pt\/es\/wp-json\/wp\/v2\/types\/mec-events"}],"author":[{"embeddable":true,"href":"https:\/\/visitaltotamegaebarroso.pt\/es\/wp-json\/wp\/v2\/users\/5"}],"replies":[{"embeddable":true,"href":"https:\/\/visitaltotamegaebarroso.pt\/es\/wp-json\/wp\/v2\/comments?post=22802"}],"wp:featuredmedia":[{"embeddable":true,"href":"https:\/\/visitaltotamegaebarroso.pt\/es\/wp-json\/wp\/v2\/media\/22764"}],"wp:attachment":[{"href":"https:\/\/visitaltotamegaebarroso.pt\/es\/wp-json\/wp\/v2\/media?parent=22802"}],"wp:term":[{"taxonomy":"post_tag","embeddable":true,"href":"https:\/\/visitaltotamegaebarroso.pt\/es\/wp-json\/wp\/v2\/tags?post=22802"},{"taxonomy":"mec_category","embeddable":true,"href":"https:\/\/visitaltotamegaebarroso.pt\/es\/wp-json\/wp\/v2\/mec_category?post=22802"}],"curies":[{"name":"wp","href":"https:\/\/api.w.org\/{rel}","templated":true}]}}