{"id":21928,"date":"2023-08-04T00:44:15","date_gmt":"2023-08-04T00:44:15","guid":{"rendered":"https:\/\/visitaltotamegaebarroso.pt\/events\/los-demonios-de-mi-abuelo\/"},"modified":"2023-08-04T02:37:43","modified_gmt":"2023-08-04T02:37:43","slug":"los-demonios-de-mi-abuelo","status":"publish","type":"mec-events","link":"https:\/\/visitaltotamegaebarroso.pt\/es\/events\/los-demonios-de-mi-abuelo\/","title":{"rendered":"Los demonios de mi abuelo"},"content":{"rendered":"<p>Rosa regresa al lugar donde creci\u00f3, cuando se entera de que su abuelo, con quien no pasaba mucho tiempo en los \u00faltimos a\u00f1os, ha fallecido. All\u00ed descubre la herencia que le ha quedado y decide recuperarlo todo con la ayuda de demonios de arcilla que su abuelo hab\u00eda modelado, los cuales cobran vida y hablan con ella.<\/p>\n<p>Imperdible el 6 de agosto, en el Auditorio de Arte y Cultura Lu\u00eds Teixeira, a las 16 h.<\/p>\n","protected":false},"excerpt":{"rendered":"<p>Rosa regresa al lugar donde creci\u00f3, cuando se entera de que su abuelo, con quien no pasaba mucho tiempo en los \u00faltimos a\u00f1os, ha fallecido. All\u00ed descubre la herencia que le ha quedado y decide recuperarlo todo con la ayuda [&hellip;]<\/p>\n","protected":false},"author":2,"featured_media":21872,"comment_status":"closed","ping_status":"closed","template":"","tags":[],"mec_category":[716],"_links":{"self":[{"href":"https:\/\/visitaltotamegaebarroso.pt\/es\/wp-json\/wp\/v2\/mec-events\/21928"}],"collection":[{"href":"https:\/\/visitaltotamegaebarroso.pt\/es\/wp-json\/wp\/v2\/mec-events"}],"about":[{"href":"https:\/\/visitaltotamegaebarroso.pt\/es\/wp-json\/wp\/v2\/types\/mec-events"}],"author":[{"embeddable":true,"href":"https:\/\/visitaltotamegaebarroso.pt\/es\/wp-json\/wp\/v2\/users\/2"}],"replies":[{"embeddable":true,"href":"https:\/\/visitaltotamegaebarroso.pt\/es\/wp-json\/wp\/v2\/comments?post=21928"}],"wp:featuredmedia":[{"embeddable":true,"href":"https:\/\/visitaltotamegaebarroso.pt\/es\/wp-json\/wp\/v2\/media\/21872"}],"wp:attachment":[{"href":"https:\/\/visitaltotamegaebarroso.pt\/es\/wp-json\/wp\/v2\/media?parent=21928"}],"wp:term":[{"taxonomy":"post_tag","embeddable":true,"href":"https:\/\/visitaltotamegaebarroso.pt\/es\/wp-json\/wp\/v2\/tags?post=21928"},{"taxonomy":"mec_category","embeddable":true,"href":"https:\/\/visitaltotamegaebarroso.pt\/es\/wp-json\/wp\/v2\/mec_category?post=21928"}],"curies":[{"name":"wp","href":"https:\/\/api.w.org\/{rel}","templated":true}]}}