{"id":30606,"date":"2024-07-21T17:09:04","date_gmt":"2024-07-21T16:09:04","guid":{"rendered":"https:\/\/visitaltotamegaebarroso.pt\/events\/chaves-nossa-senhora-da-saude-2024\/"},"modified":"2024-07-21T17:09:04","modified_gmt":"2024-07-21T16:09:04","slug":"chaves-nossa-senhora-da-saude-2024","status":"publish","type":"mec-events","link":"https:\/\/visitaltotamegaebarroso.pt\/en\/events\/chaves-nossa-senhora-da-saude-2024\/","title":{"rendered":"CHAVES | Nossa Senhora da Sa\u00fade 2024"},"content":{"rendered":"<p>DAY 1 &#8211; Thursday<br \/>\n08h00: Start of Festivities &#8211; Traditional Fair<br \/>\n19h00: Popular Dinner (Largo da Pra\u00e7a)<br \/>\n22h00: Arraial with the musical group CHAMA DO NORTE (Largo da Pra\u00e7a)<\/p>\n<p>DAY 2 &#8211; Friday<br \/>\n21h00: Candlelight Procession<br \/>\n23h00: Z\u00c9 DAS CONCERTINAS (Largo Miguel de Carvalho)<\/p>\n<p>DAY 3 &#8211; Saturday<br \/>\n18h00: ACREPES singing group (Largo do Turismo)<br \/>\n22h30: Entertainment by the musical group CORDOSOM (Largo da Feira)<\/p>\n<p>DAY 4 &#8211; Sunday<br \/>\n09h30: Musical Bands parade<br \/>\n15h00: Entry of the Pa\u00e7os de Ferreira Fanfare (Parade along National Road 2)<br \/>\n17h00: Solemn Mass (Largo da Santa)<br \/>\n17.45: Procession<br \/>\n22h00: Popular Festival in Largo da Santa &#8211; Banda de Vilarandelo and Banda da Torre de Ervededo<br \/>\n22h30: Musical group BANDA EUROPA (Largo da Feira)<br \/>\n00.45: Fireworks (Largo da Santa)<\/p>\n<p>DAY 5 &#8211; Monday<br \/>\n22:30: COSTA VERDE group (Largo da Feira)<\/p>\n<p>Organised by: Vidago Festival Committee<br \/>\nSupport: Municipality of Chaves, Union of Parishes of Vidago, Arcoss\u00f3, Selhariz and Vilarinho das Paranheiras<\/p>\n","protected":false},"excerpt":{"rendered":"<p>DAY 1 &#8211; Thursday 08h00: Start of Festivities &#8211; Traditional Fair 19h00: Popular Dinner (Largo da Pra\u00e7a) 22h00: Arraial with the musical group CHAMA DO NORTE (Largo da Pra\u00e7a) DAY 2 &#8211; Friday 21h00: Candlelight Procession 23h00: Z\u00c9 DAS CONCERTINAS [&hellip;]<\/p>\n","protected":false},"author":5,"featured_media":30602,"comment_status":"closed","ping_status":"closed","template":"","tags":[],"mec_category":[714],"_links":{"self":[{"href":"https:\/\/visitaltotamegaebarroso.pt\/en\/wp-json\/wp\/v2\/mec-events\/30606"}],"collection":[{"href":"https:\/\/visitaltotamegaebarroso.pt\/en\/wp-json\/wp\/v2\/mec-events"}],"about":[{"href":"https:\/\/visitaltotamegaebarroso.pt\/en\/wp-json\/wp\/v2\/types\/mec-events"}],"author":[{"embeddable":true,"href":"https:\/\/visitaltotamegaebarroso.pt\/en\/wp-json\/wp\/v2\/users\/5"}],"replies":[{"embeddable":true,"href":"https:\/\/visitaltotamegaebarroso.pt\/en\/wp-json\/wp\/v2\/comments?post=30606"}],"wp:featuredmedia":[{"embeddable":true,"href":"https:\/\/visitaltotamegaebarroso.pt\/en\/wp-json\/wp\/v2\/media\/30602"}],"wp:attachment":[{"href":"https:\/\/visitaltotamegaebarroso.pt\/en\/wp-json\/wp\/v2\/media?parent=30606"}],"wp:term":[{"taxonomy":"post_tag","embeddable":true,"href":"https:\/\/visitaltotamegaebarroso.pt\/en\/wp-json\/wp\/v2\/tags?post=30606"},{"taxonomy":"mec_category","embeddable":true,"href":"https:\/\/visitaltotamegaebarroso.pt\/en\/wp-json\/wp\/v2\/mec_category?post=30606"}],"curies":[{"name":"wp","href":"https:\/\/api.w.org\/{rel}","templated":true}]}}