{"id":11839,"date":"2017-08-04T08:45:59","date_gmt":"2017-08-04T07:45:59","guid":{"rendered":"https:\/\/visitaltotamegaebarroso.pt\/home\/"},"modified":"2024-01-05T16:37:44","modified_gmt":"2024-01-05T16:37:44","slug":"home","status":"publish","type":"page","link":"https:\/\/visitaltotamegaebarroso.pt\/de\/","title":{"rendered":"Home"},"content":{"rendered":"<div class=\"wpb-content-wrapper\"><p>[vc_row content_text_aligment=&#8220;center&#8220; css=&#8220;.vc_custom_1680486215967{padding-top: 49px !important;padding-bottom: 44px !important;}&#8220;][vc_column][vc_column_text]<\/p>\n<h4 style=\"text-align: center;\">Erleben Sie Alto T\u00e2mega und Barroso<\/h4>\n<p>[\/vc_column_text][\/vc_column][\/vc_row][vc_row css=&#8220;.vc_custom_1680485899998{padding-top: 50px !important;padding-bottom: 104px !important;}&#8220;][vc_column]<div class=\"mkdf-elements-holder   mkdf-one-column  mkdf-responsive-mode-768 \" ><div class=\"mkdf-eh-item    \"  data-item-class=\"mkdf-eh-custom-5327\" data-1024-1280=\"0 95px 0\" data-680-768=\"0 52px 0\" data-680=\"0 30px 0\">\n\t<div class=\"mkdf-eh-item-inner\">\n\t\t<div class=\"mkdf-eh-item-content mkdf-eh-custom-5327\" style=\"padding: 0 95px 0\">\n\t\t\t<div class=\"mkdf-tours-destination-grid\">\n\t\t\t<div class=\"mkdf-tours-destination-holder mkdf-tours-row mkdf-tr-tiny-space mkdf-tours-columns-3\">\n\t\t\t<div class=\"mkdf-tours-row-inner-holder\">\n\t\t\t\t\t\t\t\t\t\n\t\t\t\t\t\t\t\t\t\t\t<div class=\"mkdf-tours-destination-grid-item mkdf-tours-row-item post-11877 destinations type-destinations status-publish has-post-thumbnail hentry\">\n\t\t\t\t\t\t\t<div class=\"mkdf-tours-destination-item-holder\">\n\t\t\t\t\t\t\t\t<a href=\"https:\/\/visitaltotamegaebarroso.pt\/de\/destinations\/boticas\/\">\n\t\t\t\t\t\t\t\t\t<div class=\"mkdf-tours-destination-item-image\">\n\t\t\t\t\t\t\t\t\t\t<img width=\"1100\" height=\"550\" src=\"https:\/\/visitaltotamegaebarroso.pt\/wp-content\/uploads\/2023\/03\/AF_castro-outeiro-lesenho-1100x550.jpg\" class=\"attachment-roam_mikado_landscape size-roam_mikado_landscape wp-post-image\" alt=\"\" decoding=\"async\" loading=\"lazy\" \/>\t\t\t\t\t\t\t\t\t<\/div>\n\n\t\t\t\t\t\t\t\t\t<div class=\"mkdf-tours-destination-item-content\">\n\t\t\t\t\t\t\t\t\t\t<div class=\"mkdf-tours-destination-item-content-table\">\n\t\t\t\t\t\t\t\t\t\t\t<div class=\"mkdf-tours-destination-item-content-table-cell\">\n\t\t\t\t\t\t\t\t\t\t\t\t<h4 class=\"mkdf-tours-destination-item-title\">\n\t\t\t\t\t\t\t\t\t\t\t\t\tBoticas\t\t\t\t\t\t\t\t\t\t\t\t<\/h4>\n\t\t\t\t\t\t\t\t\t\t\t\t\t\t\t\t\t\t\t\t\t\t\t\t\t<h5 class=\"mkdf-tours-destination-desc\">Die Verf\u00fchrung des Berges...<\/h5>\n\t\t\t\t\t\t\t\t\t\t\t\t\t\t\t\t\t\t\t\t\t\t\t<\/div>\n\t\t\t\t\t\t\t\t\t\t<\/div>\n\t\t\t\t\t\t\t\t\t<\/div>\n\t\t\t\t\t\t\t\t<\/a>\n\t\t\t\t\t\t\t<\/div>\n\t\t\t\t\t\t<\/div>\n\t\t\t\t\t\t\t\t\t\t\t\t\t\t\n\t\t\t\t\t\t\t\t\t\t\t<div class=\"mkdf-tours-destination-grid-item mkdf-tours-row-item post-11878 destinations type-destinations status-publish has-post-thumbnail hentry\">\n\t\t\t\t\t\t\t<div class=\"mkdf-tours-destination-item-holder\">\n\t\t\t\t\t\t\t\t<a href=\"https:\/\/visitaltotamegaebarroso.pt\/de\/destinations\/chaves\/\">\n\t\t\t\t\t\t\t\t\t<div class=\"mkdf-tours-destination-item-image\">\n\t\t\t\t\t\t\t\t\t\t<img width=\"1100\" height=\"550\" src=\"https:\/\/visitaltotamegaebarroso.pt\/wp-content\/uploads\/2023\/03\/Chaves_1-1100x550.jpg\" class=\"attachment-roam_mikado_landscape size-roam_mikado_landscape wp-post-image\" alt=\"\" decoding=\"async\" loading=\"lazy\" \/>\t\t\t\t\t\t\t\t\t<\/div>\n\n\t\t\t\t\t\t\t\t\t<div class=\"mkdf-tours-destination-item-content\">\n\t\t\t\t\t\t\t\t\t\t<div class=\"mkdf-tours-destination-item-content-table\">\n\t\t\t\t\t\t\t\t\t\t\t<div class=\"mkdf-tours-destination-item-content-table-cell\">\n\t\t\t\t\t\t\t\t\t\t\t\t<h4 class=\"mkdf-tours-destination-item-title\">\n\t\t\t\t\t\t\t\t\t\t\t\t\tChaves\t\t\t\t\t\t\t\t\t\t\t\t<\/h4>\n\t\t\t\t\t\t\t\t\t\t\t\t\t\t\t\t\t\t\t\t\t\t\t\t\t<h5 class=\"mkdf-tours-destination-desc\">R\u00f6mische und Therme Gemeinde<\/h5>\n\t\t\t\t\t\t\t\t\t\t\t\t\t\t\t\t\t\t\t\t\t\t\t<\/div>\n\t\t\t\t\t\t\t\t\t\t<\/div>\n\t\t\t\t\t\t\t\t\t<\/div>\n\t\t\t\t\t\t\t\t<\/a>\n\t\t\t\t\t\t\t<\/div>\n\t\t\t\t\t\t<\/div>\n\t\t\t\t\t\t\t\t\t\t\t\t\t\t\n\t\t\t\t\t\t\t\t\t\t\t<div class=\"mkdf-tours-destination-grid-item mkdf-tours-row-item post-11881 destinations type-destinations status-publish has-post-thumbnail hentry\">\n\t\t\t\t\t\t\t<div class=\"mkdf-tours-destination-item-holder\">\n\t\t\t\t\t\t\t\t<a href=\"https:\/\/visitaltotamegaebarroso.pt\/de\/destinations\/montalegre\/\">\n\t\t\t\t\t\t\t\t\t<div class=\"mkdf-tours-destination-item-image\">\n\t\t\t\t\t\t\t\t\t\t<img width=\"1100\" height=\"550\" src=\"https:\/\/visitaltotamegaebarroso.pt\/wp-content\/uploads\/2023\/03\/Montalegre_3-1100x550.jpg\" class=\"attachment-roam_mikado_landscape size-roam_mikado_landscape wp-post-image\" alt=\"\" decoding=\"async\" loading=\"lazy\" \/>\t\t\t\t\t\t\t\t\t<\/div>\n\n\t\t\t\t\t\t\t\t\t<div class=\"mkdf-tours-destination-item-content\">\n\t\t\t\t\t\t\t\t\t\t<div class=\"mkdf-tours-destination-item-content-table\">\n\t\t\t\t\t\t\t\t\t\t\t<div class=\"mkdf-tours-destination-item-content-table-cell\">\n\t\t\t\t\t\t\t\t\t\t\t\t<h4 class=\"mkdf-tours-destination-item-title\">\n\t\t\t\t\t\t\t\t\t\t\t\t\tMontalegre\t\t\t\t\t\t\t\t\t\t\t\t<\/h4>\n\t\t\t\t\t\t\t\t\t\t\t\t\t\t\t\t\t\t\t\t\t\t\t\t\t<h5 class=\"mkdf-tours-destination-desc\">Eine Vorstellung von der Natur...<\/h5>\n\t\t\t\t\t\t\t\t\t\t\t\t\t\t\t\t\t\t\t\t\t\t\t<\/div>\n\t\t\t\t\t\t\t\t\t\t<\/div>\n\t\t\t\t\t\t\t\t\t<\/div>\n\t\t\t\t\t\t\t\t<\/a>\n\t\t\t\t\t\t\t<\/div>\n\t\t\t\t\t\t<\/div>\n\t\t\t\t\t\t\t\t\t\t\t\t\t\t\n\t\t\t\t\t\t\t\t\t\t\t<div class=\"mkdf-tours-destination-grid-item mkdf-tours-row-item post-11885 destinations type-destinations status-publish has-post-thumbnail hentry\">\n\t\t\t\t\t\t\t<div class=\"mkdf-tours-destination-item-holder\">\n\t\t\t\t\t\t\t\t<a href=\"https:\/\/visitaltotamegaebarroso.pt\/de\/destinations\/ribeira-de-pena\/\">\n\t\t\t\t\t\t\t\t\t<div class=\"mkdf-tours-destination-item-image\">\n\t\t\t\t\t\t\t\t\t\t<img width=\"1100\" height=\"550\" src=\"https:\/\/visitaltotamegaebarroso.pt\/wp-content\/uploads\/2023\/03\/RibeiradePena_4-1100x550.jpg\" class=\"attachment-roam_mikado_landscape size-roam_mikado_landscape wp-post-image\" alt=\"\" decoding=\"async\" loading=\"lazy\" \/>\t\t\t\t\t\t\t\t\t<\/div>\n\n\t\t\t\t\t\t\t\t\t<div class=\"mkdf-tours-destination-item-content\">\n\t\t\t\t\t\t\t\t\t\t<div class=\"mkdf-tours-destination-item-content-table\">\n\t\t\t\t\t\t\t\t\t\t\t<div class=\"mkdf-tours-destination-item-content-table-cell\">\n\t\t\t\t\t\t\t\t\t\t\t\t<h4 class=\"mkdf-tours-destination-item-title\">\n\t\t\t\t\t\t\t\t\t\t\t\t\tRibeira de Pena\t\t\t\t\t\t\t\t\t\t\t\t<\/h4>\n\t\t\t\t\t\t\t\t\t\t\t\t\t\t\t\t\t\t\t\t\t\t\t\t\t<h5 class=\"mkdf-tours-destination-desc\">ConVida, Naturalmente<\/h5>\n\t\t\t\t\t\t\t\t\t\t\t\t\t\t\t\t\t\t\t\t\t\t\t<\/div>\n\t\t\t\t\t\t\t\t\t\t<\/div>\n\t\t\t\t\t\t\t\t\t<\/div>\n\t\t\t\t\t\t\t\t<\/a>\n\t\t\t\t\t\t\t<\/div>\n\t\t\t\t\t\t<\/div>\n\t\t\t\t\t\t\t\t\t\t\t\t\t\t\n\t\t\t\t\t\t\t\t\t\t\t<div class=\"mkdf-tours-destination-grid-item mkdf-tours-row-item post-11887 destinations type-destinations status-publish has-post-thumbnail hentry\">\n\t\t\t\t\t\t\t<div class=\"mkdf-tours-destination-item-holder\">\n\t\t\t\t\t\t\t\t<a href=\"https:\/\/visitaltotamegaebarroso.pt\/de\/destinations\/valpacos\/\">\n\t\t\t\t\t\t\t\t\t<div class=\"mkdf-tours-destination-item-image\">\n\t\t\t\t\t\t\t\t\t\t<img width=\"1100\" height=\"550\" src=\"https:\/\/visitaltotamegaebarroso.pt\/wp-content\/uploads\/2017\/08\/Valpacos-1100x550.jpg\" class=\"attachment-roam_mikado_landscape size-roam_mikado_landscape wp-post-image\" alt=\"\" decoding=\"async\" loading=\"lazy\" \/>\t\t\t\t\t\t\t\t\t<\/div>\n\n\t\t\t\t\t\t\t\t\t<div class=\"mkdf-tours-destination-item-content\">\n\t\t\t\t\t\t\t\t\t\t<div class=\"mkdf-tours-destination-item-content-table\">\n\t\t\t\t\t\t\t\t\t\t\t<div class=\"mkdf-tours-destination-item-content-table-cell\">\n\t\t\t\t\t\t\t\t\t\t\t\t<h4 class=\"mkdf-tours-destination-item-title\">\n\t\t\t\t\t\t\t\t\t\t\t\t\tValpa\u00e7os\t\t\t\t\t\t\t\t\t\t\t\t<\/h4>\n\t\t\t\t\t\t\t\t\t\t\t\t\t\t\t\t\t\t\t\t\t\t\t<\/div>\n\t\t\t\t\t\t\t\t\t\t<\/div>\n\t\t\t\t\t\t\t\t\t<\/div>\n\t\t\t\t\t\t\t\t<\/a>\n\t\t\t\t\t\t\t<\/div>\n\t\t\t\t\t\t<\/div>\n\t\t\t\t\t\t\t\t\t\t\t\t\t\t\n\t\t\t\t\t\t\t\t\t\t\t<div class=\"mkdf-tours-destination-grid-item mkdf-tours-row-item post-11886 destinations type-destinations status-publish has-post-thumbnail hentry\">\n\t\t\t\t\t\t\t<div class=\"mkdf-tours-destination-item-holder\">\n\t\t\t\t\t\t\t\t<a href=\"https:\/\/visitaltotamegaebarroso.pt\/de\/destinations\/vila-pouca-de-aguiar\/\">\n\t\t\t\t\t\t\t\t\t<div class=\"mkdf-tours-destination-item-image\">\n\t\t\t\t\t\t\t\t\t\t<img width=\"1100\" height=\"550\" src=\"https:\/\/visitaltotamegaebarroso.pt\/wp-content\/uploads\/2017\/08\/VilaPouca-1100x550.jpg\" class=\"attachment-roam_mikado_landscape size-roam_mikado_landscape wp-post-image\" alt=\"\" decoding=\"async\" loading=\"lazy\" \/>\t\t\t\t\t\t\t\t\t<\/div>\n\n\t\t\t\t\t\t\t\t\t<div class=\"mkdf-tours-destination-item-content\">\n\t\t\t\t\t\t\t\t\t\t<div class=\"mkdf-tours-destination-item-content-table\">\n\t\t\t\t\t\t\t\t\t\t\t<div class=\"mkdf-tours-destination-item-content-table-cell\">\n\t\t\t\t\t\t\t\t\t\t\t\t<h4 class=\"mkdf-tours-destination-item-title\">\n\t\t\t\t\t\t\t\t\t\t\t\t\tVila Pouca de Aguiar\t\t\t\t\t\t\t\t\t\t\t\t<\/h4>\n\t\t\t\t\t\t\t\t\t\t\t\t\t\t\t\t\t\t\t\t\t\t\t\t\t<h5 class=\"mkdf-tours-destination-desc\">Lassen Sie sich verzaubern...<\/h5>\n\t\t\t\t\t\t\t\t\t\t\t\t\t\t\t\t\t\t\t\t\t\t\t<\/div>\n\t\t\t\t\t\t\t\t\t\t<\/div>\n\t\t\t\t\t\t\t\t\t<\/div>\n\t\t\t\t\t\t\t\t<\/a>\n\t\t\t\t\t\t\t<\/div>\n\t\t\t\t\t\t<\/div>\n\t\t\t\t\t\t\t\t\t\t\t\t<\/div>\n\t\t<\/div>\n\n\t\t\n\t<\/div>\t\t<\/div>\n\t<\/div>\n<\/div><\/div>[\/vc_column][\/vc_row][vc_row row_content_width=&#8220;grid&#8220; parallax_background_image=&#8220;6339&#8243; css=&#8220;.vc_custom_1680214068065{padding-top: 77px !important;padding-bottom: 107px !important;}&#8220;][vc_column]<div class=\"mkdf-elements-holder   mkdf-two-columns  mkdf-responsive-mode-1024 \" ><div class=\"mkdf-eh-item    \"  data-item-class=\"mkdf-eh-custom-4514\" data-1280-1600=\"0 40px 0 0\" data-1024-1280=\"33px 40px 0 0\" data-768-1024=\"0 0 40px\" data-680-768=\"0 0 40px\" data-680=\"0 0 40px\">\n\t<div class=\"mkdf-eh-item-inner\">\n\t\t<div class=\"mkdf-eh-item-content mkdf-eh-custom-4514\" style=\"padding: 0 40px 0 0\">\n\t\t\t\t\t<\/div>\n\t<\/div>\n<\/div><div class=\"mkdf-eh-item    \"  data-item-class=\"mkdf-eh-custom-4975\">\n\t<div class=\"mkdf-eh-item-inner\">\n\t\t<div class=\"mkdf-eh-item-content mkdf-eh-custom-4975\" style=\"padding: 0\">\n\t\t\t[vc_column_text]<\/p>\n<h2><\/h2>\n<p>[\/vc_column_text][vc_column_text]<\/p>\n<h2><span style=\"color: #ffffff;\">Hier bin ich gerne<\/span><\/h2>\n<p>[\/vc_column_text][vc_empty_space height=&#8220;20px&#8220;][vc_column_text]<\/p>\n<h5><span style=\"color: #ffffff;\">Verlieben Sie sich in ein einzigartiges Gebiet, das Sie einen Tag lang oder ein ganzes Leben lang erleben k\u00f6nnen!<\/span><\/h5>\n<h5><\/h5>\n<p>[\/vc_column_text][vc_empty_space height=&#8220;17px&#8220;]\t\t<\/div>\n\t<\/div>\n<\/div><\/div>[\/vc_column][\/vc_row][vc_row disable_element=&#8220;yes&#8220; css=&#8220;.vc_custom_1704472659808{padding-bottom: 115px !important;}&#8220;][vc_column][vc_empty_space height=&#8220;20px&#8220;]<div class=\"mkdf-elements-holder   mkdf-one-column  mkdf-responsive-mode-768 \" ><div class=\"mkdf-eh-item    \"  data-item-class=\"mkdf-eh-custom-1669\" data-680-768=\"0px 50px\" data-680=\"0px 30px\">\n\t<div class=\"mkdf-eh-item-inner\">\n\t\t<div class=\"mkdf-eh-item-content mkdf-eh-custom-1669\" style=\"padding: 0px 95px\">\n\t\t\t<div class=\"mkdf-section-title-holder  \" style=\"text-align: center\">\n\t<div class=\"mkdf-st-inner\">\n\t\t\t\t\t<h5 class=\"mkdf-st-subtitle\" >\n\t\t\t\tAlto T\u00e2mega e Barroso\t\t\t<\/h5>\n\t\t\t\t\t\t\t<h2 class=\"mkdf-st-title\" >\n\t\t\t\tWasser- und Wohlfahrtsgebiet\t\t\t<\/h2>\n\t\t\t\t\t<\/div>\n<\/div>[vc_empty_space height=&#8220;53px&#8220;]<div class=\"mkdf-tours-list-holder mkdf-tours-row mkdf-tr-tiny-space mkdf-has-label mkdf-tours-columns-5\">\n\t\t\t\t\t\t<div class=\"mkdf-tours-list-pagination-data\">\n\t\t\t\t<input type=\"hidden\" name=\"number\" value=\"15\">\n\t\t\t\t<input type=\"hidden\" name=\"order_by\" value=\"title\">\n\t\t\t\t<input type=\"hidden\" name=\"order\" value=\"ASC\">\n\t\t\t\t<input type=\"hidden\" name=\"tour_category\" value=\"pontos-de-interesse\">\n\t\t\t\t<input type=\"hidden\" name=\"destination\" value=\"\">\n\t\t\t\t<input type=\"hidden\" name=\"thumb_size\" value=\"roam_mikado_square\">\n\t\t\t\t<input type=\"hidden\" name=\"next_page\" value=\"2\">\n\t\t\t\t<input type=\"hidden\" name=\"tour_type\" value=\"gallery-simple\">\n\t\t\t\t<input type=\"hidden\" name=\"title_tag\" value=\"h4\">\n\t\t\t\t<input type=\"hidden\" name=\"text_length\" value=\"0\">\n\t\t\t\t<input type=\"hidden\" name=\"enable_overlay\" value=\"\">\n\t\t\t\t<input type=\"hidden\" name=\"content_background_color\" value=\"\">\n\t\t\t<\/div>\n\t\t\n\t\t\n        <div class=\"mkdf-tours-list-holder-inner mkdf-tours-row-inner-holder\">\n\t\t\t<div class=\"mkdf-tours-list-grid-sizer\"><\/div>\n\t\t\t<div class=\"mkdf-tours-gallery-simple-item mkdf-tours-row-item mkdf-tour-item-no-rating post-27628 tour-item type-tour-item status-publish has-post-thumbnail hentry tour-category-ribeira-de-pena-de tour-category-sehenswurdigkeiten tour-category-sport-und-abenteuer\">\n\t\t\t<div class=\"mkdf-tours-gallery-simple-item-image-holder\">\n\t\t\t\t\t\t\n\t\t\t<div class=\"mkdf-tours-gallery-simple-item-image\">\n\t\t\t\t<img width=\"550\" height=\"550\" src=\"https:\/\/visitaltotamegaebarroso.pt\/wp-content\/uploads\/2023\/07\/PR1_-Caminho-do-Abade-1354x804-1-550x550.jpg\" class=\"attachment-roam_mikado_square size-roam_mikado_square wp-post-image\" alt=\"\" decoding=\"async\" loading=\"lazy\" srcset=\"https:\/\/visitaltotamegaebarroso.pt\/wp-content\/uploads\/2023\/07\/PR1_-Caminho-do-Abade-1354x804-1-550x550.jpg 550w, https:\/\/visitaltotamegaebarroso.pt\/wp-content\/uploads\/2023\/07\/PR1_-Caminho-do-Abade-1354x804-1-150x150.jpg 150w\" sizes=\"(max-width: 550px) 100vw, 550px\" \/>\t\t\t\t<span class=\"mkdf-tours-gallery-simple-item-price-holder\">\n\t\t\t\t\t\n\t\t<span class=\"mkdf-tours-price-holder\">\n\t\t\t\t\t\t\t\t<\/span>\n\n\t\t\t\t\t\t<\/span>\t\t\t\t\n\t\t\t\t<div class=\"mkdf-tours-gallery-simple-item-content-holder\">\n\t\t\t\t\t<div class=\"mkdf-tours-gallery-simple-item-content-inner\">\n\t\t\t\t\t\t\t\t\t\t\t\t\t<h5 class=\"mkdf-tours-gallery-simple-item-destination-holder\">\n\t\t\t\t\t\t\t\t\n\t\t\t<a class=\"mkdf-tour-item-destination\" href=\"https:\/\/visitaltotamegaebarroso.pt\/de\/destinations\/ribeira-de-pena\/\">\n\t\t\t\tRibeira de Pena\t\t\t<\/a>\n\n\t\t\t\t\t\t\t\t\t<\/h5>\n\t\t\t\t\t\t\t\t\t\t\t\t<div class=\"mkdf-tours-gallery-simple-title-holder\">\n\t\t\t\t\t\t\t<h4 class=\"mkdf-tour-title\">\n\t\t\t\t\t\t\t\tAbbot&#8217;s Way Wanderroute &#8211; PR1 RPN\t\t\t\t\t\t\t<\/h4>\n\t\t\t\t\t\t<\/div>\n\t\t\t\t\t<\/div>\n\t\t\t\t<\/div>\n\t\t\t\t<a class=\"mkdf-tours-gallery-simple-item-link\" href=\"https:\/\/visitaltotamegaebarroso.pt\/de\/tour-item\/abbots-way-wanderroute-pr1-rpn\/\"><\/a>\n\t\t\t<\/div>\n\t\t<\/div>\n\t<\/div><div class=\"mkdf-tours-gallery-simple-item mkdf-tours-row-item mkdf-tour-item-no-rating post-28177 tour-item type-tour-item status-publish has-post-thumbnail hentry tour-category-montalegre-de tour-category-geschichte-und-kunst tour-category-sehenswurdigkeiten\">\n\t\t\t<div class=\"mkdf-tours-gallery-simple-item-image-holder\">\n\t\t\t\t\t\t\n\t\t\t<div class=\"mkdf-tours-gallery-simple-item-image\">\n\t\t\t\t<img width=\"550\" height=\"550\" src=\"https:\/\/visitaltotamegaebarroso.pt\/wp-content\/uploads\/2023\/07\/Igreja-Velha-de-Salto-1354x804-1-550x550.jpg\" class=\"attachment-roam_mikado_square size-roam_mikado_square wp-post-image\" alt=\"\" decoding=\"async\" loading=\"lazy\" srcset=\"https:\/\/visitaltotamegaebarroso.pt\/wp-content\/uploads\/2023\/07\/Igreja-Velha-de-Salto-1354x804-1-550x550.jpg 550w, https:\/\/visitaltotamegaebarroso.pt\/wp-content\/uploads\/2023\/07\/Igreja-Velha-de-Salto-1354x804-1-150x150.jpg 150w\" sizes=\"(max-width: 550px) 100vw, 550px\" \/>\t\t\t\t<span class=\"mkdf-tours-gallery-simple-item-price-holder\">\n\t\t\t\t\t\n\t\t<span class=\"mkdf-tours-price-holder\">\n\t\t\t\t\t\t\t\t<\/span>\n\n\t\t\t\t\t\t<\/span>\t\t\t\t\n\t\t\t\t<div class=\"mkdf-tours-gallery-simple-item-content-holder\">\n\t\t\t\t\t<div class=\"mkdf-tours-gallery-simple-item-content-inner\">\n\t\t\t\t\t\t\t\t\t\t\t\t\t<h5 class=\"mkdf-tours-gallery-simple-item-destination-holder\">\n\t\t\t\t\t\t\t\t\n\t\t\t<a class=\"mkdf-tour-item-destination\" href=\"https:\/\/visitaltotamegaebarroso.pt\/de\/destinations\/montalegre\/\">\n\t\t\t\tMontalegre\t\t\t<\/a>\n\n\t\t\t\t\t\t\t\t\t<\/h5>\n\t\t\t\t\t\t\t\t\t\t\t\t<div class=\"mkdf-tours-gallery-simple-title-holder\">\n\t\t\t\t\t\t\t<h4 class=\"mkdf-tour-title\">\n\t\t\t\t\t\t\t\tAlte Kirche von Salto\t\t\t\t\t\t\t<\/h4>\n\t\t\t\t\t\t<\/div>\n\t\t\t\t\t<\/div>\n\t\t\t\t<\/div>\n\t\t\t\t<a class=\"mkdf-tours-gallery-simple-item-link\" href=\"https:\/\/visitaltotamegaebarroso.pt\/de\/tour-item\/alte-kirche-von-salto\/\"><\/a>\n\t\t\t<\/div>\n\t\t<\/div>\n\t<\/div><div class=\"mkdf-tours-gallery-simple-item mkdf-tours-row-item mkdf-tour-item-no-rating post-21948 tour-item type-tour-item status-publish has-post-thumbnail hentry tour-category-vila-pouca-de-aguiar-de tour-category-berge-und-flusse tour-category-landschaftsstrasen tour-category-sehenswurdigkeiten tour-category-wasserroute\">\n\t\t\t<div class=\"mkdf-tours-gallery-simple-item-image-holder\">\n\t\t\t\t\t\t\n\t\t\t<div class=\"mkdf-tours-gallery-simple-item-image\">\n\t\t\t\t<img width=\"550\" height=\"550\" src=\"https:\/\/visitaltotamegaebarroso.pt\/wp-content\/uploads\/2023\/07\/Lagoa-Alvao-550x550.png\" class=\"attachment-roam_mikado_square size-roam_mikado_square wp-post-image\" alt=\"\" decoding=\"async\" loading=\"lazy\" srcset=\"https:\/\/visitaltotamegaebarroso.pt\/wp-content\/uploads\/2023\/07\/Lagoa-Alvao-550x550.png 550w, https:\/\/visitaltotamegaebarroso.pt\/wp-content\/uploads\/2023\/07\/Lagoa-Alvao-150x150.png 150w\" sizes=\"(max-width: 550px) 100vw, 550px\" \/>\t\t\t\t<span class=\"mkdf-tours-gallery-simple-item-price-holder\">\n\t\t\t\t\t\n\t\t<span class=\"mkdf-tours-price-holder\">\n\t\t\t\t\t\t\t<span class=\"mkdf-tours-item-price \">$1<\/span>\n\t\t\t\t\t\t\t\t<\/span>\n\n\t\t\t\t\t\t<\/span>\t\t\t\t\n\t\t\t\t<div class=\"mkdf-tours-gallery-simple-item-content-holder\">\n\t\t\t\t\t<div class=\"mkdf-tours-gallery-simple-item-content-inner\">\n\t\t\t\t\t\t\t\t\t\t\t\t\t<h5 class=\"mkdf-tours-gallery-simple-item-destination-holder\">\n\t\t\t\t\t\t\t\t\n\t\t\t<a class=\"mkdf-tour-item-destination\" href=\"https:\/\/visitaltotamegaebarroso.pt\/de\/destinations\/vila-pouca-de-aguiar\/\">\n\t\t\t\tVila Pouca de Aguiar\t\t\t<\/a>\n\n\t\t\t\t\t\t\t\t\t<\/h5>\n\t\t\t\t\t\t\t\t\t\t\t\t<div class=\"mkdf-tours-gallery-simple-title-holder\">\n\t\t\t\t\t\t\t<h4 class=\"mkdf-tour-title\">\n\t\t\t\t\t\t\t\tAlv\u00e3o-Lagune\t\t\t\t\t\t\t<\/h4>\n\t\t\t\t\t\t<\/div>\n\t\t\t\t\t<\/div>\n\t\t\t\t<\/div>\n\t\t\t\t<a class=\"mkdf-tours-gallery-simple-item-link\" href=\"https:\/\/visitaltotamegaebarroso.pt\/de\/tour-item\/alvao-lagune\/\"><\/a>\n\t\t\t<\/div>\n\t\t<\/div>\n\t<\/div><div class=\"mkdf-tours-gallery-simple-item mkdf-tours-row-item mkdf-tour-item-no-rating post-27562 tour-item type-tour-item status-publish has-post-thumbnail hentry tour-category-boticas-de tour-category-geschichte-und-kunst tour-category-sehenswurdigkeiten\">\n\t\t\t<div class=\"mkdf-tours-gallery-simple-item-image-holder\">\n\t\t\t\t\t\t\n\t\t\t<div class=\"mkdf-tours-gallery-simple-item-image\">\n\t\t\t\t<img width=\"550\" height=\"550\" src=\"https:\/\/visitaltotamegaebarroso.pt\/wp-content\/uploads\/2023\/07\/Sepulturas-Antropomorficas-550x550.png\" class=\"attachment-roam_mikado_square size-roam_mikado_square wp-post-image\" alt=\"\" decoding=\"async\" loading=\"lazy\" srcset=\"https:\/\/visitaltotamegaebarroso.pt\/wp-content\/uploads\/2023\/07\/Sepulturas-Antropomorficas-550x550.png 550w, https:\/\/visitaltotamegaebarroso.pt\/wp-content\/uploads\/2023\/07\/Sepulturas-Antropomorficas-150x150.png 150w\" sizes=\"(max-width: 550px) 100vw, 550px\" \/>\t\t\t\t<span class=\"mkdf-tours-gallery-simple-item-price-holder\">\n\t\t\t\t\t\n\t\t<span class=\"mkdf-tours-price-holder\">\n\t\t\t\t\t\t\t\t<\/span>\n\n\t\t\t\t\t\t<\/span>\t\t\t\t\n\t\t\t\t<div class=\"mkdf-tours-gallery-simple-item-content-holder\">\n\t\t\t\t\t<div class=\"mkdf-tours-gallery-simple-item-content-inner\">\n\t\t\t\t\t\t\t\t\t\t\t\t\t<h5 class=\"mkdf-tours-gallery-simple-item-destination-holder\">\n\t\t\t\t\t\t\t\t\n\t\t\t<a class=\"mkdf-tour-item-destination\" href=\"https:\/\/visitaltotamegaebarroso.pt\/de\/destinations\/boticas\/\">\n\t\t\t\tBoticas\t\t\t<\/a>\n\n\t\t\t\t\t\t\t\t\t<\/h5>\n\t\t\t\t\t\t\t\t\t\t\t\t<div class=\"mkdf-tours-gallery-simple-title-holder\">\n\t\t\t\t\t\t\t<h4 class=\"mkdf-tour-title\">\n\t\t\t\t\t\t\t\tAnthropomorphe Gr\u00e4ber von Sapi\u00e3os\t\t\t\t\t\t\t<\/h4>\n\t\t\t\t\t\t<\/div>\n\t\t\t\t\t<\/div>\n\t\t\t\t<\/div>\n\t\t\t\t<a class=\"mkdf-tours-gallery-simple-item-link\" href=\"https:\/\/visitaltotamegaebarroso.pt\/de\/tour-item\/anthropomorphe-graeber-von-sapiaos\/\"><\/a>\n\t\t\t<\/div>\n\t\t<\/div>\n\t<\/div><div class=\"mkdf-tours-gallery-simple-item mkdf-tours-row-item mkdf-tour-item-no-rating post-27914 tour-item type-tour-item status-publish has-post-thumbnail hentry tour-category-valpacos-de tour-category-geschichte-und-kunst tour-category-landschaftsstrasen tour-category-sehenswurdigkeiten\">\n\t\t\t<div class=\"mkdf-tours-gallery-simple-item-image-holder\">\n\t\t\t\t\t\t\n\t\t\t<div class=\"mkdf-tours-gallery-simple-item-image\">\n\t\t\t\t<img width=\"550\" height=\"550\" src=\"https:\/\/visitaltotamegaebarroso.pt\/wp-content\/uploads\/2023\/07\/Ponte-Arquinho-550x550.png\" class=\"attachment-roam_mikado_square size-roam_mikado_square wp-post-image\" alt=\"\" decoding=\"async\" loading=\"lazy\" srcset=\"https:\/\/visitaltotamegaebarroso.pt\/wp-content\/uploads\/2023\/07\/Ponte-Arquinho-550x550.png 550w, https:\/\/visitaltotamegaebarroso.pt\/wp-content\/uploads\/2023\/07\/Ponte-Arquinho-150x150.png 150w\" sizes=\"(max-width: 550px) 100vw, 550px\" \/>\t\t\t\t<span class=\"mkdf-tours-gallery-simple-item-price-holder\">\n\t\t\t\t\t\n\t\t<span class=\"mkdf-tours-price-holder\">\n\t\t\t\t\t\t\t\t<\/span>\n\n\t\t\t\t\t\t<\/span>\t\t\t\t\n\t\t\t\t<div class=\"mkdf-tours-gallery-simple-item-content-holder\">\n\t\t\t\t\t<div class=\"mkdf-tours-gallery-simple-item-content-inner\">\n\t\t\t\t\t\t\t\t\t\t\t\t\t<h5 class=\"mkdf-tours-gallery-simple-item-destination-holder\">\n\t\t\t\t\t\t\t\t\n\t\t\t<a class=\"mkdf-tour-item-destination\" href=\"https:\/\/visitaltotamegaebarroso.pt\/de\/destinations\/valpacos\/\">\n\t\t\t\tValpa\u00e7os\t\t\t<\/a>\n\n\t\t\t\t\t\t\t\t\t<\/h5>\n\t\t\t\t\t\t\t\t\t\t\t\t<div class=\"mkdf-tours-gallery-simple-title-holder\">\n\t\t\t\t\t\t\t<h4 class=\"mkdf-tour-title\">\n\t\t\t\t\t\t\t\tArquinho-Br\u00fccke\t\t\t\t\t\t\t<\/h4>\n\t\t\t\t\t\t<\/div>\n\t\t\t\t\t<\/div>\n\t\t\t\t<\/div>\n\t\t\t\t<a class=\"mkdf-tours-gallery-simple-item-link\" href=\"https:\/\/visitaltotamegaebarroso.pt\/de\/tour-item\/rabacal-bruecke-2\/\"><\/a>\n\t\t\t<\/div>\n\t\t<\/div>\n\t<\/div><div class=\"mkdf-tours-gallery-simple-item mkdf-tours-row-item mkdf-tour-item-no-rating post-28145 tour-item type-tour-item status-publish has-post-thumbnail hentry tour-category-boticas-de tour-category-dorfer-und-traditionen tour-category-geschichte-und-kunst tour-category-landschaftsstrasen tour-category-sehenswurdigkeiten\">\n\t\t\t<div class=\"mkdf-tours-gallery-simple-item-image-holder\">\n\t\t\t\t\t\t\n\t\t\t<div class=\"mkdf-tours-gallery-simple-item-image\">\n\t\t\t\t<img width=\"550\" height=\"550\" src=\"https:\/\/visitaltotamegaebarroso.pt\/wp-content\/uploads\/2023\/07\/moinho-aruba-1-550x550.jpg\" class=\"attachment-roam_mikado_square size-roam_mikado_square wp-post-image\" alt=\"\" decoding=\"async\" loading=\"lazy\" srcset=\"https:\/\/visitaltotamegaebarroso.pt\/wp-content\/uploads\/2023\/07\/moinho-aruba-1-550x550.jpg 550w, https:\/\/visitaltotamegaebarroso.pt\/wp-content\/uploads\/2023\/07\/moinho-aruba-1-150x150.jpg 150w\" sizes=\"(max-width: 550px) 100vw, 550px\" \/>\t\t\t\t<span class=\"mkdf-tours-gallery-simple-item-price-holder\">\n\t\t\t\t\t\n\t\t<span class=\"mkdf-tours-price-holder\">\n\t\t\t\t\t\t\t\t<\/span>\n\n\t\t\t\t\t\t<\/span>\t\t\t\t\n\t\t\t\t<div class=\"mkdf-tours-gallery-simple-item-content-holder\">\n\t\t\t\t\t<div class=\"mkdf-tours-gallery-simple-item-content-inner\">\n\t\t\t\t\t\t\t\t\t\t\t\t\t<h5 class=\"mkdf-tours-gallery-simple-item-destination-holder\">\n\t\t\t\t\t\t\t\t\n\t\t\t<a class=\"mkdf-tour-item-destination\" href=\"https:\/\/visitaltotamegaebarroso.pt\/de\/destinations\/boticas\/\">\n\t\t\t\tBoticas\t\t\t<\/a>\n\n\t\t\t\t\t\t\t\t\t<\/h5>\n\t\t\t\t\t\t\t\t\t\t\t\t<div class=\"mkdf-tours-gallery-simple-title-holder\">\n\t\t\t\t\t\t\t<h4 class=\"mkdf-tour-title\">\n\t\t\t\t\t\t\t\tAruba-M\u00fchle\t\t\t\t\t\t\t<\/h4>\n\t\t\t\t\t\t<\/div>\n\t\t\t\t\t<\/div>\n\t\t\t\t<\/div>\n\t\t\t\t<a class=\"mkdf-tours-gallery-simple-item-link\" href=\"https:\/\/visitaltotamegaebarroso.pt\/de\/tour-item\/aruba-muehle\/\"><\/a>\n\t\t\t<\/div>\n\t\t<\/div>\n\t<\/div><div class=\"mkdf-tours-gallery-simple-item mkdf-tours-row-item mkdf-tour-item-no-rating post-28455 tour-item type-tour-item status-publish has-post-thumbnail hentry tour-category-valpacos-de tour-category-geschichte-und-kunst tour-category-sehenswurdigkeiten\">\n\t\t\t<div class=\"mkdf-tours-gallery-simple-item-image-holder\">\n\t\t\t\t\t\t\n\t\t\t<div class=\"mkdf-tours-gallery-simple-item-image\">\n\t\t\t\t<img width=\"550\" height=\"550\" src=\"https:\/\/visitaltotamegaebarroso.pt\/wp-content\/uploads\/2023\/06\/Auditorio-Arte-e-Cultura-Luis-Teixeira-550x550.png\" class=\"attachment-roam_mikado_square size-roam_mikado_square wp-post-image\" alt=\"Audit\u00f3rio Arte e Cultura Lu\u00eds Teixeira Valpa\u00e7os\" decoding=\"async\" loading=\"lazy\" srcset=\"https:\/\/visitaltotamegaebarroso.pt\/wp-content\/uploads\/2023\/06\/Auditorio-Arte-e-Cultura-Luis-Teixeira-550x550.png 550w, https:\/\/visitaltotamegaebarroso.pt\/wp-content\/uploads\/2023\/06\/Auditorio-Arte-e-Cultura-Luis-Teixeira-150x150.png 150w\" sizes=\"(max-width: 550px) 100vw, 550px\" \/>\t\t\t\t<span class=\"mkdf-tours-gallery-simple-item-price-holder\">\n\t\t\t\t\t\n\t\t<span class=\"mkdf-tours-price-holder\">\n\t\t\t\t\t\t\t\t<\/span>\n\n\t\t\t\t\t\t<\/span>\t\t\t\t\n\t\t\t\t<div class=\"mkdf-tours-gallery-simple-item-content-holder\">\n\t\t\t\t\t<div class=\"mkdf-tours-gallery-simple-item-content-inner\">\n\t\t\t\t\t\t\t\t\t\t\t\t\t<h5 class=\"mkdf-tours-gallery-simple-item-destination-holder\">\n\t\t\t\t\t\t\t\t\n\t\t\t<a class=\"mkdf-tour-item-destination\" href=\"https:\/\/visitaltotamegaebarroso.pt\/de\/destinations\/valpacos\/\">\n\t\t\t\tValpa\u00e7os\t\t\t<\/a>\n\n\t\t\t\t\t\t\t\t\t<\/h5>\n\t\t\t\t\t\t\t\t\t\t\t\t<div class=\"mkdf-tours-gallery-simple-title-holder\">\n\t\t\t\t\t\t\t<h4 class=\"mkdf-tour-title\">\n\t\t\t\t\t\t\t\tAuditorium f\u00fcr Kunst und Kultur Lu\u00eds Teixeira\t\t\t\t\t\t\t<\/h4>\n\t\t\t\t\t\t<\/div>\n\t\t\t\t\t<\/div>\n\t\t\t\t<\/div>\n\t\t\t\t<a class=\"mkdf-tours-gallery-simple-item-link\" href=\"https:\/\/visitaltotamegaebarroso.pt\/de\/tour-item\/auditorium-fuer-kunst-und-kultur-luis-teixeira\/\"><\/a>\n\t\t\t<\/div>\n\t\t<\/div>\n\t<\/div><div class=\"mkdf-tours-gallery-simple-item mkdf-tours-row-item mkdf-tour-item-no-rating post-28161 tour-item type-tour-item status-publish has-post-thumbnail hentry tour-category-montalegre-de tour-category-berge-und-flusse tour-category-sehenswurdigkeiten\">\n\t\t\t<div class=\"mkdf-tours-gallery-simple-item-image-holder\">\n\t\t\t\t\t\t\n\t\t\t<div class=\"mkdf-tours-gallery-simple-item-image\">\n\t\t\t\t<img width=\"550\" height=\"550\" src=\"https:\/\/visitaltotamegaebarroso.pt\/wp-content\/uploads\/2023\/07\/Miradouro-Corujeira-550x550.png\" class=\"attachment-roam_mikado_square size-roam_mikado_square wp-post-image\" alt=\"\" decoding=\"async\" loading=\"lazy\" srcset=\"https:\/\/visitaltotamegaebarroso.pt\/wp-content\/uploads\/2023\/07\/Miradouro-Corujeira-550x550.png 550w, https:\/\/visitaltotamegaebarroso.pt\/wp-content\/uploads\/2023\/07\/Miradouro-Corujeira-150x150.png 150w\" sizes=\"(max-width: 550px) 100vw, 550px\" \/>\t\t\t\t<span class=\"mkdf-tours-gallery-simple-item-price-holder\">\n\t\t\t\t\t\n\t\t<span class=\"mkdf-tours-price-holder\">\n\t\t\t\t\t\t\t\t<\/span>\n\n\t\t\t\t\t\t<\/span>\t\t\t\t\n\t\t\t\t<div class=\"mkdf-tours-gallery-simple-item-content-holder\">\n\t\t\t\t\t<div class=\"mkdf-tours-gallery-simple-item-content-inner\">\n\t\t\t\t\t\t\t\t\t\t\t\t\t<h5 class=\"mkdf-tours-gallery-simple-item-destination-holder\">\n\t\t\t\t\t\t\t\t\n\t\t\t<a class=\"mkdf-tour-item-destination\" href=\"https:\/\/visitaltotamegaebarroso.pt\/de\/destinations\/montalegre\/\">\n\t\t\t\tMontalegre\t\t\t<\/a>\n\n\t\t\t\t\t\t\t\t\t<\/h5>\n\t\t\t\t\t\t\t\t\t\t\t\t<div class=\"mkdf-tours-gallery-simple-title-holder\">\n\t\t\t\t\t\t\t<h4 class=\"mkdf-tour-title\">\n\t\t\t\t\t\t\t\tAussichtspunkt Corujeira\t\t\t\t\t\t\t<\/h4>\n\t\t\t\t\t\t<\/div>\n\t\t\t\t\t<\/div>\n\t\t\t\t<\/div>\n\t\t\t\t<a class=\"mkdf-tours-gallery-simple-item-link\" href=\"https:\/\/visitaltotamegaebarroso.pt\/de\/tour-item\/aussichtspunkt-corujeira\/\"><\/a>\n\t\t\t<\/div>\n\t\t<\/div>\n\t<\/div><div class=\"mkdf-tours-gallery-simple-item mkdf-tours-row-item mkdf-tour-item-no-rating post-28500 tour-item type-tour-item status-publish has-post-thumbnail hentry tour-category-montalegre-de tour-category-berge-und-flusse tour-category-landschaftsstrasen tour-category-sehenswurdigkeiten tour-category-sport-und-abenteuer\">\n\t\t\t<div class=\"mkdf-tours-gallery-simple-item-image-holder\">\n\t\t\t\t\t\t\n\t\t\t<div class=\"mkdf-tours-gallery-simple-item-image\">\n\t\t\t\t<img width=\"550\" height=\"550\" src=\"https:\/\/visitaltotamegaebarroso.pt\/wp-content\/uploads\/2023\/06\/Miradouro-de-Fafiao-550x550.png\" class=\"attachment-roam_mikado_square size-roam_mikado_square wp-post-image\" alt=\"Miradouro de Fafi\u00e3o\" decoding=\"async\" loading=\"lazy\" srcset=\"https:\/\/visitaltotamegaebarroso.pt\/wp-content\/uploads\/2023\/06\/Miradouro-de-Fafiao-550x550.png 550w, https:\/\/visitaltotamegaebarroso.pt\/wp-content\/uploads\/2023\/06\/Miradouro-de-Fafiao-150x150.png 150w\" sizes=\"(max-width: 550px) 100vw, 550px\" \/>\t\t\t\t<span class=\"mkdf-tours-gallery-simple-item-price-holder\">\n\t\t\t\t\t\n\t\t<span class=\"mkdf-tours-price-holder\">\n\t\t\t\t\t\t\t\t<\/span>\n\n\t\t\t\t\t\t<\/span>\t\t\t\t\n\t\t\t\t<div class=\"mkdf-tours-gallery-simple-item-content-holder\">\n\t\t\t\t\t<div class=\"mkdf-tours-gallery-simple-item-content-inner\">\n\t\t\t\t\t\t\t\t\t\t\t\t\t<h5 class=\"mkdf-tours-gallery-simple-item-destination-holder\">\n\t\t\t\t\t\t\t\t\n\t\t\t<a class=\"mkdf-tour-item-destination\" href=\"https:\/\/visitaltotamegaebarroso.pt\/de\/destinations\/montalegre\/\">\n\t\t\t\tMontalegre\t\t\t<\/a>\n\n\t\t\t\t\t\t\t\t\t<\/h5>\n\t\t\t\t\t\t\t\t\t\t\t\t<div class=\"mkdf-tours-gallery-simple-title-holder\">\n\t\t\t\t\t\t\t<h4 class=\"mkdf-tour-title\">\n\t\t\t\t\t\t\t\tAussichtspunkt Fafi\u00e3o\t\t\t\t\t\t\t<\/h4>\n\t\t\t\t\t\t<\/div>\n\t\t\t\t\t<\/div>\n\t\t\t\t<\/div>\n\t\t\t\t<a class=\"mkdf-tours-gallery-simple-item-link\" href=\"https:\/\/visitaltotamegaebarroso.pt\/de\/tour-item\/aussichtspunkt-fafiao\/\"><\/a>\n\t\t\t<\/div>\n\t\t<\/div>\n\t<\/div><div class=\"mkdf-tours-gallery-simple-item mkdf-tours-row-item mkdf-tour-item-no-rating post-28153 tour-item type-tour-item status-publish has-post-thumbnail hentry tour-category-valpacos-de tour-category-landschaftsstrasen tour-category-sehenswurdigkeiten tour-category-sport-und-abenteuer\">\n\t\t\t<div class=\"mkdf-tours-gallery-simple-item-image-holder\">\n\t\t\t\t\t\t\n\t\t\t<div class=\"mkdf-tours-gallery-simple-item-image\">\n\t\t\t\t<img width=\"550\" height=\"550\" src=\"https:\/\/visitaltotamegaebarroso.pt\/wp-content\/uploads\/2023\/07\/Miradouro-Santa-Comba-550x550.png\" class=\"attachment-roam_mikado_square size-roam_mikado_square wp-post-image\" alt=\"\" decoding=\"async\" loading=\"lazy\" srcset=\"https:\/\/visitaltotamegaebarroso.pt\/wp-content\/uploads\/2023\/07\/Miradouro-Santa-Comba-550x550.png 550w, https:\/\/visitaltotamegaebarroso.pt\/wp-content\/uploads\/2023\/07\/Miradouro-Santa-Comba-150x150.png 150w\" sizes=\"(max-width: 550px) 100vw, 550px\" \/>\t\t\t\t<span class=\"mkdf-tours-gallery-simple-item-price-holder\">\n\t\t\t\t\t\n\t\t<span class=\"mkdf-tours-price-holder\">\n\t\t\t\t\t\t\t\t<\/span>\n\n\t\t\t\t\t\t<\/span>\t\t\t\t\n\t\t\t\t<div class=\"mkdf-tours-gallery-simple-item-content-holder\">\n\t\t\t\t\t<div class=\"mkdf-tours-gallery-simple-item-content-inner\">\n\t\t\t\t\t\t\t\t\t\t\t\t\t<h5 class=\"mkdf-tours-gallery-simple-item-destination-holder\">\n\t\t\t\t\t\t\t\t\n\t\t\t<a class=\"mkdf-tour-item-destination\" href=\"https:\/\/visitaltotamegaebarroso.pt\/de\/destinations\/valpacos\/\">\n\t\t\t\tValpa\u00e7os\t\t\t<\/a>\n\n\t\t\t\t\t\t\t\t\t<\/h5>\n\t\t\t\t\t\t\t\t\t\t\t\t<div class=\"mkdf-tours-gallery-simple-title-holder\">\n\t\t\t\t\t\t\t<h4 class=\"mkdf-tour-title\">\n\t\t\t\t\t\t\t\tAussichtspunkt Santa Comba\t\t\t\t\t\t\t<\/h4>\n\t\t\t\t\t\t<\/div>\n\t\t\t\t\t<\/div>\n\t\t\t\t<\/div>\n\t\t\t\t<a class=\"mkdf-tours-gallery-simple-item-link\" href=\"https:\/\/visitaltotamegaebarroso.pt\/de\/tour-item\/aussichtspunkt-santa-comba\/\"><\/a>\n\t\t\t<\/div>\n\t\t<\/div>\n\t<\/div><div class=\"mkdf-tours-gallery-simple-item mkdf-tours-row-item mkdf-tour-item-no-rating post-28157 tour-item type-tour-item status-publish has-post-thumbnail hentry tour-category-vila-pouca-de-aguiar-de tour-category-landschaftsstrasen tour-category-sehenswurdigkeiten\">\n\t\t\t<div class=\"mkdf-tours-gallery-simple-item-image-holder\">\n\t\t\t\t\t\t\n\t\t\t<div class=\"mkdf-tours-gallery-simple-item-image\">\n\t\t\t\t<img width=\"550\" height=\"550\" src=\"https:\/\/visitaltotamegaebarroso.pt\/wp-content\/uploads\/2023\/07\/Miradouro-Senhora-Conceicao-550x550.png\" class=\"attachment-roam_mikado_square size-roam_mikado_square wp-post-image\" alt=\"\" decoding=\"async\" loading=\"lazy\" srcset=\"https:\/\/visitaltotamegaebarroso.pt\/wp-content\/uploads\/2023\/07\/Miradouro-Senhora-Conceicao-550x550.png 550w, https:\/\/visitaltotamegaebarroso.pt\/wp-content\/uploads\/2023\/07\/Miradouro-Senhora-Conceicao-150x150.png 150w\" sizes=\"(max-width: 550px) 100vw, 550px\" \/>\t\t\t\t<span class=\"mkdf-tours-gallery-simple-item-price-holder\">\n\t\t\t\t\t\n\t\t<span class=\"mkdf-tours-price-holder\">\n\t\t\t\t\t\t\t\t<\/span>\n\n\t\t\t\t\t\t<\/span>\t\t\t\t\n\t\t\t\t<div class=\"mkdf-tours-gallery-simple-item-content-holder\">\n\t\t\t\t\t<div class=\"mkdf-tours-gallery-simple-item-content-inner\">\n\t\t\t\t\t\t\t\t\t\t\t\t\t<h5 class=\"mkdf-tours-gallery-simple-item-destination-holder\">\n\t\t\t\t\t\t\t\t\n\t\t\t<a class=\"mkdf-tour-item-destination\" href=\"https:\/\/visitaltotamegaebarroso.pt\/de\/destinations\/vila-pouca-de-aguiar\/\">\n\t\t\t\tVila Pouca de Aguiar\t\t\t<\/a>\n\n\t\t\t\t\t\t\t\t\t<\/h5>\n\t\t\t\t\t\t\t\t\t\t\t\t<div class=\"mkdf-tours-gallery-simple-title-holder\">\n\t\t\t\t\t\t\t<h4 class=\"mkdf-tour-title\">\n\t\t\t\t\t\t\t\tAussichtspunkt Santa Comba\t\t\t\t\t\t\t<\/h4>\n\t\t\t\t\t\t<\/div>\n\t\t\t\t\t<\/div>\n\t\t\t\t<\/div>\n\t\t\t\t<a class=\"mkdf-tours-gallery-simple-item-link\" href=\"https:\/\/visitaltotamegaebarroso.pt\/de\/tour-item\/aussichtspunkt-santa-comba-2\/\"><\/a>\n\t\t\t<\/div>\n\t\t<\/div>\n\t<\/div><div class=\"mkdf-tours-gallery-simple-item mkdf-tours-row-item mkdf-tour-item-no-rating post-28288 tour-item type-tour-item status-publish has-post-thumbnail hentry tour-category-montalegre-de tour-category-dorfer-und-traditionen tour-category-sehenswurdigkeiten\">\n\t\t\t<div class=\"mkdf-tours-gallery-simple-item-image-holder\">\n\t\t\t\t\t\t\n\t\t\t<div class=\"mkdf-tours-gallery-simple-item-image\">\n\t\t\t\t<img width=\"550\" height=\"550\" src=\"https:\/\/visitaltotamegaebarroso.pt\/wp-content\/uploads\/2023\/07\/Fojo-Avelar-550x550.png\" class=\"attachment-roam_mikado_square size-roam_mikado_square wp-post-image\" alt=\"\" decoding=\"async\" loading=\"lazy\" srcset=\"https:\/\/visitaltotamegaebarroso.pt\/wp-content\/uploads\/2023\/07\/Fojo-Avelar-550x550.png 550w, https:\/\/visitaltotamegaebarroso.pt\/wp-content\/uploads\/2023\/07\/Fojo-Avelar-150x150.png 150w\" sizes=\"(max-width: 550px) 100vw, 550px\" \/>\t\t\t\t<span class=\"mkdf-tours-gallery-simple-item-price-holder\">\n\t\t\t\t\t\n\t\t<span class=\"mkdf-tours-price-holder\">\n\t\t\t\t\t\t\t\t<\/span>\n\n\t\t\t\t\t\t<\/span>\t\t\t\t\n\t\t\t\t<div class=\"mkdf-tours-gallery-simple-item-content-holder\">\n\t\t\t\t\t<div class=\"mkdf-tours-gallery-simple-item-content-inner\">\n\t\t\t\t\t\t\t\t\t\t\t\t\t<h5 class=\"mkdf-tours-gallery-simple-item-destination-holder\">\n\t\t\t\t\t\t\t\t\n\t\t\t<a class=\"mkdf-tour-item-destination\" href=\"https:\/\/visitaltotamegaebarroso.pt\/de\/destinations\/montalegre\/\">\n\t\t\t\tMontalegre\t\t\t<\/a>\n\n\t\t\t\t\t\t\t\t\t<\/h5>\n\t\t\t\t\t\t\t\t\t\t\t\t<div class=\"mkdf-tours-gallery-simple-title-holder\">\n\t\t\t\t\t\t\t<h4 class=\"mkdf-tour-title\">\n\t\t\t\t\t\t\t\tAvelars Wolfsfalle\t\t\t\t\t\t\t<\/h4>\n\t\t\t\t\t\t<\/div>\n\t\t\t\t\t<\/div>\n\t\t\t\t<\/div>\n\t\t\t\t<a class=\"mkdf-tours-gallery-simple-item-link\" href=\"https:\/\/visitaltotamegaebarroso.pt\/de\/tour-item\/avelars-wolfsfalle\/\"><\/a>\n\t\t\t<\/div>\n\t\t<\/div>\n\t<\/div><div class=\"mkdf-tours-gallery-simple-item mkdf-tours-row-item mkdf-tour-item-no-rating post-28390 tour-item type-tour-item status-publish hentry tour-category-montalegre-de tour-category-berge-und-flusse tour-category-sehenswurdigkeiten\">\n\t<\/div><div class=\"mkdf-tours-gallery-simple-item mkdf-tours-row-item mkdf-tour-item-no-rating post-28361 tour-item type-tour-item status-publish has-post-thumbnail hentry tour-category-ribeira-de-pena-de tour-category-geschichte-und-kunst tour-category-sehenswurdigkeiten\">\n\t\t\t<div class=\"mkdf-tours-gallery-simple-item-image-holder\">\n\t\t\t\t\t\t\n\t\t\t<div class=\"mkdf-tours-gallery-simple-item-image\">\n\t\t\t\t<img width=\"550\" height=\"550\" src=\"https:\/\/visitaltotamegaebarroso.pt\/wp-content\/uploads\/2023\/07\/Castro-de-Cabriz-550x550.png\" class=\"attachment-roam_mikado_square size-roam_mikado_square wp-post-image\" alt=\"\" decoding=\"async\" loading=\"lazy\" srcset=\"https:\/\/visitaltotamegaebarroso.pt\/wp-content\/uploads\/2023\/07\/Castro-de-Cabriz-550x550.png 550w, https:\/\/visitaltotamegaebarroso.pt\/wp-content\/uploads\/2023\/07\/Castro-de-Cabriz-150x150.png 150w\" sizes=\"(max-width: 550px) 100vw, 550px\" \/>\t\t\t\t<span class=\"mkdf-tours-gallery-simple-item-price-holder\">\n\t\t\t\t\t\n\t\t<span class=\"mkdf-tours-price-holder\">\n\t\t\t\t\t\t\t\t<\/span>\n\n\t\t\t\t\t\t<\/span>\t\t\t\t\n\t\t\t\t<div class=\"mkdf-tours-gallery-simple-item-content-holder\">\n\t\t\t\t\t<div class=\"mkdf-tours-gallery-simple-item-content-inner\">\n\t\t\t\t\t\t\t\t\t\t\t\t\t<h5 class=\"mkdf-tours-gallery-simple-item-destination-holder\">\n\t\t\t\t\t\t\t\t\n\t\t\t<a class=\"mkdf-tour-item-destination\" href=\"https:\/\/visitaltotamegaebarroso.pt\/de\/destinations\/ribeira-de-pena\/\">\n\t\t\t\tRibeira de Pena\t\t\t<\/a>\n\n\t\t\t\t\t\t\t\t\t<\/h5>\n\t\t\t\t\t\t\t\t\t\t\t\t<div class=\"mkdf-tours-gallery-simple-title-holder\">\n\t\t\t\t\t\t\t<h4 class=\"mkdf-tour-title\">\n\t\t\t\t\t\t\t\tBergfestung Cabriz\t\t\t\t\t\t\t<\/h4>\n\t\t\t\t\t\t<\/div>\n\t\t\t\t\t<\/div>\n\t\t\t\t<\/div>\n\t\t\t\t<a class=\"mkdf-tours-gallery-simple-item-link\" href=\"https:\/\/visitaltotamegaebarroso.pt\/de\/tour-item\/bergfestung-cabriz\/\"><\/a>\n\t\t\t<\/div>\n\t\t<\/div>\n\t<\/div><div class=\"mkdf-tours-gallery-simple-item mkdf-tours-row-item mkdf-tour-item-no-rating post-28357 tour-item type-tour-item status-publish has-post-thumbnail hentry tour-category-chaves-de tour-category-geschichte-und-kunst tour-category-landschaftsstrasen tour-category-sehenswurdigkeiten\">\n\t\t\t<div class=\"mkdf-tours-gallery-simple-item-image-holder\">\n\t\t\t\t\t\t\n\t\t\t<div class=\"mkdf-tours-gallery-simple-item-image\">\n\t\t\t\t<img width=\"550\" height=\"550\" src=\"https:\/\/visitaltotamegaebarroso.pt\/wp-content\/uploads\/2023\/07\/Castro-Curalha-550x550.png\" class=\"attachment-roam_mikado_square size-roam_mikado_square wp-post-image\" alt=\"\" decoding=\"async\" loading=\"lazy\" srcset=\"https:\/\/visitaltotamegaebarroso.pt\/wp-content\/uploads\/2023\/07\/Castro-Curalha-550x550.png 550w, https:\/\/visitaltotamegaebarroso.pt\/wp-content\/uploads\/2023\/07\/Castro-Curalha-150x150.png 150w\" sizes=\"(max-width: 550px) 100vw, 550px\" \/>\t\t\t\t<span class=\"mkdf-tours-gallery-simple-item-price-holder\">\n\t\t\t\t\t\n\t\t<span class=\"mkdf-tours-price-holder\">\n\t\t\t\t\t\t\t<span class=\"mkdf-tours-item-price \">$1<\/span>\n\t\t\t\t\t\t\t\t<\/span>\n\n\t\t\t\t\t\t<\/span>\t\t\t\t\n\t\t\t\t<div class=\"mkdf-tours-gallery-simple-item-content-holder\">\n\t\t\t\t\t<div class=\"mkdf-tours-gallery-simple-item-content-inner\">\n\t\t\t\t\t\t\t\t\t\t\t\t\t<h5 class=\"mkdf-tours-gallery-simple-item-destination-holder\">\n\t\t\t\t\t\t\t\t\n\t\t\t<a class=\"mkdf-tour-item-destination\" href=\"https:\/\/visitaltotamegaebarroso.pt\/de\/destinations\/chaves\/\">\n\t\t\t\tChaves\t\t\t<\/a>\n\n\t\t\t\t\t\t\t\t\t<\/h5>\n\t\t\t\t\t\t\t\t\t\t\t\t<div class=\"mkdf-tours-gallery-simple-title-holder\">\n\t\t\t\t\t\t\t<h4 class=\"mkdf-tour-title\">\n\t\t\t\t\t\t\t\tBergfestung Curalha\t\t\t\t\t\t\t<\/h4>\n\t\t\t\t\t\t<\/div>\n\t\t\t\t\t<\/div>\n\t\t\t\t<\/div>\n\t\t\t\t<a class=\"mkdf-tours-gallery-simple-item-link\" href=\"https:\/\/visitaltotamegaebarroso.pt\/de\/tour-item\/bergfestung-curalha\/\"><\/a>\n\t\t\t<\/div>\n\t\t<\/div>\n\t<\/div>\t\t<\/div>\n\n\t\t\t\t\t<div class=\"mkdf-tours-pagination-holder mkdf-tours-pagination-load-more\">\n\t\t\t\t\t\t\t\t\t<a itemprop=\"url\" href=\"#\" target=\"_self\"  class=\"mkdf-btn mkdf-btn-large mkdf-btn-solid mkdf-tours-load-more-button\"  data-loading-label=\"Loading...\">\n    <span class=\"mkdf-btn-text\">Mehr Laden<\/span>\n    <\/a>\t\t\t\t\t\t\t<\/div>\n\n\t\t\n\n\t\t<\/div>\t\t<\/div>\n\t<\/div>\n<\/div><\/div>[\/vc_column][\/vc_row][vc_row css=&#8220;.vc_custom_1501857279072{padding-top: 104px !important;}&#8220;][vc_column]<div class=\"mkdf-elements-holder   mkdf-one-column  mkdf-responsive-mode-768 \" ><div class=\"mkdf-eh-item   mkdf-horizontal-alignment-center \"  data-item-class=\"mkdf-eh-custom-4483\" data-1280-1600=\"0 19% 73px\" data-1024-1280=\"0 17% 73px\" data-768-1024=\"0 8% 73px\" data-680-768=\"0 7% 73px\" data-680=\"0 3% 73px\">\n\t<div class=\"mkdf-eh-item-inner\">\n\t\t<div class=\"mkdf-eh-item-content mkdf-eh-custom-4483\" style=\"padding: 0 30% 63px\">\n\t\t\t<div class=\"mkdf-section-title-holder  \" style=\"text-align: center\">\n\t<div class=\"mkdf-st-inner\">\n\t\t\t\t\t<h5 class=\"mkdf-st-subtitle\" >\n\t\t\t\tEntdecken Sie das Beste, was wir zu bieten haben\t\t\t<\/h5>\n\t\t\t\t\t\t\t<h2 class=\"mkdf-st-title\" >\n\t\t\t\tAlto T\u00e2mega e Barroso\t\t\t<\/h2>\n\t\t\t\t\t\t\t<p class=\"mkdf-st-text\" >\n\t\t\t\tEin Gebiet voller Charme, in dem sich die Natur in ihrem reinsten Zustand mit jahrhundertealtem Erbe und Traditionen, hervorragenden Produkten und einer einzigartigen K\u00fcche verbindet.\t\t\t<\/p>\n\t\t\t<\/div>\n<\/div>\t\t<\/div>\n\t<\/div>\n<\/div><\/div><div class=\"mkdf-elements-holder   mkdf-one-column  mkdf-responsive-mode-768 \" ><div class=\"mkdf-eh-item    \"  data-item-class=\"mkdf-eh-custom-7917\" data-680-768=\"0 51px 95px\" data-680=\"0 29px 95px\">\n\t<div class=\"mkdf-eh-item-inner\">\n\t\t<div class=\"mkdf-eh-item-content mkdf-eh-custom-7917\" style=\"padding: 0 95px 115px\">\n\t\t\t<div class=\"mkdf-blog-list-holder mkdf-bl-masonry mkdf-bl-three-columns mkdf-large-space mkdf-bl-pag-load-more\"  data-type=masonry data-number-of-posts=3 data-number-of-columns=3 data-space-between-items=large data-category=noticias data-order-by=date data-order=DESC data-image-size=medium data-title-tag=h4 data-excerpt-length=40 data-post-info-section=yes data-post-info-image=yes data-post-info-author=no data-post-info-date=yes data-post-info-category=yes data-post-info-comments=no data-post-info-like=no data-post-info-share=yes data-pagination-type=load-more data-holder-classes=mkdf-bl-masonry mkdf-bl-three-columns mkdf-large-space mkdf-bl-pag-load-more data-max-num-pages=21 data-next-page=2>\n\t<div class=\"mkdf-bl-wrapper mkdf-outer-space\">\n\t\t<ul class=\"mkdf-blog-list\">\n\t\t\t<div class=\"mkdf-bl-grid-sizer\"><\/div>\n\t\t\t<div class=\"mkdf-bl-grid-gutter\"><\/div>\n\t\t\t<li class=\"mkdf-bl-item mkdf-item-space clearfix\">\n\t<div class=\"mkdf-bli-inner\">\n\t\t\n\t<div class=\"mkdf-post-image\">\n\t\t\t\t\t<a itemprop=\"url\" href=\"https:\/\/visitaltotamegaebarroso.pt\/de\/15-april-bis-3-mai-eine-reise-durch-die-zeit-das-ptat-zeigt-eine-ausstellung-antiker-uhren\/\" title=\"15. April bis 3. Mai | Eine Reise durch die Zeit: Das PTAT zeigt eine Ausstellung antiker Uhren\">\n\t\t\t\t\t\t\t\t\t<img width=\"212\" height=\"300\" src=\"https:\/\/visitaltotamegaebarroso.pt\/wp-content\/uploads\/2026\/04\/EXPOSICAO-Relogios-212x300.png\" class=\"attachment-medium size-medium wp-post-image\" alt=\"\" decoding=\"async\" loading=\"lazy\" srcset=\"https:\/\/visitaltotamegaebarroso.pt\/wp-content\/uploads\/2026\/04\/EXPOSICAO-Relogios-212x300.png 212w, https:\/\/visitaltotamegaebarroso.pt\/wp-content\/uploads\/2026\/04\/EXPOSICAO-Relogios-724x1024.png 724w, https:\/\/visitaltotamegaebarroso.pt\/wp-content\/uploads\/2026\/04\/EXPOSICAO-Relogios-768x1086.png 768w, https:\/\/visitaltotamegaebarroso.pt\/wp-content\/uploads\/2026\/04\/EXPOSICAO-Relogios-1086x1536.png 1086w, https:\/\/visitaltotamegaebarroso.pt\/wp-content\/uploads\/2026\/04\/EXPOSICAO-Relogios.png 1414w\" sizes=\"(max-width: 212px) 100vw, 212px\" \/>\t\t\t\t\t\t\t\t<\/a>\n\t\t\t\t\t<\/div>\n        <div class=\"mkdf-bli-content\">\n                            <div class=\"mkdf-bli-info\">\n\t                <div itemprop=\"dateCreated\" class=\"mkdf-post-info-date entry-date published updated\">\n            <a itemprop=\"url\" href=\"https:\/\/visitaltotamegaebarroso.pt\/de\/2026\/04\/\">\n            \n            <div class=\"mkdf-post-date-wrap\">\n                14 de April, 2026            <\/div>\n        <\/a>\n        <meta itemprop=\"interactionCount\" content=\"UserComments: 0\"\/>\n<\/div><div class=\"mkdf-post-info-category\">\n    <span aria-hidden=\"true\" class=\"icon_tag\"><\/span><a href=\"https:\/\/visitaltotamegaebarroso.pt\/de\/category\/nachrichten\/\" rel=\"category tag\">Nachrichten<\/a><\/div>    <div class=\"mkdf-blog-share\">\n        <div class=\"mkdf-social-share-holder mkdf-list\">\n\t\t<ul>\n\t\t<li class=\"mkdf-facebook-share\">\n\t<a itemprop=\"url\" class=\"mkdf-share-link\" href=\"#\" onclick=\"window.open(&#039;http:\/\/www.facebook.com\/sharer\/sharer.php?u=https:\/\/visitaltotamegaebarroso.pt\/de\/15-april-bis-3-mai-eine-reise-durch-die-zeit-das-ptat-zeigt-eine-ausstellung-antiker-uhren\/&#039;);\">\n\t\t\t\t\t<span class=\"mkdf-social-network-icon fa fa-facebook\"><\/span>\n\t\t\t<\/a>\n<\/li><li class=\"mkdf-twitter-share\">\n\t<a itemprop=\"url\" class=\"mkdf-share-link\" href=\"#\" onclick=\"window.open(&#039;https:\/\/twitter.com\/intent\/tweet?text=Das+Tourismusb%C3%BCro+Alto+T%C3%A2mega+und+Barroso+%28PTAT%29+pr%C3%A4sentiert+vom+15.+April+bis+zum+3.+Mai+eine+Ausstellung%2C+die+der+ https:\/\/visitaltotamegaebarroso.pt\/de\/15-april-bis-3-mai-eine-reise-durch-die-zeit-das-ptat-zeigt-eine-ausstellung-antiker-uhren\/&#039;, &#039;popupwindow&#039;, &#039;scrollbars=yes,width=800,height=400&#039;);\">\n\t\t\t\t\t<span class=\"mkdf-social-network-icon fa fa-twitter\"><\/span>\n\t\t\t<\/a>\n<\/li>\t<\/ul>\n<\/div>    <\/div>\n                <\/div>\n            \t\n\t        \n<h4 itemprop=\"name\" class=\"entry-title mkdf-post-title\" >\n            <a itemprop=\"url\" href=\"https:\/\/visitaltotamegaebarroso.pt\/de\/15-april-bis-3-mai-eine-reise-durch-die-zeit-das-ptat-zeigt-eine-ausstellung-antiker-uhren\/\" title=\"15. April bis 3. Mai | Eine Reise durch die Zeit: Das PTAT zeigt eine Ausstellung antiker Uhren\">\n            15. April bis 3. Mai | Eine Reise durch die Zeit: Das PTAT zeigt eine Ausstellung antiker Uhren            <\/a>\n    <\/h4>\t\n\t        <div class=\"mkdf-bli-excerpt\">\n\t\t        \t\t<div class=\"mkdf-post-excerpt-holder\">\n\t\t\t<p itemprop=\"description\" class=\"mkdf-post-excerpt\">\n\t\t\t\tDas Tourismusb\u00fcro Alto T\u00e2mega und Barroso (PTAT) pr\u00e4sentiert vom 15. April bis zum 3. Mai eine Ausstellung, die der Welt antiker Uhren gewidmet ist. Die Initiative wird in Zusammenarbeit mit der Casa dos Candeias \u2013 Museu Vivo durchgef\u00fchrt.\t\t\t<\/p>\n\t\t<\/div>\n\t\t\t        \t<div class=\"mkdf-post-read-more-button\">\n\t\t<a itemprop=\"url\" href=\"https:\/\/visitaltotamegaebarroso.pt\/de\/15-april-bis-3-mai-eine-reise-durch-die-zeit-das-ptat-zeigt-eine-ausstellung-antiker-uhren\/\" target=\"_self\"  class=\"mkdf-btn mkdf-btn-medium mkdf-btn-simple mkdf-blog-list-button\"  >    <span class=\"mkdf-btn-text\">WEITERLESEN<\/span>    <\/a>\t<\/div>\n\t        <\/div>\n        <\/div>\n\t<\/div>\n<\/li><li class=\"mkdf-bl-item mkdf-item-space clearfix\">\n\t<div class=\"mkdf-bli-inner\">\n\t\t\n\t<div class=\"mkdf-post-image\">\n\t\t\t\t\t<a itemprop=\"url\" href=\"https:\/\/visitaltotamegaebarroso.pt\/de\/cimat-staerkte-die-regionale-vermarktung-auf-der-35-montalegre-messe-fuer-geraeuchertes-fleisch\/\" title=\"CIMAT st\u00e4rkte die regionale Vermarktung auf der 35. Montalegre-Messe f\u00fcr ger\u00e4uchertes Fleisch\">\n\t\t\t\t\t\t\t\t\t<img width=\"300\" height=\"139\" src=\"https:\/\/visitaltotamegaebarroso.pt\/wp-content\/uploads\/2026\/01\/Feira-do-Fumeiro-de-Montalegre_1-300x139.jpeg\" class=\"attachment-medium size-medium wp-post-image\" alt=\"\" decoding=\"async\" loading=\"lazy\" srcset=\"https:\/\/visitaltotamegaebarroso.pt\/wp-content\/uploads\/2026\/01\/Feira-do-Fumeiro-de-Montalegre_1-300x139.jpeg 300w, https:\/\/visitaltotamegaebarroso.pt\/wp-content\/uploads\/2026\/01\/Feira-do-Fumeiro-de-Montalegre_1-1024x473.jpeg 1024w, https:\/\/visitaltotamegaebarroso.pt\/wp-content\/uploads\/2026\/01\/Feira-do-Fumeiro-de-Montalegre_1-768x355.jpeg 768w, https:\/\/visitaltotamegaebarroso.pt\/wp-content\/uploads\/2026\/01\/Feira-do-Fumeiro-de-Montalegre_1-1536x710.jpeg 1536w\" sizes=\"(max-width: 300px) 100vw, 300px\" \/>\t\t\t\t\t\t\t\t<\/a>\n\t\t\t\t\t<\/div>\n        <div class=\"mkdf-bli-content\">\n                            <div class=\"mkdf-bli-info\">\n\t                <div itemprop=\"dateCreated\" class=\"mkdf-post-info-date entry-date published updated\">\n            <a itemprop=\"url\" href=\"https:\/\/visitaltotamegaebarroso.pt\/de\/2026\/01\/\">\n            \n            <div class=\"mkdf-post-date-wrap\">\n                27 de Januar, 2026            <\/div>\n        <\/a>\n        <meta itemprop=\"interactionCount\" content=\"UserComments: 0\"\/>\n<\/div><div class=\"mkdf-post-info-category\">\n    <span aria-hidden=\"true\" class=\"icon_tag\"><\/span><a href=\"https:\/\/visitaltotamegaebarroso.pt\/de\/category\/nachrichten\/\" rel=\"category tag\">Nachrichten<\/a><\/div>    <div class=\"mkdf-blog-share\">\n        <div class=\"mkdf-social-share-holder mkdf-list\">\n\t\t<ul>\n\t\t<li class=\"mkdf-facebook-share\">\n\t<a itemprop=\"url\" class=\"mkdf-share-link\" href=\"#\" onclick=\"window.open(&#039;http:\/\/www.facebook.com\/sharer\/sharer.php?u=https:\/\/visitaltotamegaebarroso.pt\/de\/cimat-staerkte-die-regionale-vermarktung-auf-der-35-montalegre-messe-fuer-geraeuchertes-fleisch\/&#039;);\">\n\t\t\t\t\t<span class=\"mkdf-social-network-icon fa fa-facebook\"><\/span>\n\t\t\t<\/a>\n<\/li><li class=\"mkdf-twitter-share\">\n\t<a itemprop=\"url\" class=\"mkdf-share-link\" href=\"#\" onclick=\"window.open(&#039;https:\/\/twitter.com\/intent\/tweet?text=Die+Interkommunale+Gemeinschaft+Alto+T%C3%A2mega+und+Barroso+%28CIMAT%29+war+auf+der+35.+Montalegre-Messe+f%C3%BCr+ger%C3%A4uchertes+ https:\/\/visitaltotamegaebarroso.pt\/de\/cimat-staerkte-die-regionale-vermarktung-auf-der-35-montalegre-messe-fuer-geraeuchertes-fleisch\/&#039;, &#039;popupwindow&#039;, &#039;scrollbars=yes,width=800,height=400&#039;);\">\n\t\t\t\t\t<span class=\"mkdf-social-network-icon fa fa-twitter\"><\/span>\n\t\t\t<\/a>\n<\/li>\t<\/ul>\n<\/div>    <\/div>\n                <\/div>\n            \t\n\t        \n<h4 itemprop=\"name\" class=\"entry-title mkdf-post-title\" >\n            <a itemprop=\"url\" href=\"https:\/\/visitaltotamegaebarroso.pt\/de\/cimat-staerkte-die-regionale-vermarktung-auf-der-35-montalegre-messe-fuer-geraeuchertes-fleisch\/\" title=\"CIMAT st\u00e4rkte die regionale Vermarktung auf der 35. Montalegre-Messe f\u00fcr ger\u00e4uchertes Fleisch\">\n            CIMAT st\u00e4rkte die regionale Vermarktung auf der 35. Montalegre-Messe f\u00fcr ger\u00e4uchertes Fleisch            <\/a>\n    <\/h4>\t\n\t        <div class=\"mkdf-bli-excerpt\">\n\t\t        \t\t<div class=\"mkdf-post-excerpt-holder\">\n\t\t\t<p itemprop=\"description\" class=\"mkdf-post-excerpt\">\n\t\t\t\tDie Interkommunale Gemeinschaft Alto T\u00e2mega und Barroso (CIMAT) war auf der 35. Montalegre-Messe f\u00fcr ger\u00e4uchertes Fleisch vertreten, die vom 22. bis 25. Januar im Montalegre-Mehrzweckpavillon stattfand. Dies war Teil ihrer Strategie zur F\u00f6rderung und St\u00e4rkung der Region.\t\t\t<\/p>\n\t\t<\/div>\n\t\t\t        \t<div class=\"mkdf-post-read-more-button\">\n\t\t<a itemprop=\"url\" href=\"https:\/\/visitaltotamegaebarroso.pt\/de\/cimat-staerkte-die-regionale-vermarktung-auf-der-35-montalegre-messe-fuer-geraeuchertes-fleisch\/\" target=\"_self\"  class=\"mkdf-btn mkdf-btn-medium mkdf-btn-simple mkdf-blog-list-button\"  >    <span class=\"mkdf-btn-text\">WEITERLESEN<\/span>    <\/a>\t<\/div>\n\t        <\/div>\n        <\/div>\n\t<\/div>\n<\/li><li class=\"mkdf-bl-item mkdf-item-space clearfix\">\n\t<div class=\"mkdf-bli-inner\">\n\t\t\n\t<div class=\"mkdf-post-image\">\n\t\t\t\t\t<a itemprop=\"url\" href=\"https:\/\/visitaltotamegaebarroso.pt\/de\/die-interkommunale-gemeinschaft-von-alto-tamega-und-barroso-cimat-staerkt-ihre-tourismusstrategie-auf-der-fitur-2026\/\" title=\"Die Interkommunale Gemeinschaft von Alto T\u00e2mega und Barroso (CIMAT) st\u00e4rkt ihre Tourismusstrategie auf der FITUR 2026.\">\n\t\t\t\t\t\t\t\t\t<img width=\"300\" height=\"225\" src=\"https:\/\/visitaltotamegaebarroso.pt\/wp-content\/uploads\/2026\/01\/Fitur-2026_2-300x225.jpeg\" class=\"attachment-medium size-medium wp-post-image\" alt=\"\" decoding=\"async\" loading=\"lazy\" srcset=\"https:\/\/visitaltotamegaebarroso.pt\/wp-content\/uploads\/2026\/01\/Fitur-2026_2-300x225.jpeg 300w, https:\/\/visitaltotamegaebarroso.pt\/wp-content\/uploads\/2026\/01\/Fitur-2026_2-1024x768.jpeg 1024w, https:\/\/visitaltotamegaebarroso.pt\/wp-content\/uploads\/2026\/01\/Fitur-2026_2-768x576.jpeg 768w, https:\/\/visitaltotamegaebarroso.pt\/wp-content\/uploads\/2026\/01\/Fitur-2026_2-1536x1152.jpeg 1536w, https:\/\/visitaltotamegaebarroso.pt\/wp-content\/uploads\/2026\/01\/Fitur-2026_2.jpeg 1600w\" sizes=\"(max-width: 300px) 100vw, 300px\" \/>\t\t\t\t\t\t\t\t<\/a>\n\t\t\t\t\t<\/div>\n        <div class=\"mkdf-bli-content\">\n                            <div class=\"mkdf-bli-info\">\n\t                <div itemprop=\"dateCreated\" class=\"mkdf-post-info-date entry-date published updated\">\n            <a itemprop=\"url\" href=\"https:\/\/visitaltotamegaebarroso.pt\/de\/2026\/01\/\">\n            \n            <div class=\"mkdf-post-date-wrap\">\n                27 de Januar, 2026            <\/div>\n        <\/a>\n        <meta itemprop=\"interactionCount\" content=\"UserComments: 0\"\/>\n<\/div><div class=\"mkdf-post-info-category\">\n    <span aria-hidden=\"true\" class=\"icon_tag\"><\/span><a href=\"https:\/\/visitaltotamegaebarroso.pt\/de\/category\/nachrichten\/\" rel=\"category tag\">Nachrichten<\/a><\/div>    <div class=\"mkdf-blog-share\">\n        <div class=\"mkdf-social-share-holder mkdf-list\">\n\t\t<ul>\n\t\t<li class=\"mkdf-facebook-share\">\n\t<a itemprop=\"url\" class=\"mkdf-share-link\" href=\"#\" onclick=\"window.open(&#039;http:\/\/www.facebook.com\/sharer\/sharer.php?u=https:\/\/visitaltotamegaebarroso.pt\/de\/die-interkommunale-gemeinschaft-von-alto-tamega-und-barroso-cimat-staerkt-ihre-tourismusstrategie-auf-der-fitur-2026\/&#039;);\">\n\t\t\t\t\t<span class=\"mkdf-social-network-icon fa fa-facebook\"><\/span>\n\t\t\t<\/a>\n<\/li><li class=\"mkdf-twitter-share\">\n\t<a itemprop=\"url\" class=\"mkdf-share-link\" href=\"#\" onclick=\"window.open(&#039;https:\/\/twitter.com\/intent\/tweet?text=Die+CIMAT+nahm+erneut+an+der+FITUR+%E2%80%93+der+internationalen+Tourismusmesse+in+Madrid+%E2%80%93+teil%2C+die+vom+21.+bis+25.+Januar+ https:\/\/visitaltotamegaebarroso.pt\/de\/die-interkommunale-gemeinschaft-von-alto-tamega-und-barroso-cimat-staerkt-ihre-tourismusstrategie-auf-der-fitur-2026\/&#039;, &#039;popupwindow&#039;, &#039;scrollbars=yes,width=800,height=400&#039;);\">\n\t\t\t\t\t<span class=\"mkdf-social-network-icon fa fa-twitter\"><\/span>\n\t\t\t<\/a>\n<\/li>\t<\/ul>\n<\/div>    <\/div>\n                <\/div>\n            \t\n\t        \n<h4 itemprop=\"name\" class=\"entry-title mkdf-post-title\" >\n            <a itemprop=\"url\" href=\"https:\/\/visitaltotamegaebarroso.pt\/de\/die-interkommunale-gemeinschaft-von-alto-tamega-und-barroso-cimat-staerkt-ihre-tourismusstrategie-auf-der-fitur-2026\/\" title=\"Die Interkommunale Gemeinschaft von Alto T\u00e2mega und Barroso (CIMAT) st\u00e4rkt ihre Tourismusstrategie auf der FITUR 2026.\">\n            Die Interkommunale Gemeinschaft von Alto T\u00e2mega und Barroso (CIMAT) st\u00e4rkt ihre Tourismusstrategie auf der FITUR 2026.            <\/a>\n    <\/h4>\t\n\t        <div class=\"mkdf-bli-excerpt\">\n\t\t        \t\t<div class=\"mkdf-post-excerpt-holder\">\n\t\t\t<p itemprop=\"description\" class=\"mkdf-post-excerpt\">\n\t\t\t\tDie CIMAT nahm erneut an der FITUR \u2013 der internationalen Tourismusmesse in Madrid \u2013 teil, die vom 21. bis 25. Januar stattfand. Damit bekr\u00e4ftigte sie ihre integrierte Tourismusstrategie und positionierte die Region international.\t\t\t<\/p>\n\t\t<\/div>\n\t\t\t        \t<div class=\"mkdf-post-read-more-button\">\n\t\t<a itemprop=\"url\" href=\"https:\/\/visitaltotamegaebarroso.pt\/de\/die-interkommunale-gemeinschaft-von-alto-tamega-und-barroso-cimat-staerkt-ihre-tourismusstrategie-auf-der-fitur-2026\/\" target=\"_self\"  class=\"mkdf-btn mkdf-btn-medium mkdf-btn-simple mkdf-blog-list-button\"  >    <span class=\"mkdf-btn-text\">WEITERLESEN<\/span>    <\/a>\t<\/div>\n\t        <\/div>\n        <\/div>\n\t<\/div>\n<\/li>\t\t<\/ul>\n\t<\/div>\n\t\t<div class=\"mkdf-blog-pag-loading\">\n\t\t<div class=\"mkdf-blog-pag-bounce1\"><\/div>\n\t\t<div class=\"mkdf-blog-pag-bounce2\"><\/div>\n\t\t<div class=\"mkdf-blog-pag-bounce3\"><\/div>\n\t<\/div>\n\t<div class=\"mkdf-blog-pag-load-more\">\n\t\t<a itemprop=\"url\" href=\"\" target=\"_self\"  class=\"mkdf-btn mkdf-btn-large mkdf-btn-solid\"  >    <span class=\"mkdf-btn-text\">Load more<\/span>    <\/a>\t<\/div>\n<\/div>\t\t<\/div>\n\t<\/div>\n<\/div><\/div>[\/vc_column][\/vc_row][vc_row][vc_column]<div class=\"mkdf-video-button-holder \">\n\t<div class=\"mkdf-video-button-image\">\n\t\t<img width=\"2560\" height=\"1129\" src=\"https:\/\/visitaltotamegaebarroso.pt\/wp-content\/uploads\/2023\/03\/capaVideo-scaled.jpg\" class=\"attachment-full size-full\" alt=\"\" decoding=\"async\" loading=\"lazy\" srcset=\"https:\/\/visitaltotamegaebarroso.pt\/wp-content\/uploads\/2023\/03\/capaVideo-scaled.jpg 2560w, https:\/\/visitaltotamegaebarroso.pt\/wp-content\/uploads\/2023\/03\/capaVideo-300x132.jpg 300w, https:\/\/visitaltotamegaebarroso.pt\/wp-content\/uploads\/2023\/03\/capaVideo-1024x452.jpg 1024w, https:\/\/visitaltotamegaebarroso.pt\/wp-content\/uploads\/2023\/03\/capaVideo-768x339.jpg 768w, https:\/\/visitaltotamegaebarroso.pt\/wp-content\/uploads\/2023\/03\/capaVideo-1536x677.jpg 1536w, https:\/\/visitaltotamegaebarroso.pt\/wp-content\/uploads\/2023\/03\/capaVideo-600x265.jpg 600w\" sizes=\"(max-width: 2560px) 100vw, 2560px\" \/>\t<\/div>\n\t\t\t<a class=\"mkdf-video-button-play-image \" href=\"https:\/\/www.youtube.com\/watch?v=MDruIR_T89g\" target=\"_self\" data-rel=\"prettyPhoto[video_button_pretty_photo_405]\">\n\t\t\t<span class=\"mkdf-video-button-play-inner\">\n\t\t\t\t<img width=\"116\" height=\"116\" src=\"https:\/\/visitaltotamegaebarroso.pt\/wp-content\/uploads\/2017\/08\/h5-custom-video-play-button.png\" class=\"attachment-full size-full\" alt=\"a\" decoding=\"async\" loading=\"lazy\" srcset=\"https:\/\/visitaltotamegaebarroso.pt\/wp-content\/uploads\/2017\/08\/h5-custom-video-play-button.png 116w, https:\/\/visitaltotamegaebarroso.pt\/wp-content\/uploads\/2017\/08\/h5-custom-video-play-button-100x100.png 100w\" sizes=\"(max-width: 116px) 100vw, 116px\" \/>\t\t\t\t\t\t\t<\/span>\n\t\t<\/a>\n\t<\/div>[\/vc_column][\/vc_row][vc_row row_content_width=&#8220;grid&#8220; content_text_aligment=&#8220;center&#8220; css=&#8220;.vc_custom_1501857402235{padding-top: 115px !important;padding-bottom: 67px !important;}&#8220;][vc_column width=&#8220;1\/2&#8243; offset=&#8220;vc_col-md-3&#8243;]<div class=\"mkdf-iwt clearfix  mkdf-iwt-icon-top mkdf-iwt-icon-medium\">\n\t<div class=\"mkdf-iwt-icon\">\n\t\t\t\t\t<a itemprop=\"url\" href=\"#\" target=\"_self\">\n\t\t\t\t\t\t\t\t\t    <span class=\"mkdf-icon-shortcode mkdf-circle   mkdf-icon-medium\" style=\"width: 100px;height: 100px;line-height: 100px;background-color: #1a9cd8\" data-color=\"#ffffff\">\n                    <span aria-hidden=\"true\" class=\"mkdf-icon-linear-icons lnr lnr-earth mkdf-icon-element\" style=\"color: #ffffff;font-size:34px\" ><\/span>\n                            <span class=\"mkdf-icon-shortcode-hover-layer\" ><\/span>\n            \n            <\/span>\n\t\t\t\t\t\t\t\t<\/a>\n\t\t\t<\/div>\n\t<div class=\"mkdf-iwt-content\" >\n\t\t\t\t\t<h6 class=\"mkdf-iwt-title\" >\n\t\t\t\t\t\t\t\t\t<a itemprop=\"url\" href=\"#\" target=\"_self\">\n\t\t\t\t\t\t\t\t<span class=\"mkdf-iwt-title-text\">Territorium der Zauber<\/span>\n\t\t\t\t\t\t\t\t\t<\/a>\n\t\t\t\t\t\t\t<\/h6>\n\t\t\t\t\t\t\t<p class=\"mkdf-iwt-text\" >Die Berge, in denen die Zeit einzigartige Reicht\u00fcmer und Geheimnisse bewahrte.<\/p>\n\t\t\t<\/div>\n<\/div>[vc_empty_space height=&#8220;40px&#8220;][\/vc_column][vc_column width=&#8220;1\/2&#8243; offset=&#8220;vc_col-md-3&#8243;]<div class=\"mkdf-iwt clearfix  mkdf-iwt-icon-top mkdf-iwt-icon-medium\">\n\t<div class=\"mkdf-iwt-icon\">\n\t\t\t\t\t<a itemprop=\"url\" href=\"#\" target=\"_self\">\n\t\t\t\t\t\t\t\t\t    <span class=\"mkdf-icon-shortcode mkdf-circle   mkdf-icon-medium\" style=\"width: 100px;height: 100px;line-height: 100px;background-color: #1a9cd8\" data-color=\"#ffffff\">\n                    <span aria-hidden=\"true\" class=\"mkdf-icon-linear-icons lnr lnr-heart mkdf-icon-element\" style=\"color: #ffffff;font-size:34px\" ><\/span>\n                            <span class=\"mkdf-icon-shortcode-hover-layer\" ><\/span>\n            \n            <\/span>\n\t\t\t\t\t\t\t\t<\/a>\n\t\t\t<\/div>\n\t<div class=\"mkdf-iwt-content\" >\n\t\t\t\t\t<h6 class=\"mkdf-iwt-title\" >\n\t\t\t\t\t\t\t\t\t<a itemprop=\"url\" href=\"#\" target=\"_self\">\n\t\t\t\t\t\t\t\t<span class=\"mkdf-iwt-title-text\">Willkommen<\/span>\n\t\t\t\t\t\t\t\t\t<\/a>\n\t\t\t\t\t\t\t<\/h6>\n\t\t\t\t\t\t\t<p class=\"mkdf-iwt-text\" >Die Einwohner von Alto T\u00e2mega und Barroso sind f\u00fcr die von Touristen am meisten gesch\u00e4tzte Eigenschaft bekannt: die Gastfreundschaft.<\/p>\n\t\t\t<\/div>\n<\/div>[vc_empty_space height=&#8220;40px&#8220;][\/vc_column][vc_column width=&#8220;1\/2&#8243; offset=&#8220;vc_col-md-3&#8243;]<div class=\"mkdf-iwt clearfix  mkdf-iwt-icon-top mkdf-iwt-icon-medium\">\n\t<div class=\"mkdf-iwt-icon\">\n\t\t\t\t\t<a itemprop=\"url\" href=\"#\" target=\"_self\">\n\t\t\t\t\t\t\t\t\t    <span class=\"mkdf-icon-shortcode mkdf-circle   mkdf-icon-medium\" style=\"width: 100px;height: 100px;line-height: 100px;background-color: #1a9cd8\" data-color=\"#ffffff\">\n                    <span aria-hidden=\"true\" class=\"mkdf-icon-linear-icons lnr lnr-camera mkdf-icon-element\" style=\"color: #ffffff;font-size:34px\" ><\/span>\n                            <span class=\"mkdf-icon-shortcode-hover-layer\" ><\/span>\n            \n            <\/span>\n\t\t\t\t\t\t\t\t<\/a>\n\t\t\t<\/div>\n\t<div class=\"mkdf-iwt-content\" >\n\t\t\t\t\t<h6 class=\"mkdf-iwt-title\" >\n\t\t\t\t\t\t\t\t\t<a itemprop=\"url\" href=\"#\" target=\"_self\">\n\t\t\t\t\t\t\t\t<span class=\"mkdf-iwt-title-text\">Natur pur<\/span>\n\t\t\t\t\t\t\t\t\t<\/a>\n\t\t\t\t\t\t\t<\/h6>\n\t\t\t\t\t\t\t<p class=\"mkdf-iwt-text\" >Alto T\u00e2mega und Barroso, ein Touristengebiet, das darauf wartet, entdeckt zu werden<\/p>\n\t\t\t<\/div>\n<\/div>[vc_empty_space height=&#8220;40px&#8220;][\/vc_column][vc_column width=&#8220;1\/2&#8243; offset=&#8220;vc_col-md-3&#8243;]<div class=\"mkdf-iwt clearfix  mkdf-iwt-icon-top mkdf-iwt-icon-medium\">\n\t<div class=\"mkdf-iwt-icon\">\n\t\t\t\t\t<a itemprop=\"url\" href=\"#\" target=\"_self\">\n\t\t\t\t\t\t\t\t\t    <span class=\"mkdf-icon-shortcode mkdf-circle   mkdf-icon-medium\" style=\"width: 100px;height: 100px;line-height: 100px;background-color: #1a9cd8\" data-color=\"#ffffff\">\n                    <span aria-hidden=\"true\" class=\"mkdf-icon-linear-icons lnr lnr-map-marker mkdf-icon-element\" style=\"color: #ffffff;font-size:34px\" ><\/span>\n                            <span class=\"mkdf-icon-shortcode-hover-layer\" ><\/span>\n            \n            <\/span>\n\t\t\t\t\t\t\t\t<\/a>\n\t\t\t<\/div>\n\t<div class=\"mkdf-iwt-content\" >\n\t\t\t\t\t<h6 class=\"mkdf-iwt-title\" >\n\t\t\t\t\t\t\t\t\t<a itemprop=\"url\" href=\"#\" target=\"_self\">\n\t\t\t\t\t\t\t\t<span class=\"mkdf-iwt-title-text\">Wellnessregion<\/span>\n\t\t\t\t\t\t\t\t\t<\/a>\n\t\t\t\t\t\t\t<\/h6>\n\t\t\t\t\t\t\t<p class=\"mkdf-iwt-text\" >Entdecken Sie eine dynamische Region mit Menschen, die Sie stets mit offenen Armen empfangen.<\/p>\n\t\t\t<\/div>\n<\/div>[vc_empty_space height=&#8220;40px&#8220;][\/vc_column][\/vc_row][vc_row row_content_width=&#8220;grid&#8220; css=&#8220;.vc_custom_1680215358723{padding-top: 105px !important;padding-bottom: 110px !important;}&#8220; parallax_background_image=&#8220;6348&#8243;][vc_column]<div class=\"mkdf-elements-holder   mkdf-four-columns  mkdf-responsive-mode-1024 \" ><div class=\"mkdf-eh-item   mkdf-horizontal-alignment-center \"  data-item-class=\"mkdf-eh-custom-5354\"   data-768-1024=\"0 0 40px\" data-680-768=\"0 0 40px\" data-680=\"0 0 40px\">\n\t<div class=\"mkdf-eh-item-inner\">\n\t\t<div class=\"mkdf-eh-item-content mkdf-eh-custom-5354\" style=\"padding: 0\">\n\t\t\t<div class=\"mkdf-counter-holder \">\n\t<div class=\"mkdf-counter-inner\">\n\t\t\t\t\t<span class=\"mkdf-counter mkdf-random-counter\" style=\"font-size: 65px;color: #ffffff\">2921.9<\/span>\n\t\t\t\t\t\t\t\t\t\t<h6 class=\"mkdf-counter-title\" style=\"color: #ffffff\">\n\t\t\t\t\u00c1rea (Km2)\t\t\t<\/h6>\n\t\t\t\t\t<\/div>\n<\/div>\t\t<\/div>\n\t<\/div>\n<\/div><div class=\"mkdf-eh-item   mkdf-horizontal-alignment-center \"  data-item-class=\"mkdf-eh-custom-3979\"   data-768-1024=\"0 0 40px\" data-680-768=\"0 0 40px\" data-680=\"0 0 40px\">\n\t<div class=\"mkdf-eh-item-inner\">\n\t\t<div class=\"mkdf-eh-item-content mkdf-eh-custom-3979\" style=\"padding: 0\">\n\t\t\t<div class=\"mkdf-counter-holder \">\n\t<div class=\"mkdf-counter-inner\">\n\t\t\t\t\t<span class=\"mkdf-counter mkdf-zero-counter\" style=\"font-size: 65px;color: #ffffff\">84330<\/span>\n\t\t\t\t\t\t\t\t\t\t<h6 class=\"mkdf-counter-title\" style=\"color: #ffffff\">\n\t\t\t\tPopula\u00e7\u00e3o Residente\t\t\t<\/h6>\n\t\t\t\t\t<\/div>\n<\/div>\t\t<\/div>\n\t<\/div>\n<\/div><div class=\"mkdf-eh-item   mkdf-horizontal-alignment-center \"  data-item-class=\"mkdf-eh-custom-4057\"   data-768-1024=\"0 0 40px\" data-680-768=\"0 0 40px\" data-680=\"0 0 40px\">\n\t<div class=\"mkdf-eh-item-inner\">\n\t\t<div class=\"mkdf-eh-item-content mkdf-eh-custom-4057\" style=\"padding: 0\">\n\t\t\t<div class=\"mkdf-counter-holder \">\n\t<div class=\"mkdf-counter-inner\">\n\t\t\t\t\t<span class=\"mkdf-counter mkdf-zero-counter\" style=\"font-size: 65px;color: #ffffff\">1527<\/span>\n\t\t\t\t\t\t\t<span class=\"mkdf-counter-symbol\" style=\"font-size: 65px;color: #ffffff\">\n\t\t\tk\t\t<\/span>\n\t\t\t\t\t\t\t\t\t\t<h6 class=\"mkdf-counter-title\" style=\"color: #ffffff\">\n\t\t\t\tAltitude M\u00e1xima (m)\t\t\t<\/h6>\n\t\t\t\t\t<\/div>\n<\/div>\t\t<\/div>\n\t<\/div>\n<\/div><div class=\"mkdf-eh-item   mkdf-horizontal-alignment-center \"  data-item-class=\"mkdf-eh-custom-1261\"   data-768-1024=\"0 0 40px\" data-680-768=\"0 0 40px\" data-680=\"0 0 40px\">\n\t<div class=\"mkdf-eh-item-inner\">\n\t\t<div class=\"mkdf-eh-item-content mkdf-eh-custom-1261\" style=\"padding: 0\">\n\t\t\t<div class=\"mkdf-counter-holder \">\n\t<div class=\"mkdf-counter-inner\">\n\t\t\t\t\t<span class=\"mkdf-counter mkdf-zero-counter\" style=\"font-size: 65px;color: #ffffff\">21011<\/span>\n\t\t\t\t\t\t\t\t\t\t<h6 class=\"mkdf-counter-title\" style=\"color: #ffffff\">\n\t\t\t\t\u00c1reas Protegidas (ha)\t\t\t<\/h6>\n\t\t\t\t\t<\/div>\n<\/div>\t\t<\/div>\n\t<\/div>\n<\/div><\/div>[\/vc_column][\/vc_row]<\/p>\n<\/div>","protected":false},"excerpt":{"rendered":"<p>[vc_row content_text_aligment=&#8220;center&#8220; css=&#8220;.vc_custom_1680486215967{padding-top: 49px !important;padding-bottom: 44px !important;}&#8220;][vc_column][vc_column_text] Erleben Sie Alto T\u00e2mega und Barroso [\/vc_column_text][\/vc_column][\/vc_row][vc_row css=&#8220;.vc_custom_1680485899998{padding-top: 50px !important;padding-bottom: 104px !important;}&#8220;][vc_column][\/vc_column][\/vc_row][vc_row row_content_width=&#8220;grid&#8220; parallax_background_image=&#8220;6339&#8243; css=&#8220;.vc_custom_1680214068065{padding-top: 77px !important;padding-bottom: 107px !important;}&#8220;][vc_column][\/vc_column][\/vc_row][vc_row disable_element=&#8220;yes&#8220; css=&#8220;.vc_custom_1704472659808{padding-bottom: 115px !important;}&#8220;][vc_column][vc_empty_space height=&#8220;20px&#8220;][\/vc_column][\/vc_row][vc_row css=&#8220;.vc_custom_1501857279072{padding-top: 104px !important;}&#8220;][vc_column][\/vc_column][\/vc_row][vc_row][vc_column][\/vc_column][\/vc_row][vc_row row_content_width=&#8220;grid&#8220; content_text_aligment=&#8220;center&#8220; css=&#8220;.vc_custom_1501857402235{padding-top: 115px !important;padding-bottom: 67px [&hellip;]<\/p>\n","protected":false},"author":1,"featured_media":0,"parent":0,"menu_order":0,"comment_status":"closed","ping_status":"closed","template":"full-width.php","meta":[],"_links":{"self":[{"href":"https:\/\/visitaltotamegaebarroso.pt\/de\/wp-json\/wp\/v2\/pages\/11839"}],"collection":[{"href":"https:\/\/visitaltotamegaebarroso.pt\/de\/wp-json\/wp\/v2\/pages"}],"about":[{"href":"https:\/\/visitaltotamegaebarroso.pt\/de\/wp-json\/wp\/v2\/types\/page"}],"author":[{"embeddable":true,"href":"https:\/\/visitaltotamegaebarroso.pt\/de\/wp-json\/wp\/v2\/users\/1"}],"replies":[{"embeddable":true,"href":"https:\/\/visitaltotamegaebarroso.pt\/de\/wp-json\/wp\/v2\/comments?post=11839"}],"version-history":[{"count":10,"href":"https:\/\/visitaltotamegaebarroso.pt\/de\/wp-json\/wp\/v2\/pages\/11839\/revisions"}],"predecessor-version":[{"id":24857,"href":"https:\/\/visitaltotamegaebarroso.pt\/de\/wp-json\/wp\/v2\/pages\/11839\/revisions\/24857"}],"wp:attachment":[{"href":"https:\/\/visitaltotamegaebarroso.pt\/de\/wp-json\/wp\/v2\/media?parent=11839"}],"curies":[{"name":"wp","href":"https:\/\/api.w.org\/{rel}","templated":true}]}}