{"id":49369,"date":"2026-09-03T11:21:38","date_gmt":"2026-09-03T10:21:38","guid":{"rendered":"https:\/\/visitaltotamegaebarroso.pt\/?post_type=mec-events&#038;p=49369"},"modified":"2026-09-03T11:28:25","modified_gmt":"2026-09-03T10:28:25","slug":"chaves-truz-truz-maerchenstunde","status":"publish","type":"mec-events","link":"https:\/\/visitaltotamegaebarroso.pt\/de\/events\/chaves-truz-truz-maerchenstunde\/","title":{"rendered":"Chaves | \u201eTruz truz\u201c \u2013 M\u00e4rchenstunde"},"content":{"rendered":"<p>Die Bibliothek bietet den Kleinsten im Rahmen der Lesef\u00f6rderung eine Stunde voller Entdeckungen und Fantasie, um den Austausch von B\u00fcchern anzuregen.<\/p>\n<p>\u201eTruz truz\u201c, Text von Natalina C\u00f3ias und Illustrationen von Paulo Galindro. \u201eTruz Truz! Wer ist da?! Es ist das kleine M\u00e4dchen, das einen zerrissenen Strumpf am Fu\u00df hat!\u201c<\/p>\n<p>Zielgruppe: Vorschulkinder<\/p>\n","protected":false},"excerpt":{"rendered":"<p>Die Bibliothek bietet den Kleinsten im Rahmen der Lesef\u00f6rderung eine Stunde voller Entdeckungen und Fantasie, um den Austausch von B\u00fcchern anzuregen. \u201eTruz truz\u201c, Text von Natalina C\u00f3ias und Illustrationen von Paulo Galindro. \u201eTruz Truz! Wer ist da?! Es ist das [&hellip;]<\/p>\n","protected":false},"author":6,"featured_media":49365,"comment_status":"closed","ping_status":"closed","template":"","tags":[],"mec_category":[717,1522],"_links":{"self":[{"href":"https:\/\/visitaltotamegaebarroso.pt\/de\/wp-json\/wp\/v2\/mec-events\/49369"}],"collection":[{"href":"https:\/\/visitaltotamegaebarroso.pt\/de\/wp-json\/wp\/v2\/mec-events"}],"about":[{"href":"https:\/\/visitaltotamegaebarroso.pt\/de\/wp-json\/wp\/v2\/types\/mec-events"}],"author":[{"embeddable":true,"href":"https:\/\/visitaltotamegaebarroso.pt\/de\/wp-json\/wp\/v2\/users\/6"}],"replies":[{"embeddable":true,"href":"https:\/\/visitaltotamegaebarroso.pt\/de\/wp-json\/wp\/v2\/comments?post=49369"}],"wp:featuredmedia":[{"embeddable":true,"href":"https:\/\/visitaltotamegaebarroso.pt\/de\/wp-json\/wp\/v2\/media\/49365"}],"wp:attachment":[{"href":"https:\/\/visitaltotamegaebarroso.pt\/de\/wp-json\/wp\/v2\/media?parent=49369"}],"wp:term":[{"taxonomy":"post_tag","embeddable":true,"href":"https:\/\/visitaltotamegaebarroso.pt\/de\/wp-json\/wp\/v2\/tags?post=49369"},{"taxonomy":"mec_category","embeddable":true,"href":"https:\/\/visitaltotamegaebarroso.pt\/de\/wp-json\/wp\/v2\/mec_category?post=49369"}],"curies":[{"name":"wp","href":"https:\/\/api.w.org\/{rel}","templated":true}]}}