{"id":49267,"date":"2026-08-20T11:54:20","date_gmt":"2026-08-20T10:54:20","guid":{"rendered":"https:\/\/visitaltotamegaebarroso.pt\/?post_type=mec-events&#038;p=49267"},"modified":"2026-08-20T12:13:47","modified_gmt":"2026-08-20T11:13:47","slug":"chaves-to-trips","status":"publish","type":"mec-events","link":"https:\/\/visitaltotamegaebarroso.pt\/de\/events\/chaves-to-trips\/","title":{"rendered":"Chaves | T\u00f3 Trips"},"content":{"rendered":"<p>T\u00f3 Trips betritt am kommenden 19. September die B\u00fchne der Sala Multiusos im Quarteir\u00e3o Cultural von Chaves f\u00fcr ein Konzert, bei dem die Gitarre f\u00fcr sich selbst spricht.<\/p>\n<p>T\u00f3 Trips gilt als eine der gr\u00f6\u00dften Pers\u00f6nlichkeiten der portugiesischen Musikszene und hat eine einzigartige Karriere aufgebaut, die von einem intensiven und zutiefst bewegenden Klang gepr\u00e4gt ist. Auf der B\u00fchne verwandelt sich jedes St\u00fcck in eine Reise zwischen Tradition, Experimentierfreude und Emotion.<\/p>\n<p>Ein Abend, um ganz nah zuzuh\u00f6ren, neue Wege zu entdecken und einen der pr\u00e4gendsten Musiker der zeitgen\u00f6ssischen portugiesischen Musik wiederzuentdecken.<\/p>\n<p>Weitere Informationen unter:<br \/>\nwww.indieror.pt<\/p>\n","protected":false},"excerpt":{"rendered":"<p>T\u00f3 Trips betritt am kommenden 19. September die B\u00fchne der Sala Multiusos im Quarteir\u00e3o Cultural von Chaves f\u00fcr ein Konzert, bei dem die Gitarre f\u00fcr sich selbst spricht. T\u00f3 Trips gilt als eine der gr\u00f6\u00dften Pers\u00f6nlichkeiten der portugiesischen Musikszene und [&hellip;]<\/p>\n","protected":false},"author":6,"featured_media":49263,"comment_status":"closed","ping_status":"closed","template":"","tags":[],"mec_category":[1444],"_links":{"self":[{"href":"https:\/\/visitaltotamegaebarroso.pt\/de\/wp-json\/wp\/v2\/mec-events\/49267"}],"collection":[{"href":"https:\/\/visitaltotamegaebarroso.pt\/de\/wp-json\/wp\/v2\/mec-events"}],"about":[{"href":"https:\/\/visitaltotamegaebarroso.pt\/de\/wp-json\/wp\/v2\/types\/mec-events"}],"author":[{"embeddable":true,"href":"https:\/\/visitaltotamegaebarroso.pt\/de\/wp-json\/wp\/v2\/users\/6"}],"replies":[{"embeddable":true,"href":"https:\/\/visitaltotamegaebarroso.pt\/de\/wp-json\/wp\/v2\/comments?post=49267"}],"wp:featuredmedia":[{"embeddable":true,"href":"https:\/\/visitaltotamegaebarroso.pt\/de\/wp-json\/wp\/v2\/media\/49263"}],"wp:attachment":[{"href":"https:\/\/visitaltotamegaebarroso.pt\/de\/wp-json\/wp\/v2\/media?parent=49267"}],"wp:term":[{"taxonomy":"post_tag","embeddable":true,"href":"https:\/\/visitaltotamegaebarroso.pt\/de\/wp-json\/wp\/v2\/tags?post=49267"},{"taxonomy":"mec_category","embeddable":true,"href":"https:\/\/visitaltotamegaebarroso.pt\/de\/wp-json\/wp\/v2\/mec_category?post=49267"}],"curies":[{"name":"wp","href":"https:\/\/api.w.org\/{rel}","templated":true}]}}