{"id":48977,"date":"2026-08-04T17:17:59","date_gmt":"2026-08-04T16:17:59","guid":{"rendered":"https:\/\/visitaltotamegaebarroso.pt\/?post_type=mec-events&#038;p=48977"},"modified":"2026-08-04T17:20:50","modified_gmt":"2026-08-04T16:20:50","slug":"montalegre-jenseits-des-berges","status":"publish","type":"mec-events","link":"https:\/\/visitaltotamegaebarroso.pt\/de\/events\/montalegre-jenseits-des-berges\/","title":{"rendered":"Montalegre | Jenseits des Berges"},"content":{"rendered":"<p>Die Zeit unserer jahrhundertealten Traditionen wird durch Tiagos Linse weiterhin festgehalten. Im Namen des Vereins \u201eAssocia\u00e7\u00e3o Vezeira\u201c und der Einwohner von Fafi danken wir f\u00fcr diese \u201eDinge\u201c, die eines Tages \u2013 hoffentlich nicht \u2013 verschwinden k\u00f6nnten. Es bleibt eine au\u00dfergew\u00f6hnliche Sonderausstellung in unserem \u00d6komuseum, die bis zum 5. Oktober mit besonderer Sorgfalt betrachtet und wiederentdeckt werden konnte.<\/p>\n<p>Die \u201eVezeira das Vacas\u201c ist nach wie vor ein Wahrzeichen unseres Dorfes, das auf Traditionen gegr\u00fcndet ist. Wenn Sie Gelegenheit haben, schauen Sie doch einmal vorbei. Hier ist der Beitrag von Herrn Guilherme, einem der \u00e4ltesten \u201eVezeireiros\u201c, der beharrlich an dieser Tradition festh\u00e4lt. Und auch wir halten stolz daran fest.<\/p>\n","protected":false},"excerpt":{"rendered":"<p>Die Zeit unserer jahrhundertealten Traditionen wird durch Tiagos Linse weiterhin festgehalten. Im Namen des Vereins \u201eAssocia\u00e7\u00e3o Vezeira\u201c und der Einwohner von Fafi danken wir f\u00fcr diese \u201eDinge\u201c, die eines Tages \u2013 hoffentlich nicht \u2013 verschwinden k\u00f6nnten. Es bleibt eine au\u00dfergew\u00f6hnliche [&hellip;]<\/p>\n","protected":false},"author":8,"featured_media":48973,"comment_status":"closed","ping_status":"closed","template":"","tags":[],"mec_category":[1667],"_links":{"self":[{"href":"https:\/\/visitaltotamegaebarroso.pt\/de\/wp-json\/wp\/v2\/mec-events\/48977"}],"collection":[{"href":"https:\/\/visitaltotamegaebarroso.pt\/de\/wp-json\/wp\/v2\/mec-events"}],"about":[{"href":"https:\/\/visitaltotamegaebarroso.pt\/de\/wp-json\/wp\/v2\/types\/mec-events"}],"author":[{"embeddable":true,"href":"https:\/\/visitaltotamegaebarroso.pt\/de\/wp-json\/wp\/v2\/users\/8"}],"replies":[{"embeddable":true,"href":"https:\/\/visitaltotamegaebarroso.pt\/de\/wp-json\/wp\/v2\/comments?post=48977"}],"wp:featuredmedia":[{"embeddable":true,"href":"https:\/\/visitaltotamegaebarroso.pt\/de\/wp-json\/wp\/v2\/media\/48973"}],"wp:attachment":[{"href":"https:\/\/visitaltotamegaebarroso.pt\/de\/wp-json\/wp\/v2\/media?parent=48977"}],"wp:term":[{"taxonomy":"post_tag","embeddable":true,"href":"https:\/\/visitaltotamegaebarroso.pt\/de\/wp-json\/wp\/v2\/tags?post=48977"},{"taxonomy":"mec_category","embeddable":true,"href":"https:\/\/visitaltotamegaebarroso.pt\/de\/wp-json\/wp\/v2\/mec_category?post=48977"}],"curies":[{"name":"wp","href":"https:\/\/api.w.org\/{rel}","templated":true}]}}