{"id":46349,"date":"2026-04-21T14:22:48","date_gmt":"2026-04-21T13:22:48","guid":{"rendered":"https:\/\/visitaltotamegaebarroso.pt\/events\/montalegre-xix-carrilheiras-de-barroso\/"},"modified":"2026-04-21T14:22:48","modified_gmt":"2026-04-21T13:22:48","slug":"montalegre-xix-carrilheiras-de-barroso","status":"publish","type":"mec-events","link":"https:\/\/visitaltotamegaebarroso.pt\/de\/events\/montalegre-xix-carrilheiras-de-barroso\/","title":{"rendered":"Montalegre | XIX. Carrilheiras de Barroso"},"content":{"rendered":"<p>Am Wochenende vom 16. und 17. Mai findet eine weitere Ausgabe der Carrilheiras de Barroso statt. Am ersten Tag steht eine Wanderung durch die Bew\u00e4sserungsgebiete und jahrhundertealten Eichenw\u00e4lder in Travassos do Rio auf dem Programm.<br \/>\nAm zweiten Tag wird eine Wanderung in der Gemeinde Ch\u00e3 vorgeschlagen, wo die Feuchtgebiete und der Stausee Albufeira do Alto Rabag\u00e3o im Mittelpunkt stehen.<br \/>\nDie Carrilheiras de Barroso sind mehr als nur Wanderwege, sie sind Reisen durch das reinste Wesen der Natur und der Tradition.<br \/>\nZwischen gr\u00fcnen H\u00fcgeln, kristallklaren Fl\u00fcssen und alten Hirtenwegen offenbart jeder Schritt ein St\u00fcck Geschichte und Ruhe. Das Rauschen des Windes, das Zwitschern der V\u00f6gel und das Pl\u00e4tschern des Wassers begleiten diejenigen, die sich auf die Wege begeben, die D\u00f6rfer, Erinnerungen und atemberaubende Landschaften miteinander verbinden.<\/p>\n<p>Anmeldungen bis zum 13. Mai \u2013 <a href=\"https:\/\/forms.gle\/XaRy4qvMBAaNr3Gg6\">https:\/\/forms.gle\/XaRy4qvMBAaNr3Gg6<\/a><\/p>\n<p>Im Preis inbegriffen \u27a1\ufe0f Unfallversicherung, gemeinsames Mittagessen und pers\u00f6nliches Andenken<\/p>\n","protected":false},"excerpt":{"rendered":"<p>Am Wochenende vom 16. und 17. Mai findet eine weitere Ausgabe der Carrilheiras de Barroso statt. Am ersten Tag steht eine Wanderung durch die Bew\u00e4sserungsgebiete und jahrhundertealten Eichenw\u00e4lder in Travassos do Rio auf dem Programm. Am zweiten Tag wird eine [&hellip;]<\/p>\n","protected":false},"author":7,"featured_media":46345,"comment_status":"closed","ping_status":"closed","template":"","tags":[],"mec_category":[719],"_links":{"self":[{"href":"https:\/\/visitaltotamegaebarroso.pt\/de\/wp-json\/wp\/v2\/mec-events\/46349"}],"collection":[{"href":"https:\/\/visitaltotamegaebarroso.pt\/de\/wp-json\/wp\/v2\/mec-events"}],"about":[{"href":"https:\/\/visitaltotamegaebarroso.pt\/de\/wp-json\/wp\/v2\/types\/mec-events"}],"author":[{"embeddable":true,"href":"https:\/\/visitaltotamegaebarroso.pt\/de\/wp-json\/wp\/v2\/users\/7"}],"replies":[{"embeddable":true,"href":"https:\/\/visitaltotamegaebarroso.pt\/de\/wp-json\/wp\/v2\/comments?post=46349"}],"wp:featuredmedia":[{"embeddable":true,"href":"https:\/\/visitaltotamegaebarroso.pt\/de\/wp-json\/wp\/v2\/media\/46345"}],"wp:attachment":[{"href":"https:\/\/visitaltotamegaebarroso.pt\/de\/wp-json\/wp\/v2\/media?parent=46349"}],"wp:term":[{"taxonomy":"post_tag","embeddable":true,"href":"https:\/\/visitaltotamegaebarroso.pt\/de\/wp-json\/wp\/v2\/tags?post=46349"},{"taxonomy":"mec_category","embeddable":true,"href":"https:\/\/visitaltotamegaebarroso.pt\/de\/wp-json\/wp\/v2\/mec_category?post=46349"}],"curies":[{"name":"wp","href":"https:\/\/api.w.org\/{rel}","templated":true}]}}