{"id":40009,"date":"2025-07-02T15:55:51","date_gmt":"2025-07-02T14:55:51","guid":{"rendered":"https:\/\/visitaltotamegaebarroso.pt\/events\/chaves-universo-cartonero\/"},"modified":"2025-07-02T15:55:51","modified_gmt":"2025-07-02T14:55:51","slug":"chaves-universo-cartonero","status":"publish","type":"mec-events","link":"https:\/\/visitaltotamegaebarroso.pt\/de\/events\/chaves-universo-cartonero\/","title":{"rendered":"Chaves | Universo Cartonero"},"content":{"rendered":"<p>Der TEF und ADRAT &#8211; Associa\u00e7\u00e3o de Desenvolvimento da Regi\u00e3o do Alto T\u00e2mega veranstalten in Chaves die Ausstellung \u201eUniverso Cartonero\u201c im Rahmen der Cartoneros Book Route. Diese von ANIMAR, Casa da Esquina und Vento Norte Cartonero in Zusammenarbeit mit Multinacional Cartonera gef\u00f6rderte Ausstellung pr\u00e4sentiert eine Reise durch das Universum der Kartonverlage, die das unabh\u00e4ngige Verlagswesen, die kollektive Kreativit\u00e4t und das Engagement f\u00fcr nachhaltige Praktiken in der Welt der B\u00fccher w\u00fcrdigt.<\/p>\n<p>Am 1. Juli wird die Ausstellung um 18 Uhr im Cineteatro Bento Martins offiziell er\u00f6ffnet.<\/p>\n","protected":false},"excerpt":{"rendered":"<p>Der TEF und ADRAT &#8211; Associa\u00e7\u00e3o de Desenvolvimento da Regi\u00e3o do Alto T\u00e2mega veranstalten in Chaves die Ausstellung \u201eUniverso Cartonero\u201c im Rahmen der Cartoneros Book Route. Diese von ANIMAR, Casa da Esquina und Vento Norte Cartonero in Zusammenarbeit mit Multinacional [&hellip;]<\/p>\n","protected":false},"author":5,"featured_media":40005,"comment_status":"closed","ping_status":"closed","template":"","tags":[],"mec_category":[1667],"_links":{"self":[{"href":"https:\/\/visitaltotamegaebarroso.pt\/de\/wp-json\/wp\/v2\/mec-events\/40009"}],"collection":[{"href":"https:\/\/visitaltotamegaebarroso.pt\/de\/wp-json\/wp\/v2\/mec-events"}],"about":[{"href":"https:\/\/visitaltotamegaebarroso.pt\/de\/wp-json\/wp\/v2\/types\/mec-events"}],"author":[{"embeddable":true,"href":"https:\/\/visitaltotamegaebarroso.pt\/de\/wp-json\/wp\/v2\/users\/5"}],"replies":[{"embeddable":true,"href":"https:\/\/visitaltotamegaebarroso.pt\/de\/wp-json\/wp\/v2\/comments?post=40009"}],"wp:featuredmedia":[{"embeddable":true,"href":"https:\/\/visitaltotamegaebarroso.pt\/de\/wp-json\/wp\/v2\/media\/40005"}],"wp:attachment":[{"href":"https:\/\/visitaltotamegaebarroso.pt\/de\/wp-json\/wp\/v2\/media?parent=40009"}],"wp:term":[{"taxonomy":"post_tag","embeddable":true,"href":"https:\/\/visitaltotamegaebarroso.pt\/de\/wp-json\/wp\/v2\/tags?post=40009"},{"taxonomy":"mec_category","embeddable":true,"href":"https:\/\/visitaltotamegaebarroso.pt\/de\/wp-json\/wp\/v2\/mec_category?post=40009"}],"curies":[{"name":"wp","href":"https:\/\/api.w.org\/{rel}","templated":true}]}}