{"id":39534,"date":"2025-06-14T14:46:03","date_gmt":"2025-06-14T13:46:03","guid":{"rendered":"https:\/\/visitaltotamegaebarroso.pt\/events\/montalegre-rota-do-sentir\/"},"modified":"2025-06-14T14:46:03","modified_gmt":"2025-06-14T13:46:03","slug":"montalegre-rota-do-sentir","status":"publish","type":"mec-events","link":"https:\/\/visitaltotamegaebarroso.pt\/de\/events\/montalegre-rota-do-sentir\/","title":{"rendered":"Montalegre | Rota do Sentir"},"content":{"rendered":"<p>Im Rahmen des Nationalen Kunstplans veranstaltet Montalegre am 26. und 27. Juni die \u201eRoute des Gef\u00fchls\u201c. Die Initiative zielt darauf ab, durch k\u00fcnstlerische Praxis kritische Denkprozesse auszul\u00f6sen, die Kraft der K\u00fcnste als wesentliche Werkzeuge f\u00fcr kulturelle und soziale Dynamik zu enth\u00fcllen und den Wert der Vielfalt zu beobachten, nicht zuletzt aufgrund des Lebensraums, den sie als Wegbereiter gew\u00e4hlt hat.<br \/>\nIn Anbetracht der Tatsache, dass die Vielfalt heute eines der Hauptprobleme der Bildungssysteme moderner Demokratien ist, l\u00e4dt dieses Seminar zum Nachdenken und zur Diskussion \u00fcber das Thema des k\u00fcnstlerischen Schaffens mit Jugendlichen in einer durch menschliche Ver\u00f6dung geschw\u00e4chten Region ein. Wir sind sowohl an der Sichtweise von P\u00e4dagogen (Kunsterziehung) als auch von K\u00fcnstlern interessiert.<\/p>\n","protected":false},"excerpt":{"rendered":"<p>Im Rahmen des Nationalen Kunstplans veranstaltet Montalegre am 26. und 27. Juni die \u201eRoute des Gef\u00fchls\u201c. Die Initiative zielt darauf ab, durch k\u00fcnstlerische Praxis kritische Denkprozesse auszul\u00f6sen, die Kraft der K\u00fcnste als wesentliche Werkzeuge f\u00fcr kulturelle und soziale Dynamik zu [&hellip;]<\/p>\n","protected":false},"author":5,"featured_media":39530,"comment_status":"closed","ping_status":"closed","template":"","tags":[],"mec_category":[1647,717],"_links":{"self":[{"href":"https:\/\/visitaltotamegaebarroso.pt\/de\/wp-json\/wp\/v2\/mec-events\/39534"}],"collection":[{"href":"https:\/\/visitaltotamegaebarroso.pt\/de\/wp-json\/wp\/v2\/mec-events"}],"about":[{"href":"https:\/\/visitaltotamegaebarroso.pt\/de\/wp-json\/wp\/v2\/types\/mec-events"}],"author":[{"embeddable":true,"href":"https:\/\/visitaltotamegaebarroso.pt\/de\/wp-json\/wp\/v2\/users\/5"}],"replies":[{"embeddable":true,"href":"https:\/\/visitaltotamegaebarroso.pt\/de\/wp-json\/wp\/v2\/comments?post=39534"}],"wp:featuredmedia":[{"embeddable":true,"href":"https:\/\/visitaltotamegaebarroso.pt\/de\/wp-json\/wp\/v2\/media\/39530"}],"wp:attachment":[{"href":"https:\/\/visitaltotamegaebarroso.pt\/de\/wp-json\/wp\/v2\/media?parent=39534"}],"wp:term":[{"taxonomy":"post_tag","embeddable":true,"href":"https:\/\/visitaltotamegaebarroso.pt\/de\/wp-json\/wp\/v2\/tags?post=39534"},{"taxonomy":"mec_category","embeddable":true,"href":"https:\/\/visitaltotamegaebarroso.pt\/de\/wp-json\/wp\/v2\/mec_category?post=39534"}],"curies":[{"name":"wp","href":"https:\/\/api.w.org\/{rel}","templated":true}]}}