{"id":38091,"date":"2025-04-23T11:57:02","date_gmt":"2025-04-23T10:57:02","guid":{"rendered":"https:\/\/visitaltotamegaebarroso.pt\/events\/ribeira-de-pena-genosse-cabral\/"},"modified":"2025-04-23T11:57:02","modified_gmt":"2025-04-23T10:57:02","slug":"ribeira-de-pena-genosse-cabral","status":"publish","type":"mec-events","link":"https:\/\/visitaltotamegaebarroso.pt\/de\/events\/ribeira-de-pena-genosse-cabral\/","title":{"rendered":"Ribeira de Pena | Genosse Cabral"},"content":{"rendered":"<p>Am 30. April wird im st\u00e4dtischen Auditorium von Ribeira de Pena der Film \u201eGenosse Cunhal\u201c gezeigt, ein Werk, das uns in das Jahr 1958 zur\u00fcckversetzt, in die Zeit des diktatorischen Regimes von Ant\u00f3nio de Oliveira Salazar.<\/p>\n<p>Nach acht Jahren in v\u00f6lliger Isolation durch die PIDE wird \u00c1lvaro Cunhal in das Festungsgef\u00e4ngnis von Peniche verlegt. Dort gelingt es \u00c1lvaro Cunhal trotz strenger Bewachung, sich mit seinen Zellengenossen zusammenzutun, um Initiativen zur Unterst\u00fctzung der Schw\u00e4chsten und einen geheimen Fluchtplan zu organisieren.<\/p>\n<p>Mit der Unterst\u00fctzung von Jorge Alves, einem Gef\u00e4ngnisw\u00e4rter, und mehreren Genossen der Portugiesischen Kommunistischen Partei, die sich drau\u00dfen aufhielten, wurde ein gewagter Fluchtplan ausgeheckt. Am Nachmittag des 3. Januar 1960 kletterten sie mit Hilfe von aus Bettlaken improvisierten Seilen die Mauern hinunter, \u00fcberquerten den Graben und trafen sich drau\u00dfen mit Kollaborateuren, die bereits M\u00f6glichkeiten hatten, sie an geheimen Orten zu verstecken.<br \/>\nDies ist mehr als eine Flucht, es ist die Geschichte eines unerm\u00fcdlichen Kampfes gegen die Unterdr\u00fcckung, der \u00c1lvaro Cunhal zu einer der zentralen Figuren der Opposition gegen den Estado Novo werden lie\u00df.<\/p>\n<p>Die erste Sitzung um 14.30 Uhr ist der Schulgemeinschaft gewidmet und erm\u00f6glicht den Jugendlichen einen direkten Kontakt mit einem entscheidenden Moment unserer Geschichte. Sp\u00e4ter, um 21.00 Uhr, \u00f6ffnet das Auditorium bei freiem Eintritt wieder seine T\u00fcren f\u00fcr die breite \u00d6ffentlichkeit.<\/p>\n<p>Lassen Sie sich diese eindrucksvolle Nachstellung eines entscheidenden Moments in der Geschichte Portugals nicht entgehen.<\/p>\n","protected":false},"excerpt":{"rendered":"<p>Am 30. April wird im st\u00e4dtischen Auditorium von Ribeira de Pena der Film \u201eGenosse Cunhal\u201c gezeigt, ein Werk, das uns in das Jahr 1958 zur\u00fcckversetzt, in die Zeit des diktatorischen Regimes von Ant\u00f3nio de Oliveira Salazar. Nach acht Jahren in [&hellip;]<\/p>\n","protected":false},"author":5,"featured_media":38087,"comment_status":"closed","ping_status":"closed","template":"","tags":[],"mec_category":[1315],"_links":{"self":[{"href":"https:\/\/visitaltotamegaebarroso.pt\/de\/wp-json\/wp\/v2\/mec-events\/38091"}],"collection":[{"href":"https:\/\/visitaltotamegaebarroso.pt\/de\/wp-json\/wp\/v2\/mec-events"}],"about":[{"href":"https:\/\/visitaltotamegaebarroso.pt\/de\/wp-json\/wp\/v2\/types\/mec-events"}],"author":[{"embeddable":true,"href":"https:\/\/visitaltotamegaebarroso.pt\/de\/wp-json\/wp\/v2\/users\/5"}],"replies":[{"embeddable":true,"href":"https:\/\/visitaltotamegaebarroso.pt\/de\/wp-json\/wp\/v2\/comments?post=38091"}],"wp:featuredmedia":[{"embeddable":true,"href":"https:\/\/visitaltotamegaebarroso.pt\/de\/wp-json\/wp\/v2\/media\/38087"}],"wp:attachment":[{"href":"https:\/\/visitaltotamegaebarroso.pt\/de\/wp-json\/wp\/v2\/media?parent=38091"}],"wp:term":[{"taxonomy":"post_tag","embeddable":true,"href":"https:\/\/visitaltotamegaebarroso.pt\/de\/wp-json\/wp\/v2\/tags?post=38091"},{"taxonomy":"mec_category","embeddable":true,"href":"https:\/\/visitaltotamegaebarroso.pt\/de\/wp-json\/wp\/v2\/mec_category?post=38091"}],"curies":[{"name":"wp","href":"https:\/\/api.w.org\/{rel}","templated":true}]}}