{"id":37837,"date":"2025-04-14T14:59:16","date_gmt":"2025-04-14T13:59:16","guid":{"rendered":"https:\/\/visitaltotamegaebarroso.pt\/events\/ribeira-de-pena-feierlichkeiten-zum-25-april-2\/"},"modified":"2025-04-14T14:59:16","modified_gmt":"2025-04-14T13:59:16","slug":"ribeira-de-pena-feierlichkeiten-zum-25-april-2","status":"publish","type":"mec-events","link":"https:\/\/visitaltotamegaebarroso.pt\/de\/events\/ribeira-de-pena-feierlichkeiten-zum-25-april-2\/","title":{"rendered":"Ribeira de Pena | Feierlichkeiten zum 25. April"},"content":{"rendered":"<p>Die Stadtverwaltung von Ribeira de Pena begeht den 25. April mit einem Programm, das Freiheit, Demokratie und Geschichte feiern soll.<br \/>\nDie Feierlichkeiten beginnen am 21. April mit der Er\u00f6ffnung der Ausstellung \u201eMFA Cultural Dynamisation Campaigns\u201c, die bis zum 5. Mai im Schulmuseum zu sehen sein wird.<br \/>\nAm 23. April um 21 Uhr wird das Buch \u201eGravetos da Mem\u00f3ria\u201c von Professor Manuela Vaz de Carvalho in der Casa da Torre vorgestellt.<br \/>\nAm 24. April findet um 15 Uhr eine Parade statt, die die Demonstration vom 25. April 1974 nachstellt und von der Schulgruppe Ribeira de Pena organisiert wird. Am Abend, um 21.30 Uhr, wird das Theaterst\u00fcck \u201eO Tesouro\u201c (Der Schatz) der Theatergruppe Urze auf der B\u00fchne des st\u00e4dtischen Auditoriums von Ribeira de Pena aufgef\u00fchrt, der Eintritt ist frei.<br \/>\nAm 25. April beginnt das Programm um 11.30 Uhr mit der gemeinsamen Ehrenwache der Feuerwehren von Ribeira de Pena und Cerva, gefolgt von der feierlichen Sitzung zum Gedenken an den Tag der Freiheit im Schulmuseum um 11.45 Uhr.<br \/>\nDie Feierlichkeiten enden am 30. April mit der Vorf\u00fchrung des Films \u201eGenosse Cunhal\u201c im st\u00e4dtischen Auditorium, wobei die Vorf\u00fchrung um 14.30 Uhr der Schulgemeinschaft gewidmet ist und die Vorf\u00fchrung um 21.00 Uhr bei freiem Eintritt f\u00fcr die \u00d6ffentlichkeit zug\u00e4nglich ist.<\/p>\n","protected":false},"excerpt":{"rendered":"<p>Die Stadtverwaltung von Ribeira de Pena begeht den 25. April mit einem Programm, das Freiheit, Demokratie und Geschichte feiern soll. Die Feierlichkeiten beginnen am 21. April mit der Er\u00f6ffnung der Ausstellung \u201eMFA Cultural Dynamisation Campaigns\u201c, die bis zum 5. Mai [&hellip;]<\/p>\n","protected":false},"author":5,"featured_media":37833,"comment_status":"closed","ping_status":"closed","template":"","tags":[],"mec_category":[717],"_links":{"self":[{"href":"https:\/\/visitaltotamegaebarroso.pt\/de\/wp-json\/wp\/v2\/mec-events\/37837"}],"collection":[{"href":"https:\/\/visitaltotamegaebarroso.pt\/de\/wp-json\/wp\/v2\/mec-events"}],"about":[{"href":"https:\/\/visitaltotamegaebarroso.pt\/de\/wp-json\/wp\/v2\/types\/mec-events"}],"author":[{"embeddable":true,"href":"https:\/\/visitaltotamegaebarroso.pt\/de\/wp-json\/wp\/v2\/users\/5"}],"replies":[{"embeddable":true,"href":"https:\/\/visitaltotamegaebarroso.pt\/de\/wp-json\/wp\/v2\/comments?post=37837"}],"wp:featuredmedia":[{"embeddable":true,"href":"https:\/\/visitaltotamegaebarroso.pt\/de\/wp-json\/wp\/v2\/media\/37833"}],"wp:attachment":[{"href":"https:\/\/visitaltotamegaebarroso.pt\/de\/wp-json\/wp\/v2\/media?parent=37837"}],"wp:term":[{"taxonomy":"post_tag","embeddable":true,"href":"https:\/\/visitaltotamegaebarroso.pt\/de\/wp-json\/wp\/v2\/tags?post=37837"},{"taxonomy":"mec_category","embeddable":true,"href":"https:\/\/visitaltotamegaebarroso.pt\/de\/wp-json\/wp\/v2\/mec_category?post=37837"}],"curies":[{"name":"wp","href":"https:\/\/api.w.org\/{rel}","templated":true}]}}