{"id":37615,"date":"2025-04-05T10:17:14","date_gmt":"2025-04-05T09:17:14","guid":{"rendered":"https:\/\/visitaltotamegaebarroso.pt\/events\/chaves-symphonisches-chorkonzert-requiem-von-mozart\/"},"modified":"2025-04-05T10:17:14","modified_gmt":"2025-04-05T09:17:14","slug":"chaves-symphonisches-chorkonzert-requiem-von-mozart","status":"publish","type":"mec-events","link":"https:\/\/visitaltotamegaebarroso.pt\/de\/events\/chaves-symphonisches-chorkonzert-requiem-von-mozart\/","title":{"rendered":"Chaves | Symphonisches Chorkonzert \u201eRequiem\u201c von Mozart"},"content":{"rendered":"<p>Das \u201eRequiem\u201c von Wolfgang Amadeus Mozart [1756-1791] ist eines der ber\u00fchmtesten klassischen Werke aller Zeiten und geh\u00f6rt zum hervorragenden Repertoire f\u00fcr Chor, Orchester und Solisten. Das Werk ist in vierzehn S\u00e4tze unterteilt, die in Musik und Text eine Eskalation der Gef\u00fchle und Emotionen angesichts von Verlust und Tod zum Ausdruck bringen und die Hoffnung auf ein ewiges Licht wecken.<br \/>\nDas Werk wird vom Chor von Chaves, dem Symphonischen Chor von In\u00eas de Castro, dem Orchester von In\u00eas de Castro und Leonor Barbosa de Melo &#8211; Sopran; Gisela Sachse &#8211; Mezzosopran; Ruben Fernandes &#8211; Tenor; Rui Silva &#8211; Bass aufgef\u00fchrt.<\/p>\n<p>Veranstalter: Stadtverwaltung von Chaves<\/p>\n","protected":false},"excerpt":{"rendered":"<p>Das \u201eRequiem\u201c von Wolfgang Amadeus Mozart [1756-1791] ist eines der ber\u00fchmtesten klassischen Werke aller Zeiten und geh\u00f6rt zum hervorragenden Repertoire f\u00fcr Chor, Orchester und Solisten. Das Werk ist in vierzehn S\u00e4tze unterteilt, die in Musik und Text eine Eskalation der [&hellip;]<\/p>\n","protected":false},"author":5,"featured_media":37611,"comment_status":"closed","ping_status":"closed","template":"","tags":[],"mec_category":[717,1444],"_links":{"self":[{"href":"https:\/\/visitaltotamegaebarroso.pt\/de\/wp-json\/wp\/v2\/mec-events\/37615"}],"collection":[{"href":"https:\/\/visitaltotamegaebarroso.pt\/de\/wp-json\/wp\/v2\/mec-events"}],"about":[{"href":"https:\/\/visitaltotamegaebarroso.pt\/de\/wp-json\/wp\/v2\/types\/mec-events"}],"author":[{"embeddable":true,"href":"https:\/\/visitaltotamegaebarroso.pt\/de\/wp-json\/wp\/v2\/users\/5"}],"replies":[{"embeddable":true,"href":"https:\/\/visitaltotamegaebarroso.pt\/de\/wp-json\/wp\/v2\/comments?post=37615"}],"wp:featuredmedia":[{"embeddable":true,"href":"https:\/\/visitaltotamegaebarroso.pt\/de\/wp-json\/wp\/v2\/media\/37611"}],"wp:attachment":[{"href":"https:\/\/visitaltotamegaebarroso.pt\/de\/wp-json\/wp\/v2\/media?parent=37615"}],"wp:term":[{"taxonomy":"post_tag","embeddable":true,"href":"https:\/\/visitaltotamegaebarroso.pt\/de\/wp-json\/wp\/v2\/tags?post=37615"},{"taxonomy":"mec_category","embeddable":true,"href":"https:\/\/visitaltotamegaebarroso.pt\/de\/wp-json\/wp\/v2\/mec_category?post=37615"}],"curies":[{"name":"wp","href":"https:\/\/api.w.org\/{rel}","templated":true}]}}