{"id":37559,"date":"2025-04-04T14:06:23","date_gmt":"2025-04-04T13:06:23","guid":{"rendered":"https:\/\/visitaltotamegaebarroso.pt\/events\/ribeira-de-pena-woche-der-interkulturalitaet\/"},"modified":"2025-04-04T14:06:23","modified_gmt":"2025-04-04T13:06:23","slug":"ribeira-de-pena-woche-der-interkulturalitaet","status":"publish","type":"mec-events","link":"https:\/\/visitaltotamegaebarroso.pt\/de\/events\/ribeira-de-pena-woche-der-interkulturalitaet\/","title":{"rendered":"Ribeira de Pena | Woche der Interkulturalit\u00e4t"},"content":{"rendered":"<p>Vom 1. bis 13. April findet eine weitere Ausgabe der Woche der Interkulturalit\u00e4t statt, eine Initiative, die seit 2014 vom EAPN Portugal gef\u00f6rdert wird. Ziel ist es, das Bewusstsein f\u00fcr eine integrativere Gesellschaft zu sch\u00e4rfen, die auf Solidarit\u00e4t, Gleichheit, Respekt f\u00fcr Vielfalt und Nichtdiskriminierung beruht.<\/p>\n<p>Die Gemeinde Ribeira de Pena beteiligt sich an dieser Initiative \u00fcber das soziale Netzwerk und das Projekt Sozialradar in Partnerschaft mit dem EAPN &#8211; Stadtteilzentrum Vila Real und f\u00f6rdert die Schulungsveranstaltung:<\/p>\n<p>\u201eInterkultureller Dialog &#8211; Br\u00fccken des Willkommens\u201c<\/p>\n<p>08 April | 09h30 &#8211; 12h00<br \/>\nCasa da Cultura &#8211; Schulmuseum (Rua Manuel Jos\u00e9 de Carvalho, n.\u00ba 14, Ribeira de Pena)<br \/>\nVeranstalter: Miriam Gonzaga<br \/>\nZielgruppe: Partner sozialer Netzwerke, Fachleute aus dem sozialen Bereich und die Gemeinschaft im Allgemeinen<\/p>\n<p>FREIER EINTRITT &#8211; Anmeldung bis zum 7. April erforderlich.<\/p>\n<p>Wir glauben, dass Vielfalt den B\u00fcrgersinn st\u00e4rkt und zu einer gerechteren und ausgewogeneren Gesellschaft beitr\u00e4gt. Begleiten Sie uns bei diesen \u00dcberlegungen!<\/p>\n<p>F\u00fcr weitere Informationen und Anmeldungen kontaktieren Sie uns bitte per E-Mail: <a href=\"mailto:radar.social@cm-rpena.pt\">radar.social@cm-rpena.pt<\/a> oder Telefon: 259 490 500!<\/p>\n","protected":false},"excerpt":{"rendered":"<p>Vom 1. bis 13. April findet eine weitere Ausgabe der Woche der Interkulturalit\u00e4t statt, eine Initiative, die seit 2014 vom EAPN Portugal gef\u00f6rdert wird. Ziel ist es, das Bewusstsein f\u00fcr eine integrativere Gesellschaft zu sch\u00e4rfen, die auf Solidarit\u00e4t, Gleichheit, Respekt [&hellip;]<\/p>\n","protected":false},"author":5,"featured_media":37555,"comment_status":"closed","ping_status":"closed","template":"","tags":[],"mec_category":[717],"_links":{"self":[{"href":"https:\/\/visitaltotamegaebarroso.pt\/de\/wp-json\/wp\/v2\/mec-events\/37559"}],"collection":[{"href":"https:\/\/visitaltotamegaebarroso.pt\/de\/wp-json\/wp\/v2\/mec-events"}],"about":[{"href":"https:\/\/visitaltotamegaebarroso.pt\/de\/wp-json\/wp\/v2\/types\/mec-events"}],"author":[{"embeddable":true,"href":"https:\/\/visitaltotamegaebarroso.pt\/de\/wp-json\/wp\/v2\/users\/5"}],"replies":[{"embeddable":true,"href":"https:\/\/visitaltotamegaebarroso.pt\/de\/wp-json\/wp\/v2\/comments?post=37559"}],"wp:featuredmedia":[{"embeddable":true,"href":"https:\/\/visitaltotamegaebarroso.pt\/de\/wp-json\/wp\/v2\/media\/37555"}],"wp:attachment":[{"href":"https:\/\/visitaltotamegaebarroso.pt\/de\/wp-json\/wp\/v2\/media?parent=37559"}],"wp:term":[{"taxonomy":"post_tag","embeddable":true,"href":"https:\/\/visitaltotamegaebarroso.pt\/de\/wp-json\/wp\/v2\/tags?post=37559"},{"taxonomy":"mec_category","embeddable":true,"href":"https:\/\/visitaltotamegaebarroso.pt\/de\/wp-json\/wp\/v2\/mec_category?post=37559"}],"curies":[{"name":"wp","href":"https:\/\/api.w.org\/{rel}","templated":true}]}}