{"id":37288,"date":"2025-03-26T11:44:56","date_gmt":"2025-03-26T11:44:56","guid":{"rendered":"https:\/\/visitaltotamegaebarroso.pt\/?post_type=mec-events&#038;p=37288"},"modified":"2025-03-26T11:52:17","modified_gmt":"2025-03-26T11:52:17","slug":"chaves-genosse-cunhal","status":"publish","type":"mec-events","link":"https:\/\/visitaltotamegaebarroso.pt\/de\/events\/chaves-genosse-cunhal\/","title":{"rendered":"Chaves | Genosse Cunhal"},"content":{"rendered":"<p>Juli 1956. \u00c1lvaro Cunhal kommt in der Festung Peniche an und wird in den modernsten und sichersten Gef\u00e4ngnistrakt gebracht, der als ausbruchsicher gilt. Trotz der strengen Kontrolle, die \u00fcber die Gefangenen ausge\u00fcbt wird, gelingt es \u00c1lvaro und seinen Kameraden, eine kleine Kommune zu organisieren und die schw\u00e4chsten H\u00e4ftlinge zu unterst\u00fctzen, w\u00e4hrend sie nach einem Ausweg suchen. Nach der spektakul\u00e4ren Flucht von Dias Louren\u00e7o zwei Jahre zuvor, als der Kommunistenf\u00fchrer mitten im Winter vom Segredo ins Meer sprang und sich schwimmend in die Freiheit rettete, wurden die Sicherheitsvorkehrungen im Gef\u00e4ngnis verst\u00e4rkt. \u00c1lvaro hat sechs Notizb\u00fccher bei sich, in denen er einige der h\u00e4rtesten Episoden seines Lebens festh\u00e4lt, wie das brutale Verh\u00f6r bei seiner ersten Verhaftung, seine wahnsinnigen Tage in Einzelhaft oder den Tod seines \u00e4lteren Bruders. Der Gef\u00e4ngnisalltag ist schwierig und wiederholend. Eines Tages bemerkt einer seiner Gef\u00e4hrten, dass es in der Festung eine Sicherheitsl\u00fccke gibt, die sie zur Flucht nutzen k\u00f6nnen. Innerhalb und au\u00dferhalb des Gef\u00e4ngnisses wird ein Fluchtplan in Gang gesetzt&#8230;<\/p>\n","protected":false},"excerpt":{"rendered":"<p>Juli 1956. \u00c1lvaro Cunhal kommt in der Festung Peniche an und wird in den modernsten und sichersten Gef\u00e4ngnistrakt gebracht, der als ausbruchsicher gilt. Trotz der strengen Kontrolle, die \u00fcber die Gefangenen ausge\u00fcbt wird, gelingt es \u00c1lvaro und seinen Kameraden, eine [&hellip;]<\/p>\n","protected":false},"author":5,"featured_media":37284,"comment_status":"closed","ping_status":"closed","template":"","tags":[],"mec_category":[1315],"_links":{"self":[{"href":"https:\/\/visitaltotamegaebarroso.pt\/de\/wp-json\/wp\/v2\/mec-events\/37288"}],"collection":[{"href":"https:\/\/visitaltotamegaebarroso.pt\/de\/wp-json\/wp\/v2\/mec-events"}],"about":[{"href":"https:\/\/visitaltotamegaebarroso.pt\/de\/wp-json\/wp\/v2\/types\/mec-events"}],"author":[{"embeddable":true,"href":"https:\/\/visitaltotamegaebarroso.pt\/de\/wp-json\/wp\/v2\/users\/5"}],"replies":[{"embeddable":true,"href":"https:\/\/visitaltotamegaebarroso.pt\/de\/wp-json\/wp\/v2\/comments?post=37288"}],"wp:featuredmedia":[{"embeddable":true,"href":"https:\/\/visitaltotamegaebarroso.pt\/de\/wp-json\/wp\/v2\/media\/37284"}],"wp:attachment":[{"href":"https:\/\/visitaltotamegaebarroso.pt\/de\/wp-json\/wp\/v2\/media?parent=37288"}],"wp:term":[{"taxonomy":"post_tag","embeddable":true,"href":"https:\/\/visitaltotamegaebarroso.pt\/de\/wp-json\/wp\/v2\/tags?post=37288"},{"taxonomy":"mec_category","embeddable":true,"href":"https:\/\/visitaltotamegaebarroso.pt\/de\/wp-json\/wp\/v2\/mec_category?post=37288"}],"curies":[{"name":"wp","href":"https:\/\/api.w.org\/{rel}","templated":true}]}}