{"id":37072,"date":"2025-03-18T10:47:38","date_gmt":"2025-03-18T10:47:38","guid":{"rendered":"https:\/\/visitaltotamegaebarroso.pt\/events\/valpacos-o-cafe-das-cafe\/"},"modified":"2025-03-18T10:47:38","modified_gmt":"2025-03-18T10:47:38","slug":"valpacos-o-cafe-das-cafe","status":"publish","type":"mec-events","link":"https:\/\/visitaltotamegaebarroso.pt\/de\/events\/valpacos-o-cafe-das-cafe\/","title":{"rendered":"Valpa\u00e7os | O Caf\u00e9 (Das Caf\u00e9)"},"content":{"rendered":"<p>Im Rahmen des Theatermonats findet im Auditorium f\u00fcr Kunst und Kultur Lu\u00eds Teixeira am Samstag, den 22. M\u00e4rz um 21.30 Uhr die Auff\u00fchrung von Carlo Goldonis \u201eO Caf\u00e9\u201c in der Bearbeitung von Ricardo Ferreira de Almeida statt.<\/p>\n<p>Das sollten Sie nicht verpassen!<\/p>\n","protected":false},"excerpt":{"rendered":"<p>Im Rahmen des Theatermonats findet im Auditorium f\u00fcr Kunst und Kultur Lu\u00eds Teixeira am Samstag, den 22. M\u00e4rz um 21.30 Uhr die Auff\u00fchrung von Carlo Goldonis \u201eO Caf\u00e9\u201c in der Bearbeitung von Ricardo Ferreira de Almeida statt. Das sollten Sie [&hellip;]<\/p>\n","protected":false},"author":5,"featured_media":37068,"comment_status":"closed","ping_status":"closed","template":"","tags":[],"mec_category":[1552],"_links":{"self":[{"href":"https:\/\/visitaltotamegaebarroso.pt\/de\/wp-json\/wp\/v2\/mec-events\/37072"}],"collection":[{"href":"https:\/\/visitaltotamegaebarroso.pt\/de\/wp-json\/wp\/v2\/mec-events"}],"about":[{"href":"https:\/\/visitaltotamegaebarroso.pt\/de\/wp-json\/wp\/v2\/types\/mec-events"}],"author":[{"embeddable":true,"href":"https:\/\/visitaltotamegaebarroso.pt\/de\/wp-json\/wp\/v2\/users\/5"}],"replies":[{"embeddable":true,"href":"https:\/\/visitaltotamegaebarroso.pt\/de\/wp-json\/wp\/v2\/comments?post=37072"}],"wp:featuredmedia":[{"embeddable":true,"href":"https:\/\/visitaltotamegaebarroso.pt\/de\/wp-json\/wp\/v2\/media\/37068"}],"wp:attachment":[{"href":"https:\/\/visitaltotamegaebarroso.pt\/de\/wp-json\/wp\/v2\/media?parent=37072"}],"wp:term":[{"taxonomy":"post_tag","embeddable":true,"href":"https:\/\/visitaltotamegaebarroso.pt\/de\/wp-json\/wp\/v2\/tags?post=37072"},{"taxonomy":"mec_category","embeddable":true,"href":"https:\/\/visitaltotamegaebarroso.pt\/de\/wp-json\/wp\/v2\/mec_category?post=37072"}],"curies":[{"name":"wp","href":"https:\/\/api.w.org\/{rel}","templated":true}]}}