{"id":36878,"date":"2025-03-17T15:15:17","date_gmt":"2025-03-17T15:15:17","guid":{"rendered":"https:\/\/visitaltotamegaebarroso.pt\/events\/ribeira-de-pena-9-auflage-des-forellenfestivals\/"},"modified":"2025-03-17T15:15:17","modified_gmt":"2025-03-17T15:15:17","slug":"ribeira-de-pena-9-auflage-des-forellenfestivals","status":"publish","type":"mec-events","link":"https:\/\/visitaltotamegaebarroso.pt\/de\/events\/ribeira-de-pena-9-auflage-des-forellenfestivals\/","title":{"rendered":"Ribeira de Pena | 9. Auflage des Forellenfestivals"},"content":{"rendered":"<p>Forellenfest in Canedo.<br \/>\nAm 22. und 23. M\u00e4rz k\u00f6nnen Sie mit uns die k\u00f6stlichen Forellen aus dem Fluss Be\u00e7a, Honig, typische S\u00fc\u00dfigkeiten und vieles mehr genie\u00dfen!<\/p>\n<p>Mit Musik, Unterhaltung und lokaler Kultur verspricht das Festival ein unverzichtbares Ereignis f\u00fcr die ganze Familie zu werden.<\/p>\n","protected":false},"excerpt":{"rendered":"<p>Forellenfest in Canedo. Am 22. und 23. M\u00e4rz k\u00f6nnen Sie mit uns die k\u00f6stlichen Forellen aus dem Fluss Be\u00e7a, Honig, typische S\u00fc\u00dfigkeiten und vieles mehr genie\u00dfen! Mit Musik, Unterhaltung und lokaler Kultur verspricht das Festival ein unverzichtbares Ereignis f\u00fcr die [&hellip;]<\/p>\n","protected":false},"author":5,"featured_media":36874,"comment_status":"closed","ping_status":"closed","template":"","tags":[],"mec_category":[717],"_links":{"self":[{"href":"https:\/\/visitaltotamegaebarroso.pt\/de\/wp-json\/wp\/v2\/mec-events\/36878"}],"collection":[{"href":"https:\/\/visitaltotamegaebarroso.pt\/de\/wp-json\/wp\/v2\/mec-events"}],"about":[{"href":"https:\/\/visitaltotamegaebarroso.pt\/de\/wp-json\/wp\/v2\/types\/mec-events"}],"author":[{"embeddable":true,"href":"https:\/\/visitaltotamegaebarroso.pt\/de\/wp-json\/wp\/v2\/users\/5"}],"replies":[{"embeddable":true,"href":"https:\/\/visitaltotamegaebarroso.pt\/de\/wp-json\/wp\/v2\/comments?post=36878"}],"wp:featuredmedia":[{"embeddable":true,"href":"https:\/\/visitaltotamegaebarroso.pt\/de\/wp-json\/wp\/v2\/media\/36874"}],"wp:attachment":[{"href":"https:\/\/visitaltotamegaebarroso.pt\/de\/wp-json\/wp\/v2\/media?parent=36878"}],"wp:term":[{"taxonomy":"post_tag","embeddable":true,"href":"https:\/\/visitaltotamegaebarroso.pt\/de\/wp-json\/wp\/v2\/tags?post=36878"},{"taxonomy":"mec_category","embeddable":true,"href":"https:\/\/visitaltotamegaebarroso.pt\/de\/wp-json\/wp\/v2\/mec_category?post=36878"}],"curies":[{"name":"wp","href":"https:\/\/api.w.org\/{rel}","templated":true}]}}