{"id":36828,"date":"2025-03-17T09:59:06","date_gmt":"2025-03-17T09:59:06","guid":{"rendered":"https:\/\/visitaltotamegaebarroso.pt\/events\/vila-pouca-de-aguiar-gaelle-solal\/"},"modified":"2025-03-17T09:59:06","modified_gmt":"2025-03-17T09:59:06","slug":"vila-pouca-de-aguiar-gaelle-solal","status":"publish","type":"mec-events","link":"https:\/\/visitaltotamegaebarroso.pt\/de\/events\/vila-pouca-de-aguiar-gaelle-solal\/","title":{"rendered":"Vila Pouca de Aguiar | Ga\u00eblle Solal"},"content":{"rendered":"<p>Der Monat M\u00e4rz geht nicht zu Ende ohne ein weiteres gro\u00dfartiges Konzert in Vila Pouca de Aguiar!<\/p>\n<p>Am 29. M\u00e4rz wird Ga\u00eblle Solal f\u00fcr das Publikum von Aguiar auftreten (Auditorium Santa Casa da Miseric\u00f3rdia, 21:30 Uhr). Ga\u00eblle Solal (Frankreich) wurde in eine musikbegeisterte Familie hineingeboren und begann schon in jungen Jahren mit dem Gitarrenspiel, mit dem sie in \u00fcber vierzig L\u00e4ndern auf renommierten B\u00fchnen auftrat. Mehr der Freiheit als dem Dogma zugetan, bewegt sie sich nahtlos von Bach bis zu den Beatles, von zeitgen\u00f6ssischer bis zu barocker Musik.<\/p>\n<p>Magos da Guitarra ist das gr\u00f6\u00dfte Gitarrenfestival Portugals, sowohl was die Anzahl der Konzerte als auch was das Gebiet betrifft: 17 Konzerte in 12 Gemeinden.<\/p>\n<p>Das Festival wird von De Mi Para Si veranstaltet, dem Kulturveranstalter, der dieses Festival ins Leben gerufen hat, das in Tr\u00e1s-os-Montes und Douro stattfindet<\/p>\n","protected":false},"excerpt":{"rendered":"<p>Der Monat M\u00e4rz geht nicht zu Ende ohne ein weiteres gro\u00dfartiges Konzert in Vila Pouca de Aguiar! Am 29. M\u00e4rz wird Ga\u00eblle Solal f\u00fcr das Publikum von Aguiar auftreten (Auditorium Santa Casa da Miseric\u00f3rdia, 21:30 Uhr). Ga\u00eblle Solal (Frankreich) wurde [&hellip;]<\/p>\n","protected":false},"author":5,"featured_media":36824,"comment_status":"closed","ping_status":"closed","template":"","tags":[],"mec_category":[1444],"_links":{"self":[{"href":"https:\/\/visitaltotamegaebarroso.pt\/de\/wp-json\/wp\/v2\/mec-events\/36828"}],"collection":[{"href":"https:\/\/visitaltotamegaebarroso.pt\/de\/wp-json\/wp\/v2\/mec-events"}],"about":[{"href":"https:\/\/visitaltotamegaebarroso.pt\/de\/wp-json\/wp\/v2\/types\/mec-events"}],"author":[{"embeddable":true,"href":"https:\/\/visitaltotamegaebarroso.pt\/de\/wp-json\/wp\/v2\/users\/5"}],"replies":[{"embeddable":true,"href":"https:\/\/visitaltotamegaebarroso.pt\/de\/wp-json\/wp\/v2\/comments?post=36828"}],"wp:featuredmedia":[{"embeddable":true,"href":"https:\/\/visitaltotamegaebarroso.pt\/de\/wp-json\/wp\/v2\/media\/36824"}],"wp:attachment":[{"href":"https:\/\/visitaltotamegaebarroso.pt\/de\/wp-json\/wp\/v2\/media?parent=36828"}],"wp:term":[{"taxonomy":"post_tag","embeddable":true,"href":"https:\/\/visitaltotamegaebarroso.pt\/de\/wp-json\/wp\/v2\/tags?post=36828"},{"taxonomy":"mec_category","embeddable":true,"href":"https:\/\/visitaltotamegaebarroso.pt\/de\/wp-json\/wp\/v2\/mec_category?post=36828"}],"curies":[{"name":"wp","href":"https:\/\/api.w.org\/{rel}","templated":true}]}}