{"id":36786,"date":"2025-03-08T11:49:59","date_gmt":"2025-03-08T11:49:59","guid":{"rendered":"https:\/\/visitaltotamegaebarroso.pt\/events\/ribeira-de-pena-camilo-am-tisch\/"},"modified":"2025-03-08T11:49:59","modified_gmt":"2025-03-08T11:49:59","slug":"ribeira-de-pena-camilo-am-tisch","status":"publish","type":"mec-events","link":"https:\/\/visitaltotamegaebarroso.pt\/de\/events\/ribeira-de-pena-camilo-am-tisch\/","title":{"rendered":"Ribeira de Pena | Camilo am Tisch"},"content":{"rendered":"<p>Im Rahmen der Feierlichkeiten zum 200. Geburtstag von Camilo Castelo Branco hat die Gemeinde Ribeira de Pena in Zusammenarbeit mit dem Hotel Pena Park und dem Projekt Camilo a Norte 200 einen Tag voller Aktivit\u00e4ten vorbereitet. Die Veranstaltung findet am 15. M\u00e4rz statt und befasst sich mit dem Leben, der Arbeit und der Gastronomie von Camilo.<\/p>\n<p>Das Programm beginnt um 11 Uhr mit einer Tert\u00falia Camiliana, einem Moment der Reflexion und Diskussion \u00fcber den Autor. Um 19.30 Uhr haben die Teilnehmer die M\u00f6glichkeit, ein einzigartiges gastronomisches Erlebnis zu genie\u00dfen, bei dem Rezepte aus dem Buch \u201e\u00c0 Mesa com Camilo\u201c nachgekocht werden.<\/p>\n<p>Um 22.30 Uhr findet schlie\u00dflich eine Erz\u00e4hlung mit Ausz\u00fcgen aus Camilo Castelo Brancos Werken statt, die den Anwesenden eine literarische Reise durch die Worte des Autors bietet.<\/p>\n<p>Die Teilnahme an diesen Veranstaltungen ist kostenlos, mit Ausnahme des gastronomischen Erlebnisses, aber abh\u00e4ngig von der Verf\u00fcgbarkeit und der vorherigen Anmeldung, die bis zum 14. M\u00e4rz per E-Mail erfolgen kann.<\/p>\n<p>Lassen Sie sich die Gelegenheit nicht entgehen, an dieser besonderen Feier f\u00fcr einen der gr\u00f6\u00dften Namen der portugiesischen Literatur teilzunehmen.<\/p>\n","protected":false},"excerpt":{"rendered":"<p>Im Rahmen der Feierlichkeiten zum 200. Geburtstag von Camilo Castelo Branco hat die Gemeinde Ribeira de Pena in Zusammenarbeit mit dem Hotel Pena Park und dem Projekt Camilo a Norte 200 einen Tag voller Aktivit\u00e4ten vorbereitet. Die Veranstaltung findet am [&hellip;]<\/p>\n","protected":false},"author":5,"featured_media":36782,"comment_status":"closed","ping_status":"closed","template":"","tags":[],"mec_category":[717],"_links":{"self":[{"href":"https:\/\/visitaltotamegaebarroso.pt\/de\/wp-json\/wp\/v2\/mec-events\/36786"}],"collection":[{"href":"https:\/\/visitaltotamegaebarroso.pt\/de\/wp-json\/wp\/v2\/mec-events"}],"about":[{"href":"https:\/\/visitaltotamegaebarroso.pt\/de\/wp-json\/wp\/v2\/types\/mec-events"}],"author":[{"embeddable":true,"href":"https:\/\/visitaltotamegaebarroso.pt\/de\/wp-json\/wp\/v2\/users\/5"}],"replies":[{"embeddable":true,"href":"https:\/\/visitaltotamegaebarroso.pt\/de\/wp-json\/wp\/v2\/comments?post=36786"}],"wp:featuredmedia":[{"embeddable":true,"href":"https:\/\/visitaltotamegaebarroso.pt\/de\/wp-json\/wp\/v2\/media\/36782"}],"wp:attachment":[{"href":"https:\/\/visitaltotamegaebarroso.pt\/de\/wp-json\/wp\/v2\/media?parent=36786"}],"wp:term":[{"taxonomy":"post_tag","embeddable":true,"href":"https:\/\/visitaltotamegaebarroso.pt\/de\/wp-json\/wp\/v2\/tags?post=36786"},{"taxonomy":"mec_category","embeddable":true,"href":"https:\/\/visitaltotamegaebarroso.pt\/de\/wp-json\/wp\/v2\/mec_category?post=36786"}],"curies":[{"name":"wp","href":"https:\/\/api.w.org\/{rel}","templated":true}]}}