{"id":35987,"date":"2025-01-24T11:30:16","date_gmt":"2025-01-24T11:30:16","guid":{"rendered":"https:\/\/visitaltotamegaebarroso.pt\/events\/chaves-schenke-den-jahren-freude-duo-alturas\/"},"modified":"2025-01-24T11:30:16","modified_gmt":"2025-01-24T11:30:16","slug":"chaves-schenke-den-jahren-freude-duo-alturas","status":"publish","type":"mec-events","link":"https:\/\/visitaltotamegaebarroso.pt\/de\/events\/chaves-schenke-den-jahren-freude-duo-alturas\/","title":{"rendered":"Chaves | Schenke den Jahren Freude &#8211; Duo Alturas"},"content":{"rendered":"<p>Mit dem Ziel, eine proaktive Haltung zu schaffen, bietet dieses Sonntagstreffen musikalische Unterhaltung durch die Gruppe \u201eDuo Alturas\u201c, die eine zunehmend aktive und partizipative B\u00fcrgerschaft mit viel Animation und Freude in der Mischung bietet.<\/p>\n<p>Die St\u00e4rkung der verschiedenen Generationen zur F\u00f6rderung der Solidarit\u00e4t, des Kooperativismus und des Respekts f\u00fcr die unterschiedlichen Bed\u00fcrfnisse und M\u00f6glichkeiten, die mit jedem Alter verbunden sind, tr\u00e4gt zum sozialen Aufbau eines aktiven und gesunden Alterns bei. Menschen, die positive Aktivit\u00e4ten erleben, haben ein besseres Selbst- und Weltbild und k\u00f6nnen besser mit Krankheit, Stress und anderen Schwierigkeiten umgehen.<\/p>\n<p>Das Projekt \u201eGesundes Altern\u201c ist Teil des Pakts f\u00fcr die Entwicklung und den territorialen Zusammenhalt von Alto T\u00e2mega und f\u00f6rdert das ganze Jahr \u00fcber thematische Veranstaltungen und Feste.<\/p>\n<p>Organisiert von: Gemeinde Chaves<\/p>\n","protected":false},"excerpt":{"rendered":"<p>Mit dem Ziel, eine proaktive Haltung zu schaffen, bietet dieses Sonntagstreffen musikalische Unterhaltung durch die Gruppe \u201eDuo Alturas\u201c, die eine zunehmend aktive und partizipative B\u00fcrgerschaft mit viel Animation und Freude in der Mischung bietet. Die St\u00e4rkung der verschiedenen Generationen zur [&hellip;]<\/p>\n","protected":false},"author":5,"featured_media":36543,"comment_status":"closed","ping_status":"closed","template":"","tags":[],"mec_category":[717],"_links":{"self":[{"href":"https:\/\/visitaltotamegaebarroso.pt\/de\/wp-json\/wp\/v2\/mec-events\/35987"}],"collection":[{"href":"https:\/\/visitaltotamegaebarroso.pt\/de\/wp-json\/wp\/v2\/mec-events"}],"about":[{"href":"https:\/\/visitaltotamegaebarroso.pt\/de\/wp-json\/wp\/v2\/types\/mec-events"}],"author":[{"embeddable":true,"href":"https:\/\/visitaltotamegaebarroso.pt\/de\/wp-json\/wp\/v2\/users\/5"}],"replies":[{"embeddable":true,"href":"https:\/\/visitaltotamegaebarroso.pt\/de\/wp-json\/wp\/v2\/comments?post=35987"}],"wp:featuredmedia":[{"embeddable":true,"href":"https:\/\/visitaltotamegaebarroso.pt\/de\/wp-json\/wp\/v2\/media\/36543"}],"wp:attachment":[{"href":"https:\/\/visitaltotamegaebarroso.pt\/de\/wp-json\/wp\/v2\/media?parent=35987"}],"wp:term":[{"taxonomy":"post_tag","embeddable":true,"href":"https:\/\/visitaltotamegaebarroso.pt\/de\/wp-json\/wp\/v2\/tags?post=35987"},{"taxonomy":"mec_category","embeddable":true,"href":"https:\/\/visitaltotamegaebarroso.pt\/de\/wp-json\/wp\/v2\/mec_category?post=35987"}],"curies":[{"name":"wp","href":"https:\/\/api.w.org\/{rel}","templated":true}]}}