{"id":35815,"date":"2025-01-18T09:55:32","date_gmt":"2025-01-18T09:55:32","guid":{"rendered":"https:\/\/visitaltotamegaebarroso.pt\/events\/montalegre-34-feira-do-fumeiro-augusto-canario\/"},"modified":"2025-01-18T09:55:32","modified_gmt":"2025-01-18T09:55:32","slug":"montalegre-34-feira-do-fumeiro-augusto-canario","status":"publish","type":"mec-events","link":"https:\/\/visitaltotamegaebarroso.pt\/de\/events\/montalegre-34-feira-do-fumeiro-augusto-canario\/","title":{"rendered":"Montalegre | 34. Feira do Fumeiro &#8211; Augusto Can\u00e1rio"},"content":{"rendered":"<p>Augusto Can\u00e1rio wird bei der 34. Feira do Fumeiro anwesend sein. Feira do Fumeiro anwesend sein. Er ist f\u00fcr seinen gro\u00dfen Beitrag zur portugiesischen Volksmusik bekannt und verspricht einen lebhaften Abend f\u00fcr alle Teilnehmer.<\/p>\n","protected":false},"excerpt":{"rendered":"<p>Augusto Can\u00e1rio wird bei der 34. Feira do Fumeiro anwesend sein. Feira do Fumeiro anwesend sein. Er ist f\u00fcr seinen gro\u00dfen Beitrag zur portugiesischen Volksmusik bekannt und verspricht einen lebhaften Abend f\u00fcr alle Teilnehmer.<\/p>\n","protected":false},"author":5,"featured_media":35811,"comment_status":"closed","ping_status":"closed","template":"","tags":[],"mec_category":[1444],"_links":{"self":[{"href":"https:\/\/visitaltotamegaebarroso.pt\/de\/wp-json\/wp\/v2\/mec-events\/35815"}],"collection":[{"href":"https:\/\/visitaltotamegaebarroso.pt\/de\/wp-json\/wp\/v2\/mec-events"}],"about":[{"href":"https:\/\/visitaltotamegaebarroso.pt\/de\/wp-json\/wp\/v2\/types\/mec-events"}],"author":[{"embeddable":true,"href":"https:\/\/visitaltotamegaebarroso.pt\/de\/wp-json\/wp\/v2\/users\/5"}],"replies":[{"embeddable":true,"href":"https:\/\/visitaltotamegaebarroso.pt\/de\/wp-json\/wp\/v2\/comments?post=35815"}],"wp:featuredmedia":[{"embeddable":true,"href":"https:\/\/visitaltotamegaebarroso.pt\/de\/wp-json\/wp\/v2\/media\/35811"}],"wp:attachment":[{"href":"https:\/\/visitaltotamegaebarroso.pt\/de\/wp-json\/wp\/v2\/media?parent=35815"}],"wp:term":[{"taxonomy":"post_tag","embeddable":true,"href":"https:\/\/visitaltotamegaebarroso.pt\/de\/wp-json\/wp\/v2\/tags?post=35815"},{"taxonomy":"mec_category","embeddable":true,"href":"https:\/\/visitaltotamegaebarroso.pt\/de\/wp-json\/wp\/v2\/mec_category?post=35815"}],"curies":[{"name":"wp","href":"https:\/\/api.w.org\/{rel}","templated":true}]}}