{"id":35455,"date":"2024-12-26T14:41:45","date_gmt":"2024-12-26T14:41:45","guid":{"rendered":"https:\/\/visitaltotamegaebarroso.pt\/events\/chaves-weihnachtskonzert-banda-de-ervededo\/"},"modified":"2024-12-26T14:41:45","modified_gmt":"2024-12-26T14:41:45","slug":"chaves-weihnachtskonzert-banda-de-ervededo","status":"publish","type":"mec-events","link":"https:\/\/visitaltotamegaebarroso.pt\/de\/events\/chaves-weihnachtskonzert-banda-de-ervededo\/","title":{"rendered":"Chaves | Weihnachtskonzert Banda de Ervededo"},"content":{"rendered":"<p>Mit dem Ziel, Chaves in dieser festlichen Jahreszeit zu beleben, f\u00f6rdert die Stadtverwaltung die lokale Kunst und Kultur mit zwei philharmonischen Konzerten der Banda Musical da Torre de Ervededo unter der k\u00fcnstlerischen Leitung von Maestro Ricardo Lopes.<\/p>\n<p>Die Banda Musical da Torre de Ervededo unter der k\u00fcnstlerischen Leitung von Maestro Ricardo Lopes wird am Freitag, dem 27. Dezember, um 21.30 Uhr im Auditorium des Kulturzentrums auftreten und unvergessliche Momente zu den Kl\u00e4ngen von Weihnachtsmelodien und gro\u00dfen Klassikern in einer festlichen und gemeinschaftlichen Atmosph\u00e4re bieten, die die Herzen der Anwesenden erw\u00e4rmen wird.<\/p>\n<p>Um das Jahr 2024 mit viel Musik und Freude ausklingen zu lassen, wird die Band am Sonntag, den 29. Dezember um 16.00 Uhr in der Kirche Sagrada Fam\u00edlia in Santa Cruz ein Silvesterkonzert f\u00fcr alle Einwohner von Flavi geben.<\/p>\n","protected":false},"excerpt":{"rendered":"<p>Mit dem Ziel, Chaves in dieser festlichen Jahreszeit zu beleben, f\u00f6rdert die Stadtverwaltung die lokale Kunst und Kultur mit zwei philharmonischen Konzerten der Banda Musical da Torre de Ervededo unter der k\u00fcnstlerischen Leitung von Maestro Ricardo Lopes. Die Banda Musical [&hellip;]<\/p>\n","protected":false},"author":5,"featured_media":35451,"comment_status":"closed","ping_status":"closed","template":"","tags":[],"mec_category":[1444],"_links":{"self":[{"href":"https:\/\/visitaltotamegaebarroso.pt\/de\/wp-json\/wp\/v2\/mec-events\/35455"}],"collection":[{"href":"https:\/\/visitaltotamegaebarroso.pt\/de\/wp-json\/wp\/v2\/mec-events"}],"about":[{"href":"https:\/\/visitaltotamegaebarroso.pt\/de\/wp-json\/wp\/v2\/types\/mec-events"}],"author":[{"embeddable":true,"href":"https:\/\/visitaltotamegaebarroso.pt\/de\/wp-json\/wp\/v2\/users\/5"}],"replies":[{"embeddable":true,"href":"https:\/\/visitaltotamegaebarroso.pt\/de\/wp-json\/wp\/v2\/comments?post=35455"}],"wp:featuredmedia":[{"embeddable":true,"href":"https:\/\/visitaltotamegaebarroso.pt\/de\/wp-json\/wp\/v2\/media\/35451"}],"wp:attachment":[{"href":"https:\/\/visitaltotamegaebarroso.pt\/de\/wp-json\/wp\/v2\/media?parent=35455"}],"wp:term":[{"taxonomy":"post_tag","embeddable":true,"href":"https:\/\/visitaltotamegaebarroso.pt\/de\/wp-json\/wp\/v2\/tags?post=35455"},{"taxonomy":"mec_category","embeddable":true,"href":"https:\/\/visitaltotamegaebarroso.pt\/de\/wp-json\/wp\/v2\/mec_category?post=35455"}],"curies":[{"name":"wp","href":"https:\/\/api.w.org\/{rel}","templated":true}]}}