{"id":34399,"date":"2024-11-13T16:41:16","date_gmt":"2024-11-13T16:41:16","guid":{"rendered":"https:\/\/visitaltotamegaebarroso.pt\/?post_type=mec-events&#038;p=34399"},"modified":"2024-11-15T12:37:27","modified_gmt":"2024-11-15T12:37:27","slug":"ciclo-das-peeiras","status":"publish","type":"mec-events","link":"https:\/\/visitaltotamegaebarroso.pt\/de\/events\/ciclo-das-peeiras\/","title":{"rendered":"Chaves | Jakobsmuschel-Zyklus"},"content":{"rendered":"<p>Der \u201eCiclo das Peeiras\u201c schlie\u00dft sich mit dem portugiesischen Roten Kreuz in Chaves zusammen, um ein offenes und notwendiges Gespr\u00e4ch \u00fcber geschlechtsspezifische Gewalt zu f\u00fchren.<\/p>\n<p>\u201eScham muss auf der anderen Seite sein\u201c ist eine Aktivit\u00e4t im Rahmen des Internationalen Tages zur Beseitigung von Gewalt gegen Frauen und steht allen offen, die uns einen sicheren Raum zum gemeinsamen Nachdenken er\u00f6ffnen wollen. Wir werden uns Geschichten anh\u00f6ren, von Experten lernen und Ideen austauschen, wie wir eine empathischere und bewusstere Gesellschaft aufbauen k\u00f6nnen.<\/p>\n<p>Die Veranstaltung findet am <strong>Freitag<\/strong> <strong>, den 22. November<\/strong> um <strong>21 Uhr<\/strong> im <strong>Gelben Saal &#8211; INDIEROR statt.<\/strong> Der Eintritt ist frei.<\/p>\n","protected":false},"excerpt":{"rendered":"<p>Der \u201eCiclo das Peeiras\u201c schlie\u00dft sich mit dem portugiesischen Roten Kreuz in Chaves zusammen, um ein offenes und notwendiges Gespr\u00e4ch \u00fcber geschlechtsspezifische Gewalt zu f\u00fchren. \u201eScham muss auf der anderen Seite sein\u201c ist eine Aktivit\u00e4t im Rahmen des Internationalen Tages [&hellip;]<\/p>\n","protected":false},"author":5,"featured_media":34395,"comment_status":"closed","ping_status":"closed","template":"","tags":[],"mec_category":[717],"_links":{"self":[{"href":"https:\/\/visitaltotamegaebarroso.pt\/de\/wp-json\/wp\/v2\/mec-events\/34399"}],"collection":[{"href":"https:\/\/visitaltotamegaebarroso.pt\/de\/wp-json\/wp\/v2\/mec-events"}],"about":[{"href":"https:\/\/visitaltotamegaebarroso.pt\/de\/wp-json\/wp\/v2\/types\/mec-events"}],"author":[{"embeddable":true,"href":"https:\/\/visitaltotamegaebarroso.pt\/de\/wp-json\/wp\/v2\/users\/5"}],"replies":[{"embeddable":true,"href":"https:\/\/visitaltotamegaebarroso.pt\/de\/wp-json\/wp\/v2\/comments?post=34399"}],"wp:featuredmedia":[{"embeddable":true,"href":"https:\/\/visitaltotamegaebarroso.pt\/de\/wp-json\/wp\/v2\/media\/34395"}],"wp:attachment":[{"href":"https:\/\/visitaltotamegaebarroso.pt\/de\/wp-json\/wp\/v2\/media?parent=34399"}],"wp:term":[{"taxonomy":"post_tag","embeddable":true,"href":"https:\/\/visitaltotamegaebarroso.pt\/de\/wp-json\/wp\/v2\/tags?post=34399"},{"taxonomy":"mec_category","embeddable":true,"href":"https:\/\/visitaltotamegaebarroso.pt\/de\/wp-json\/wp\/v2\/mec_category?post=34399"}],"curies":[{"name":"wp","href":"https:\/\/api.w.org\/{rel}","templated":true}]}}