{"id":34321,"date":"2024-11-08T14:11:05","date_gmt":"2024-11-08T14:11:05","guid":{"rendered":"https:\/\/visitaltotamegaebarroso.pt\/?post_type=mec-events&#038;p=34321"},"modified":"2024-11-15T12:25:59","modified_gmt":"2024-11-15T12:25:59","slug":"herbstlicher-spaziergang","status":"publish","type":"mec-events","link":"https:\/\/visitaltotamegaebarroso.pt\/de\/events\/herbstlicher-spaziergang\/","title":{"rendered":"Ribeira de Pena | Herbstlicher Spaziergang"},"content":{"rendered":"<p>HERBSTSPAZIERGANG F\u00dcR DEN EINHEIMISCHEN WALD<\/p>\n<p>Die Gemeinde Ribeira de Pena veranstaltet am 23. November eine Herbstwanderung f\u00fcr den autochthonen Wald.<\/p>\n<p>Der Treffpunkt ist um 9 Uhr im Freizeitpark Madragoso in Cerva.<\/p>\n<p>Die Route f\u00fchrt \u00fcber etwa 6 Kilometer durch den Wald und beinhaltet auch mykologische Beobachtungen.<\/p>\n<p>Der 23. November ist der Tag des autochthonen Waldes, ein Datum, das die Bedeutung der einheimischen Baumarten f\u00fcr die biologische Vielfalt und die Nachhaltigkeit der \u00d6kosysteme hervorhebt.<\/p>\n<p>Diese W\u00e4lder, die an den Boden und das lokale Klima angepasst sind, bieten Lebensraum f\u00fcr Wildtiere, sch\u00fctzen den Boden vor Erosion und tragen zur Regulierung der Wasser- und Luftqualit\u00e4t bei.<\/p>\n<p>Ziel dieser Initiative ist es, das Bewusstsein f\u00fcr die Erhaltung und Wiederherstellung einheimischer W\u00e4lder zu sch\u00e4rfen, die f\u00fcr die Widerstandsf\u00e4higkeit der Umwelt unerl\u00e4sslich sind, und vor den Auswirkungen invasiver Arten zu warnen.<\/p>\n<p>Machen Sie mit und melden Sie sich bis zum 19. November an unter:<\/p>\n<p><a href=\"https:\/\/forms.gle\/F7BnrjJ1BNLkXAAT8?fbclid=IwZXh0bgNhZW0CMTAAAR1YGu9N33OD8L0joXeJlS7fQMXv8k7cnPfvF2GOVUUq0Dau7MMncGX-L7E_aem_bZwcgJbk9JPVQ2g-0X5Acg\"><b>https:\/\/forms.gle\/F7BnrjJ1BNLkXAAT8<\/b><\/a><\/p>\n<p>gtf@cm-rpena.pt<\/p>\n<p>962251861<\/p>\n","protected":false},"excerpt":{"rendered":"<p>HERBSTSPAZIERGANG F\u00dcR DEN EINHEIMISCHEN WALD Die Gemeinde Ribeira de Pena veranstaltet am 23. November eine Herbstwanderung f\u00fcr den autochthonen Wald. Der Treffpunkt ist um 9 Uhr im Freizeitpark Madragoso in Cerva. Die Route f\u00fchrt \u00fcber etwa 6 Kilometer durch den [&hellip;]<\/p>\n","protected":false},"author":5,"featured_media":34317,"comment_status":"closed","ping_status":"closed","template":"","tags":[],"mec_category":[719],"_links":{"self":[{"href":"https:\/\/visitaltotamegaebarroso.pt\/de\/wp-json\/wp\/v2\/mec-events\/34321"}],"collection":[{"href":"https:\/\/visitaltotamegaebarroso.pt\/de\/wp-json\/wp\/v2\/mec-events"}],"about":[{"href":"https:\/\/visitaltotamegaebarroso.pt\/de\/wp-json\/wp\/v2\/types\/mec-events"}],"author":[{"embeddable":true,"href":"https:\/\/visitaltotamegaebarroso.pt\/de\/wp-json\/wp\/v2\/users\/5"}],"replies":[{"embeddable":true,"href":"https:\/\/visitaltotamegaebarroso.pt\/de\/wp-json\/wp\/v2\/comments?post=34321"}],"wp:featuredmedia":[{"embeddable":true,"href":"https:\/\/visitaltotamegaebarroso.pt\/de\/wp-json\/wp\/v2\/media\/34317"}],"wp:attachment":[{"href":"https:\/\/visitaltotamegaebarroso.pt\/de\/wp-json\/wp\/v2\/media?parent=34321"}],"wp:term":[{"taxonomy":"post_tag","embeddable":true,"href":"https:\/\/visitaltotamegaebarroso.pt\/de\/wp-json\/wp\/v2\/tags?post=34321"},{"taxonomy":"mec_category","embeddable":true,"href":"https:\/\/visitaltotamegaebarroso.pt\/de\/wp-json\/wp\/v2\/mec_category?post=34321"}],"curies":[{"name":"wp","href":"https:\/\/api.w.org\/{rel}","templated":true}]}}