{"id":33680,"date":"2024-10-17T16:45:33","date_gmt":"2024-10-17T15:45:33","guid":{"rendered":"https:\/\/visitaltotamegaebarroso.pt\/?post_type=mec-events&#038;p=33680"},"modified":"2024-10-17T16:48:47","modified_gmt":"2024-10-17T15:48:47","slug":"rosa-oktober-solidaritaetsspaziergang","status":"publish","type":"mec-events","link":"https:\/\/visitaltotamegaebarroso.pt\/de\/events\/rosa-oktober-solidaritaetsspaziergang\/","title":{"rendered":"Rosa Oktober &#8211; Solidarit\u00e4tsspaziergang"},"content":{"rendered":"<p>Am 27. Oktober findet in Valpa\u00e7os ein Solidarit\u00e4tsspaziergang anl\u00e4sslich des \u201eRosa Oktober\u201c statt, einer Bewegung zur Vorbeugung von Brustkrebs. Der von der Vereinigung \u201eBorboletas aos Montes\u201c und der Gemeinde Valpa\u00e7os organisierte Spaziergang, an dem auch mehrere Partner beteiligt sind, hat vor allem das Ziel, das Bewusstsein f\u00fcr dieses Thema zu sch\u00e4rfen und Mittel zu sammeln, damit die Vereinigung Brustkrebspatientinnen unterst\u00fctzen kann.<\/p>\n<p>Die Teilnehmer m\u00fcssen sich 30 Minuten vor der angegebenen Zeit einfinden, um ein Geschenkpaket f\u00fcr die Teilnahme an der Wanderung zu erhalten.<\/p>\n<p>Registrieren Sie sich f\u00fcr die Veranstaltung \u00fcber den Link <a href=\"https:\/\/valpacos.pt\/pages\/986\">https:\/\/valpacos.pt\/pages\/986<\/a><\/p>\n<p>oder pers\u00f6nlich an der Rezeption der Stadtverwaltung.<\/p>\n","protected":false},"excerpt":{"rendered":"<p>Am 27. Oktober findet in Valpa\u00e7os ein Solidarit\u00e4tsspaziergang anl\u00e4sslich des \u201eRosa Oktober\u201c statt, einer Bewegung zur Vorbeugung von Brustkrebs. Der von der Vereinigung \u201eBorboletas aos Montes\u201c und der Gemeinde Valpa\u00e7os organisierte Spaziergang, an dem auch mehrere Partner beteiligt sind, hat [&hellip;]<\/p>\n","protected":false},"author":5,"featured_media":33676,"comment_status":"closed","ping_status":"closed","template":"","tags":[],"mec_category":[719],"_links":{"self":[{"href":"https:\/\/visitaltotamegaebarroso.pt\/de\/wp-json\/wp\/v2\/mec-events\/33680"}],"collection":[{"href":"https:\/\/visitaltotamegaebarroso.pt\/de\/wp-json\/wp\/v2\/mec-events"}],"about":[{"href":"https:\/\/visitaltotamegaebarroso.pt\/de\/wp-json\/wp\/v2\/types\/mec-events"}],"author":[{"embeddable":true,"href":"https:\/\/visitaltotamegaebarroso.pt\/de\/wp-json\/wp\/v2\/users\/5"}],"replies":[{"embeddable":true,"href":"https:\/\/visitaltotamegaebarroso.pt\/de\/wp-json\/wp\/v2\/comments?post=33680"}],"wp:featuredmedia":[{"embeddable":true,"href":"https:\/\/visitaltotamegaebarroso.pt\/de\/wp-json\/wp\/v2\/media\/33676"}],"wp:attachment":[{"href":"https:\/\/visitaltotamegaebarroso.pt\/de\/wp-json\/wp\/v2\/media?parent=33680"}],"wp:term":[{"taxonomy":"post_tag","embeddable":true,"href":"https:\/\/visitaltotamegaebarroso.pt\/de\/wp-json\/wp\/v2\/tags?post=33680"},{"taxonomy":"mec_category","embeddable":true,"href":"https:\/\/visitaltotamegaebarroso.pt\/de\/wp-json\/wp\/v2\/mec_category?post=33680"}],"curies":[{"name":"wp","href":"https:\/\/api.w.org\/{rel}","templated":true}]}}