{"id":32935,"date":"2024-09-18T14:18:58","date_gmt":"2024-09-18T13:18:58","guid":{"rendered":"https:\/\/visitaltotamegaebarroso.pt\/events\/valpacos-edelkastanie-mit-zukunft-iv\/"},"modified":"2024-09-18T14:18:58","modified_gmt":"2024-09-18T13:18:58","slug":"valpacos-edelkastanie-mit-zukunft-iv","status":"publish","type":"mec-events","link":"https:\/\/visitaltotamegaebarroso.pt\/de\/events\/valpacos-edelkastanie-mit-zukunft-iv\/","title":{"rendered":"Valpa\u00e7os | Edelkastanie mit Zukunft IV"},"content":{"rendered":"<p>Die Zukunft der Edelkastanie wird am kommenden Freitag, dem 20. September, im Kulturverein von Rio Bom in der Gemeinde S. Jo\u00e3o de Corveira mit den Erzeugern und Akteuren des Sektors diskutiert.<\/p>\n<p>Die Initiative, die sich auf eines der wichtigsten Produkte des Exzellenzkorbs der Gemeinde Valpa\u00e7os konzentriert, bietet ein unumg\u00e4ngliches Programm f\u00fcr alle, die an das Potenzial, die Qualit\u00e4t und den hohen kommerziellen Wert der *J\u00fcdischen Kastanie* glauben.<\/p>\n<p>Die Teilnahme ist kostenlos, also nutzen Sie die Gelegenheit!<\/p>\n","protected":false},"excerpt":{"rendered":"<p>Die Zukunft der Edelkastanie wird am kommenden Freitag, dem 20. September, im Kulturverein von Rio Bom in der Gemeinde S. Jo\u00e3o de Corveira mit den Erzeugern und Akteuren des Sektors diskutiert. Die Initiative, die sich auf eines der wichtigsten Produkte [&hellip;]<\/p>\n","protected":false},"author":5,"featured_media":32931,"comment_status":"closed","ping_status":"closed","template":"","tags":[],"mec_category":[726],"_links":{"self":[{"href":"https:\/\/visitaltotamegaebarroso.pt\/de\/wp-json\/wp\/v2\/mec-events\/32935"}],"collection":[{"href":"https:\/\/visitaltotamegaebarroso.pt\/de\/wp-json\/wp\/v2\/mec-events"}],"about":[{"href":"https:\/\/visitaltotamegaebarroso.pt\/de\/wp-json\/wp\/v2\/types\/mec-events"}],"author":[{"embeddable":true,"href":"https:\/\/visitaltotamegaebarroso.pt\/de\/wp-json\/wp\/v2\/users\/5"}],"replies":[{"embeddable":true,"href":"https:\/\/visitaltotamegaebarroso.pt\/de\/wp-json\/wp\/v2\/comments?post=32935"}],"wp:featuredmedia":[{"embeddable":true,"href":"https:\/\/visitaltotamegaebarroso.pt\/de\/wp-json\/wp\/v2\/media\/32931"}],"wp:attachment":[{"href":"https:\/\/visitaltotamegaebarroso.pt\/de\/wp-json\/wp\/v2\/media?parent=32935"}],"wp:term":[{"taxonomy":"post_tag","embeddable":true,"href":"https:\/\/visitaltotamegaebarroso.pt\/de\/wp-json\/wp\/v2\/tags?post=32935"},{"taxonomy":"mec_category","embeddable":true,"href":"https:\/\/visitaltotamegaebarroso.pt\/de\/wp-json\/wp\/v2\/mec_category?post=32935"}],"curies":[{"name":"wp","href":"https:\/\/api.w.org\/{rel}","templated":true}]}}