{"id":32123,"date":"2024-09-04T18:03:45","date_gmt":"2024-09-04T17:03:45","guid":{"rendered":"https:\/\/visitaltotamegaebarroso.pt\/events\/montalegre-workshop-waldbaden\/"},"modified":"2024-09-04T18:03:45","modified_gmt":"2024-09-04T17:03:45","slug":"montalegre-workshop-waldbaden","status":"publish","type":"mec-events","link":"https:\/\/visitaltotamegaebarroso.pt\/de\/events\/montalegre-workshop-waldbaden\/","title":{"rendered":"Montalegre | Workshop &#8218;Waldbaden&#8216;"},"content":{"rendered":"<p>Am 21. Mai findet im Nationalpark Peneda-Ger\u00eas ein Workshop zum Thema \u201eWaldbaden\u201c statt. Diese Einf\u00fchrungsinitiative zielt darauf ab, den Teilnehmern die Techniken und das Wissen zu vermitteln, um die europ\u00e4ische Initiative \u201eGesunde Parks, gesunde Menschen\u201c in Portugal zu nutzen. Zielgruppe: Techniker aus Gebieten, die in Schutzgebiete (PAs) integriert sind; Fachleute<br \/>\nSchutzgebiete (PA); Fachleute, die in der Umwelterziehung t\u00e4tig sind; Naturw\u00e4chter; Gesundheitsfachleute und andere Organisationen (Unterhaltungsunternehmen, Verb\u00e4nde usw.), die in irgendeiner Weise an diesem Thema interessiert sind und damit zu tun haben.<\/p>\n<p>Die Anmeldung ist bis zum 17. September \u00fcber den folgenden Link m\u00f6glich: bit.ly\/workshopforest<\/p>\n","protected":false},"excerpt":{"rendered":"<p>Am 21. Mai findet im Nationalpark Peneda-Ger\u00eas ein Workshop zum Thema \u201eWaldbaden\u201c statt. Diese Einf\u00fchrungsinitiative zielt darauf ab, den Teilnehmern die Techniken und das Wissen zu vermitteln, um die europ\u00e4ische Initiative \u201eGesunde Parks, gesunde Menschen\u201c in Portugal zu nutzen. Zielgruppe: [&hellip;]<\/p>\n","protected":false},"author":5,"featured_media":32119,"comment_status":"closed","ping_status":"closed","template":"","tags":[],"mec_category":[717],"_links":{"self":[{"href":"https:\/\/visitaltotamegaebarroso.pt\/de\/wp-json\/wp\/v2\/mec-events\/32123"}],"collection":[{"href":"https:\/\/visitaltotamegaebarroso.pt\/de\/wp-json\/wp\/v2\/mec-events"}],"about":[{"href":"https:\/\/visitaltotamegaebarroso.pt\/de\/wp-json\/wp\/v2\/types\/mec-events"}],"author":[{"embeddable":true,"href":"https:\/\/visitaltotamegaebarroso.pt\/de\/wp-json\/wp\/v2\/users\/5"}],"replies":[{"embeddable":true,"href":"https:\/\/visitaltotamegaebarroso.pt\/de\/wp-json\/wp\/v2\/comments?post=32123"}],"wp:featuredmedia":[{"embeddable":true,"href":"https:\/\/visitaltotamegaebarroso.pt\/de\/wp-json\/wp\/v2\/media\/32119"}],"wp:attachment":[{"href":"https:\/\/visitaltotamegaebarroso.pt\/de\/wp-json\/wp\/v2\/media?parent=32123"}],"wp:term":[{"taxonomy":"post_tag","embeddable":true,"href":"https:\/\/visitaltotamegaebarroso.pt\/de\/wp-json\/wp\/v2\/tags?post=32123"},{"taxonomy":"mec_category","embeddable":true,"href":"https:\/\/visitaltotamegaebarroso.pt\/de\/wp-json\/wp\/v2\/mec_category?post=32123"}],"curies":[{"name":"wp","href":"https:\/\/api.w.org\/{rel}","templated":true}]}}