{"id":31336,"date":"2024-08-13T17:15:09","date_gmt":"2024-08-13T16:15:09","guid":{"rendered":"https:\/\/visitaltotamegaebarroso.pt\/events\/chaves-iberia-peripecia\/"},"modified":"2024-08-13T17:15:09","modified_gmt":"2024-08-13T16:15:09","slug":"chaves-iberia-peripecia","status":"publish","type":"mec-events","link":"https:\/\/visitaltotamegaebarroso.pt\/de\/events\/chaves-iberia-peripecia\/","title":{"rendered":"Chaves | Iberia (Perip\u00e9cia)"},"content":{"rendered":"<p>Anl\u00e4sslich des 20-j\u00e4hrigen Bestehens des Theaters will das Ensemble dieses Werk, das einen Meilenstein in der Geschichte des Perip\u00e9cia-Theaters darstellt, erneut auff\u00fchren und damit eine unterhaltsame (und kritische) Reflexion \u00fcber die Geschichte der Halbinsel sowie einen Beitrag zur kulturellen Ann\u00e4herung durch die Kunst leisten.<br \/>\nBei dieser Gelegenheit wird auch einer der Meister des Theaters des 20. und 21. Jahrhunderts gew\u00fcrdigt, der diese Kreation (und damit auch die Karriere von Perip\u00e9cia Teatro) am meisten inspiriert hat: Peter Brook, der k\u00fcrzlich verstorben ist.<br \/>\nEintritt frei<\/p>\n<p>Organisiert von: Teatro Experimental Flaviense<br \/>\nUnterst\u00fctzung: Stadtverwaltung von Chaves<\/p>\n","protected":false},"excerpt":{"rendered":"<p>Anl\u00e4sslich des 20-j\u00e4hrigen Bestehens des Theaters will das Ensemble dieses Werk, das einen Meilenstein in der Geschichte des Perip\u00e9cia-Theaters darstellt, erneut auff\u00fchren und damit eine unterhaltsame (und kritische) Reflexion \u00fcber die Geschichte der Halbinsel sowie einen Beitrag zur kulturellen Ann\u00e4herung [&hellip;]<\/p>\n","protected":false},"author":5,"featured_media":31332,"comment_status":"closed","ping_status":"closed","template":"","tags":[],"mec_category":[717],"_links":{"self":[{"href":"https:\/\/visitaltotamegaebarroso.pt\/de\/wp-json\/wp\/v2\/mec-events\/31336"}],"collection":[{"href":"https:\/\/visitaltotamegaebarroso.pt\/de\/wp-json\/wp\/v2\/mec-events"}],"about":[{"href":"https:\/\/visitaltotamegaebarroso.pt\/de\/wp-json\/wp\/v2\/types\/mec-events"}],"author":[{"embeddable":true,"href":"https:\/\/visitaltotamegaebarroso.pt\/de\/wp-json\/wp\/v2\/users\/5"}],"replies":[{"embeddable":true,"href":"https:\/\/visitaltotamegaebarroso.pt\/de\/wp-json\/wp\/v2\/comments?post=31336"}],"wp:featuredmedia":[{"embeddable":true,"href":"https:\/\/visitaltotamegaebarroso.pt\/de\/wp-json\/wp\/v2\/media\/31332"}],"wp:attachment":[{"href":"https:\/\/visitaltotamegaebarroso.pt\/de\/wp-json\/wp\/v2\/media?parent=31336"}],"wp:term":[{"taxonomy":"post_tag","embeddable":true,"href":"https:\/\/visitaltotamegaebarroso.pt\/de\/wp-json\/wp\/v2\/tags?post=31336"},{"taxonomy":"mec_category","embeddable":true,"href":"https:\/\/visitaltotamegaebarroso.pt\/de\/wp-json\/wp\/v2\/mec_category?post=31336"}],"curies":[{"name":"wp","href":"https:\/\/api.w.org\/{rel}","templated":true}]}}