{"id":30958,"date":"2024-08-03T15:53:25","date_gmt":"2024-08-03T14:53:25","guid":{"rendered":"https:\/\/visitaltotamegaebarroso.pt\/events\/chaves-unsere-kuenstler-carlos-ranna\/"},"modified":"2024-08-03T15:53:25","modified_gmt":"2024-08-03T14:53:25","slug":"chaves-unsere-kuenstler-carlos-ranna","status":"publish","type":"mec-events","link":"https:\/\/visitaltotamegaebarroso.pt\/de\/events\/chaves-unsere-kuenstler-carlos-ranna\/","title":{"rendered":"Chaves | Unsere K\u00fcnstler &#8211; Carlos Ranna"},"content":{"rendered":"<p>Carlos Ranna l\u00e4dt in einer Gem\u00e4ldeausstellung zur Selbstbetrachtung und k\u00fcnstlerischen Erkundung ein<\/p>\n<p>Im August zeigt die Stadtbibliothek eine kreative Gem\u00e4ldeausstellung von Carlos Ranna, einem bildenden K\u00fcnstler und Illustrator, der eine breite Palette von Stilen und Techniken pr\u00e4sentiert. Diese \u00f6ffentliche Pr\u00e4sentation, die am Freitag, den 2. August um 17.30 Uhr er\u00f6ffnet wird, ist eine Einladung zur Selbstbeobachtung und k\u00fcnstlerischen Erkundung, eine herausfordernde und inspirierende Erfahrung.<\/p>\n<p>Die Ausstellung mit dem Titel &#8222;Fragments of a Soul. In gutem Zustand. Viele Kilometer zur\u00fcckgelegt. Needs renovation&#8220; versammelt eine Vielzahl von Illustrationen, die Landschaften aus der Region Tr\u00e1s-os-Montes, menschliche Figuren, Gesichter und sogar Sch\u00e4del zeigen, Werke, die zur Unvorhersehbarkeit einladen.<\/p>\n<p>Carlos Ranna stammt urspr\u00fcnglich aus Brasilien, hat aber die Stadt Flavi als Wohnort gew\u00e4hlt. Er hat einen Abschluss in Bildender Kunst und Erfahrung in Grafikdesign. Er hat bei gro\u00dfen Namen der internationalen Kunstszene studiert und verf\u00fcgt \u00fcber mehr als ein Jahrzehnt Erfahrung im Unterrichten von Zeichnen und Malen. Er ist der Gr\u00fcnder der Musikkunstschule Est\u00fadio Alicerce und der Online-Kunstschule FundamentosdoDesenho.com und unterrichtet auch pers\u00f6nlich in Montalegre.<\/p>\n<p>Die Ausstellung wird von der Gemeinde organisiert, der Eintritt ist frei.<\/p>\n","protected":false},"excerpt":{"rendered":"<p>Carlos Ranna l\u00e4dt in einer Gem\u00e4ldeausstellung zur Selbstbetrachtung und k\u00fcnstlerischen Erkundung ein Im August zeigt die Stadtbibliothek eine kreative Gem\u00e4ldeausstellung von Carlos Ranna, einem bildenden K\u00fcnstler und Illustrator, der eine breite Palette von Stilen und Techniken pr\u00e4sentiert. Diese \u00f6ffentliche Pr\u00e4sentation, [&hellip;]<\/p>\n","protected":false},"author":5,"featured_media":30954,"comment_status":"closed","ping_status":"closed","template":"","tags":[],"mec_category":[717],"_links":{"self":[{"href":"https:\/\/visitaltotamegaebarroso.pt\/de\/wp-json\/wp\/v2\/mec-events\/30958"}],"collection":[{"href":"https:\/\/visitaltotamegaebarroso.pt\/de\/wp-json\/wp\/v2\/mec-events"}],"about":[{"href":"https:\/\/visitaltotamegaebarroso.pt\/de\/wp-json\/wp\/v2\/types\/mec-events"}],"author":[{"embeddable":true,"href":"https:\/\/visitaltotamegaebarroso.pt\/de\/wp-json\/wp\/v2\/users\/5"}],"replies":[{"embeddable":true,"href":"https:\/\/visitaltotamegaebarroso.pt\/de\/wp-json\/wp\/v2\/comments?post=30958"}],"wp:featuredmedia":[{"embeddable":true,"href":"https:\/\/visitaltotamegaebarroso.pt\/de\/wp-json\/wp\/v2\/media\/30954"}],"wp:attachment":[{"href":"https:\/\/visitaltotamegaebarroso.pt\/de\/wp-json\/wp\/v2\/media?parent=30958"}],"wp:term":[{"taxonomy":"post_tag","embeddable":true,"href":"https:\/\/visitaltotamegaebarroso.pt\/de\/wp-json\/wp\/v2\/tags?post=30958"},{"taxonomy":"mec_category","embeddable":true,"href":"https:\/\/visitaltotamegaebarroso.pt\/de\/wp-json\/wp\/v2\/mec_category?post=30958"}],"curies":[{"name":"wp","href":"https:\/\/api.w.org\/{rel}","templated":true}]}}