{"id":29153,"date":"2024-06-28T11:25:48","date_gmt":"2024-06-28T10:25:48","guid":{"rendered":"https:\/\/visitaltotamegaebarroso.pt\/events\/montalegre-viehwirtschaftlicher-wettbewerb\/"},"modified":"2024-06-28T11:25:48","modified_gmt":"2024-06-28T10:25:48","slug":"montalegre-viehwirtschaftlicher-wettbewerb","status":"publish","type":"mec-events","link":"https:\/\/visitaltotamegaebarroso.pt\/de\/events\/montalegre-viehwirtschaftlicher-wettbewerb\/","title":{"rendered":"Montalegre | Viehwirtschaftlicher Wettbewerb"},"content":{"rendered":"<p>Der erste Barros\u00e3-Viehwettbewerb des Jahres in der Gemeinde Montalegre findet diesen Samstag in der Gemeinde Venda Nova statt. Die Veranstaltung wird von den Pfarrgemeinden Venda Nova und Pondras in Zusammenarbeit mit dem Stadtrat von Montalegre organisiert, unter der Leitung und Aufsicht der Generaldirektion f\u00fcr Lebensmittel und Veterin\u00e4rwesen (DGAV) und mit Unterst\u00fctzung des Barros\u00e3-Z\u00fcchterverbandes (AMIBA).<br \/>\nDieser von Carlos Machado (der geehrt wurde) ins Leben gerufene Wettbewerb f\u00fcr die Barros\u00e3-Rasse hat zum Ziel, die Z\u00fcchter auf die w\u00fcnschenswertesten typologischen und ethnischen Merkmale hinzuweisen, die Rinderproduktion in der Region zu stimulieren, die Bem\u00fchungen der Z\u00fcchter um die Erhaltung dieser einheimischen Rasse zu w\u00fcrdigen und die Rasse als wichtigen Bestandteil f\u00fcr die Erhaltung der l\u00e4ndlichen Welt zu f\u00f6rdern.<br \/>\nEinzelheiten &#8211; \u27a1\ufe0f <a href=\"http:\/\/www.cm-montalegre.pt\/pages\/823?news_id=5\">www.cm-montalegre.pt\/pages\/823?news_id=5<\/a>802<\/p>\n","protected":false},"excerpt":{"rendered":"<p>Der erste Barros\u00e3-Viehwettbewerb des Jahres in der Gemeinde Montalegre findet diesen Samstag in der Gemeinde Venda Nova statt. Die Veranstaltung wird von den Pfarrgemeinden Venda Nova und Pondras in Zusammenarbeit mit dem Stadtrat von Montalegre organisiert, unter der Leitung und [&hellip;]<\/p>\n","protected":false},"author":5,"featured_media":29144,"comment_status":"closed","ping_status":"closed","template":"","tags":[],"mec_category":[726],"_links":{"self":[{"href":"https:\/\/visitaltotamegaebarroso.pt\/de\/wp-json\/wp\/v2\/mec-events\/29153"}],"collection":[{"href":"https:\/\/visitaltotamegaebarroso.pt\/de\/wp-json\/wp\/v2\/mec-events"}],"about":[{"href":"https:\/\/visitaltotamegaebarroso.pt\/de\/wp-json\/wp\/v2\/types\/mec-events"}],"author":[{"embeddable":true,"href":"https:\/\/visitaltotamegaebarroso.pt\/de\/wp-json\/wp\/v2\/users\/5"}],"replies":[{"embeddable":true,"href":"https:\/\/visitaltotamegaebarroso.pt\/de\/wp-json\/wp\/v2\/comments?post=29153"}],"wp:featuredmedia":[{"embeddable":true,"href":"https:\/\/visitaltotamegaebarroso.pt\/de\/wp-json\/wp\/v2\/media\/29144"}],"wp:attachment":[{"href":"https:\/\/visitaltotamegaebarroso.pt\/de\/wp-json\/wp\/v2\/media?parent=29153"}],"wp:term":[{"taxonomy":"post_tag","embeddable":true,"href":"https:\/\/visitaltotamegaebarroso.pt\/de\/wp-json\/wp\/v2\/tags?post=29153"},{"taxonomy":"mec_category","embeddable":true,"href":"https:\/\/visitaltotamegaebarroso.pt\/de\/wp-json\/wp\/v2\/mec_category?post=29153"}],"curies":[{"name":"wp","href":"https:\/\/api.w.org\/{rel}","templated":true}]}}